{"id":559,"date":"2012-03-09T23:04:11","date_gmt":"2012-03-09T22:04:11","guid":{"rendered":"https:\/\/www.comitenervo.fr\/?page_id=559"},"modified":"2018-05-01T22:09:23","modified_gmt":"2018-05-01T20:09:23","slug":"photos","status":"publish","type":"page","link":"https:\/\/www.comitenervo.fr\/?page_id=559","title":{"rendered":"Photos 2012"},"content":{"rendered":"<p>&nbsp;<\/p>\n<table width=\"100%\" border=\"0.5\" cellspacing=\"0\" cellpadding=\"4\">\n<colgroup>\n<col width=\"128*\" \/>\n<col width=\"128*\" \/><\/colgroup>\n<tbody>\n<tr valign=\"CENTER\">\n<td style=\"text-align: center;vertical-align: middle;\" width=\"50%\"><span style=\"vertical-align: middle; \"><strong>Assembl\u00e9e g\u00e9n\u00e9rale du 28 Janvier<\/strong><\/span><\/td>\n<td style=\"text-align: right;\" width=\"50%\"><a class=\"shutterset_\" href=\"https:\/\/www.comitenervo.fr\/?page_id=563\"><img loading=\"lazy\" decoding=\"async\" class=\"ngg-singlepic ngg-none\" src=\"https:\/\/www.comitenervo.fr\/wp-content\/gallery\/20120130_assemblee-generale\/thumbs\/thumbs_20120128_assemblee_generale_005.jpg\" alt=\"20120128_assemblee_generale_005\" width=\"100\" height=\"75\" \/><\/a><\/td>\n<\/tr>\n<tr valign=\"CENTER\">\n<td style=\"text-align: center;vertical-align: middle;\" width=\"50%\"><span><strong>Repas du comit\u00e9 du 3 mars<\/strong><\/span><\/td>\n<td style=\"text-align: right;\" width=\"50%\"><a class=\"shutterset_\" href=\"https:\/\/www.comitenervo.fr\/?page_id=570\"><img loading=\"lazy\" decoding=\"async\" class=\"ngg-singlepic ngg-none\" src=\"https:\/\/www.comitenervo.fr\/wp-content\/gallery\/20120303_repas_du_comite\/thumbs\/thumbs_20120303_repas_du_comite_059.jpg\" alt=\"20120303_repas_du_comite_059\" width=\"100\" height=\"75\" \/><\/a><\/td>\n<\/tr>\n<tr valign=\"CENTER\">\n<td style=\"text-align: center;vertical-align: middle;\" width=\"50%\"><span style=\"vertical-align: middle;\"> <strong>F\u00eate des voisins 2012<\/strong><\/span><\/td>\n<td style=\"text-align: right;\" width=\"50%\"><a class=\"shutterset_\" href=\"https:\/\/www.comitenervo.fr\/?page_id=729\"><img loading=\"lazy\" decoding=\"async\" class=\"ngg-singlepic ngg-none\" src=\"https:\/\/www.comitenervo.fr\/wp-content\/gallery\/20120526_fete_des_voisins\/thumbs\/thumbs_20120526_fete_des_voisins_008.jpg\" alt=\"0\" width=\"100\" height=\"75\" \/> <\/a><\/td>\n<\/tr>\n<tr valign=\"CENTER\">\n<td style=\"text-align: center;vertical-align: middle;\" width=\"50%\"><span style=\"vertical-align: middle; \"><strong>F\u00eate des joueurs de belote<\/strong><\/span><\/td>\n<td style=\"text-align: right;\" width=\"50%\"><a class=\"shutterset_\" href=\"https:\/\/www.comitenervo.fr\/?page_id=806\"><img loading=\"lazy\" decoding=\"async\" class=\"ngg-singlepic ngg-none\" src=\"https:\/\/www.comitenervo.fr\/wp-content\/gallery\/20120719_fete-des-joueurs-de-belote\/thumbs\/thumbs_20120719_fete_des_joueurs_de_belote_001.jpg\" alt=\"0\" width=\"100\" height=\"75\" \/><\/a><\/td>\n<\/tr>\n<tr valign=\"CENTER\">\n<td style=\"text-align: center;vertical-align: middle;\" width=\"50%\"><span style=\"vertical-align: middle; \"><strong>Journ\u00e9e \u00e0 Dennlys parc \/ Bl\u00e9riot plage<\/strong><\/span><\/td>\n<td style=\"text-align: right;\" width=\"50%\"><a class=\"shutterset_\" href=\"https:\/\/www.comitenervo.fr\/?page_id=943\"><img loading=\"lazy\" decoding=\"async\" class=\"ngg-singlepic ngg-none\" src=\"https:\/\/www.comitenervo.fr\/wp-content\/gallery\/20120819_journee-a-dennlys-parc-bleriot-plage\/thumbs\/thumbs_20120819_dennlys_parc_bleriot_plage_20.jpg\" alt=\"0\" width=\"100\" height=\"75\" \/><\/a><\/td>\n<\/tr>\n<tr valign=\"CENTER\">\n<td style=\"text-align: center;vertical-align: middle;\" width=\"50%\"><span style=\"vertical-align: middle; \"><strong>Apr\u00e8s midi Country<\/strong><\/span><\/td>\n<td style=\"text-align: right;\" width=\"50%\"><a class=\"shutterset_\" href=\"https:\/\/www.comitenervo.fr\/?page_id=993\"><img loading=\"lazy\" decoding=\"async\" class=\"ngg-singlepic ngg-none\" src=\"https:\/\/www.comitenervo.fr\/wp-content\/gallery\/20121118_apres-midi-country\/thumbs\/thumbs_20121118_apres_midi_country_02.jpg\" alt=\"0\" width=\"100\" height=\"75\" \/><\/a><\/td>\n<\/tr>\n<tr valign=\"CENTER\">\n<td style=\"text-align: center;vertical-align: middle;\" width=\"50%\"><span style=\"vertical-align: middle; \"><strong>F\u00eate des anciens 2012<\/strong><\/span><\/td>\n<td style=\"text-align: right;\" width=\"50%\"><a class=\"shutterset_\" href=\"https:\/\/www.comitenervo.fr\/?page_id=1078\"><img loading=\"lazy\" decoding=\"async\" class=\"ngg-singlepic ngg-none\" src=\"https:\/\/www.comitenervo.fr\/wp-content\/gallery\/20121128_fete-des-anciens-2012\/thumbs\/thumbs_20121128_fete_des_anciens_2012_48.jpg\" alt=\"0\" width=\"100\" height=\"75\" \/><\/a><\/td>\n<\/tr>\n<tr valign=\"CENTER\">\n<td style=\"text-align: center;vertical-align: middle;\" width=\"50%\"><span style=\"vertical-align: middle; \"><strong>March\u00e9 de no\u00ebl \u00e0 Reims<\/strong><\/span><\/td>\n<td style=\"text-align: right;\" width=\"50%\"><a class=\"shutterset_\" href=\"https:\/\/www.comitenervo.fr\/?page_id=1080\"><img loading=\"lazy\" decoding=\"async\" class=\"ngg-singlepic ngg-none\" src=\"https:\/\/www.comitenervo.fr\/wp-content\/gallery\/20121216_marche-de-noel-a-reims\/thumbs\/thumbs_20121216_marche_noel_reims_46.jpg\" alt=\"0\" width=\"100\" height=\"75\" \/><\/a><\/td>\n<\/tr>\n<\/tbody>\n<\/table>\n","protected":false},"excerpt":{"rendered":"<p>&nbsp; Assembl\u00e9e g\u00e9n\u00e9rale du 28 Janvier Repas du comit\u00e9 du 3 mars F\u00eate des voisins 2012 F\u00eate des joueurs de belote Journ\u00e9e \u00e0 Dennlys parc \/ Bl\u00e9riot plage Apr\u00e8s midi Country F\u00eate des anciens 2012 March\u00e9 de no\u00ebl \u00e0 Reims<\/p>\n","protected":false},"author":1,"featured_media":0,"parent":556,"menu_order":0,"comment_status":"closed","ping_status":"closed","template":"","meta":{"_monsterinsights_skip_tracking":false,"_monsterinsights_sitenote_active":false,"_monsterinsights_sitenote_note":"","_monsterinsights_sitenote_category":0,"ngg_post_thumbnail":0,"footnotes":""},"class_list":["post-559","page","type-page","status-publish","hentry"],"_links":{"self":[{"href":"https:\/\/www.comitenervo.fr\/index.php?rest_route=\/wp\/v2\/pages\/559","targetHints":{"allow":["GET"]}}],"collection":[{"href":"https:\/\/www.comitenervo.fr\/index.php?rest_route=\/wp\/v2\/pages"}],"about":[{"href":"https:\/\/www.comitenervo.fr\/index.php?rest_route=\/wp\/v2\/types\/page"}],"author":[{"embeddable":true,"href":"https:\/\/www.comitenervo.fr\/index.php?rest_route=\/wp\/v2\/users\/1"}],"replies":[{"embeddable":true,"href":"https:\/\/www.comitenervo.fr\/index.php?rest_route=%2Fwp%2Fv2%2Fcomments&post=559"}],"version-history":[{"count":23,"href":"https:\/\/www.comitenervo.fr\/index.php?rest_route=\/wp\/v2\/pages\/559\/revisions"}],"predecessor-version":[{"id":5796,"href":"https:\/\/www.comitenervo.fr\/index.php?rest_route=\/wp\/v2\/pages\/559\/revisions\/5796"}],"up":[{"embeddable":true,"href":"https:\/\/www.comitenervo.fr\/index.php?rest_route=\/wp\/v2\/pages\/556"}],"wp:attachment":[{"href":"https:\/\/www.comitenervo.fr\/index.php?rest_route=%2Fwp%2Fv2%2Fmedia&parent=559"}],"curies":[{"name":"wp","href":"https:\/\/api.w.org\/{rel}","templated":true}]}}