{"id":1266,"date":"2013-04-20T15:47:24","date_gmt":"2013-04-20T13:47:24","guid":{"rendered":"https:\/\/www.comitenervo.fr\/?page_id=1266"},"modified":"2018-05-01T22:06:23","modified_gmt":"2018-05-01T20:06:23","slug":"photos","status":"publish","type":"page","link":"https:\/\/www.comitenervo.fr\/?page_id=1266","title":{"rendered":"Photos 2013"},"content":{"rendered":"<table width=\"100%\" border=\"0.5\" cellspacing=\"0\" cellpadding=\"4\">\n<colgroup>\n<col width=\"128*\" \/>\n<col width=\"128*\" \/><\/colgroup>\n<tbody>\n<tr valign=\"CENTER\">\n<td style=\"text-align: center;vertical-align: middle;\" width=\"50%\"><span style=\"vertical-align: middle;\"><strong>Assembl\u00e9e g\u00e9n\u00e9rale du 02 Fevrier<\/strong><\/span><\/td>\n<td style=\"text-align: right;\" width=\"50%\"><a class=\"shutterset_\" href=\"https:\/\/www.comitenervo.fr\/?page_id=1259\"><img loading=\"lazy\" decoding=\"async\" class=\"ngg-singlepic ngg-none\" alt=\"20130202_ag_03\" src=\"https:\/\/www.comitenervo.fr\/wp-content\/gallery\/02022013_ag\/thumbs\/thumbs_20130202_ag_03.jpg\" width=\"100\" height=\"75\" \/><\/a><\/td>\n<\/tr>\n<tr valign=\"CENTER\">\n<td style=\"text-align: center;vertical-align: middle;\" width=\"50%\"><span><strong>Repas du comit\u00e9 du 02 mars<\/strong><\/span><\/td>\n<td style=\"text-align: right;\" width=\"50%\"><a class=\"shutterset_\" href=\"https:\/\/www.comitenervo.fr\/?page_id=1262\"><img loading=\"lazy\" decoding=\"async\" class=\"ngg-singlepic ngg-none\" alt=\"20130302_repas_du_comite_05\" src=\"https:\/\/www.comitenervo.fr\/wp-content\/gallery\/20130302_repas-du-comite\/thumbs\/thumbs_20130302_repas_du_comite_05.jpg\" width=\"100\" height=\"75\" \/><\/a><\/td>\n<\/tr>\n<tr valign=\"CENTER\">\n<td style=\"text-align: center;vertical-align: middle;\" width=\"50%\"><span style=\"vertical-align: middle;\"> <strong>Euromondiales 2013<\/strong><\/span><\/td>\n<td style=\"text-align: right;\" width=\"50%\"><a class=\"shutterset_\" href=\"https:\/\/www.comitenervo.fr\/?page_id=1264\"><img loading=\"lazy\" decoding=\"async\" class=\"ngg-singlepic ngg-none\" alt=\"2013032324_euromondiales_2013\" src=\"https:\/\/www.comitenervo.fr\/wp-content\/gallery\/2013032324_euromondiales\/thumbs\/thumbs_2013032324_euromondiales_2013.jpg\" width=\"100\" height=\"75\" \/> <\/a><\/td>\n<\/tr>\n<tr valign=\"CENTER\">\n<td style=\"text-align: center;vertical-align: middle;\" width=\"50%\"><span style=\"vertical-align: middle;\"><strong>Brocante de la cit\u00e9 Nervo<\/strong><\/span><\/td>\n<td style=\"text-align: right;\" width=\"50%\"><a class=\"shutterset_\" href=\"https:\/\/www.comitenervo.fr\/?page_id=1422\"><img loading=\"lazy\" decoding=\"async\" class=\"ngg-singlepic ngg-none\" src=\"https:\/\/www.comitenervo.fr\/wp-content\/gallery\/20130707_brocante\/thumbs\/thumbs_20130707_brocante_97.jpg\" alt=\"20130707_brocante_97\" width=\"100\" height=\"75\" \/><\/a><\/td>\n<\/tr>\n<tr valign=\"CENTER\">\n<td style=\"text-align: center;vertical-align: middle;\" width=\"50%\"><span><strong>R\u00e9ception des joueurs de belote<\/strong><\/span><\/td>\n<td style=\"text-align: right;\" width=\"50%\"><a class=\"shutterset_\" href=\"https:\/\/www.comitenervo.fr\/?page_id=1425\"><img loading=\"lazy\" decoding=\"async\" class=\"ngg-singlepic ngg-none\" src=\"https:\/\/www.comitenervo.fr\/wp-content\/gallery\/20130718_repas_belote\/thumbs\/thumbs_20130718_reception_belote.jpg\" alt=\"20130718_reception_belote\" width=\"100\" height=\"75\" \/><\/a><\/td>\n<\/tr>\n<tr valign=\"CENTER\">\n<td style=\"text-align: center;vertical-align: middle;\" width=\"50%\"><span style=\"vertical-align: middle;\"> <strong>Excursion \u00e0 La Panne \/ Plopsaland<\/strong><\/span><\/td>\n<td style=\"text-align: center;\" width=\"50%\">\n<div style=\"width: 110px\" class=\"wp-caption aligncenter\"><br \/>\n<a class=\"shutterset_\" href=\"https:\/\/www.comitenervo.fr\/?page_id=1428\"><br \/>\n<img loading=\"lazy\" decoding=\"async\" class=\"ngg-singlepic ngg-none \" title=\"Bagatelle\" src=\"https:\/\/www.comitenervo.fr\/wp-content\/gallery\/20130721_lapanne\/thumbs\/thumbs_20130721_lapanne_07.jpg\" alt=\"20110724_excursion-20130721_lapanne_07\" width=\"100\" height=\"75\" \/><\/a><p class=\"wp-caption-text\">La Panne<\/p><\/div><br \/>\n<div style=\"width: 110px\" class=\"wp-caption aligncenter\"><br \/>\n<a class=\"shutterset_\" href=\"https:\/\/www.comitenervo.fr\/?page_id=1430\"><br \/>\n<img loading=\"lazy\" decoding=\"async\" class=\"ngg-singlepic ngg-none \" src=\"https:\/\/www.comitenervo.fr\/wp-content\/gallery\/20130721_plopsaland\/thumbs\/thumbs_20130721_plopsaland_63.jpg\" alt=\"20130721_plopsaland_63\" width=\"100\" height=\"75\" \/><\/a><p class=\"wp-caption-text\">Plopsaland<\/p><\/div><\/td>\n<\/tr>\n<tr valign=\"CENTER\">\n<td style=\"text-align: center;vertical-align: middle;\" width=\"50%\"><span style=\"vertical-align: middle;\"><strong>Apr\u00e8s midi Country<\/strong><\/span><\/td>\n<td style=\"text-align: right;\" width=\"50%\"><a class=\"shutterset_\" href=\"https:\/\/www.comitenervo.fr\/?page_id=1564\"><img loading=\"lazy\" decoding=\"async\" class=\"ngg-singlepic ngg-none\" src=\"https:\/\/www.comitenervo.fr\/wp-content\/gallery\/20131117_apres-midi-country\/thumbs\/thumbs_20131117_apres_midi_country_44.jpg\" alt=\"20131117_apres_midi_country_44\" width=\"100\" height=\"75\" \/><\/a><\/td>\n<\/tr>\n<tr valign=\"CENTER\">\n<td style=\"text-align: center;vertical-align: middle;\" width=\"50%\"><span><strong>F\u00eate des anciens<\/strong><\/span><\/td>\n<td style=\"text-align: right;\" width=\"50%\"><a class=\"shutterset_\" href=\"https:\/\/www.comitenervo.fr\/?page_id=1567\"><img loading=\"lazy\" decoding=\"async\" class=\"ngg-singlepic ngg-none\" src=\"https:\/\/www.comitenervo.fr\/wp-content\/gallery\/20131127_fete-des-anciens\/thumbs\/thumbs_20131127_fete_des_anciens_10.jpg\" alt=\"20131127_fete_des_anciens_10\" width=\"100\" height=\"75\" \/><\/a><\/td>\n<\/tr>\n<tr valign=\"CENTER\">\n<td style=\"text-align: center;vertical-align: middle;\" width=\"50%\"><span style=\"vertical-align: middle; \"><strong>No\u00ebl des enfants<\/strong><\/span><\/td>\n<td style=\"text-align: right;\" width=\"50%\"><a class=\"shutterset_\" href=\"https:\/\/www.comitenervo.fr\/?page_id=1640\"><img loading=\"lazy\" decoding=\"async\" class=\"ngg-singlepic ngg-none\" src=\"https:\/\/www.comitenervo.fr\/wp-content\/gallery\/20131221_noel-des-enfants\/thumbs\/thumbs_20131221_noel_des_enfants_009.jpg\" alt=\"0\" width=\"100\" height=\"75\" \/><\/a><\/td>\n<\/tr>\n<\/tbody>\n<\/table>\n","protected":false},"excerpt":{"rendered":"<p>Assembl\u00e9e g\u00e9n\u00e9rale du 02 Fevrier Repas du comit\u00e9 du 02 mars Euromondiales 2013 Brocante de la cit\u00e9 Nervo R\u00e9ception des joueurs de belote Excursion \u00e0 La Panne \/ Plopsaland Apr\u00e8s midi Country F\u00eate des anciens No\u00ebl des enfants<\/p>\n","protected":false},"author":1,"featured_media":0,"parent":1269,"menu_order":0,"comment_status":"closed","ping_status":"closed","template":"","meta":{"_monsterinsights_skip_tracking":false,"_monsterinsights_sitenote_active":false,"_monsterinsights_sitenote_note":"","_monsterinsights_sitenote_category":0,"ngg_post_thumbnail":0,"footnotes":""},"class_list":["post-1266","page","type-page","status-publish","hentry"],"_links":{"self":[{"href":"https:\/\/www.comitenervo.fr\/index.php?rest_route=\/wp\/v2\/pages\/1266","targetHints":{"allow":["GET"]}}],"collection":[{"href":"https:\/\/www.comitenervo.fr\/index.php?rest_route=\/wp\/v2\/pages"}],"about":[{"href":"https:\/\/www.comitenervo.fr\/index.php?rest_route=\/wp\/v2\/types\/page"}],"author":[{"embeddable":true,"href":"https:\/\/www.comitenervo.fr\/index.php?rest_route=\/wp\/v2\/users\/1"}],"replies":[{"embeddable":true,"href":"https:\/\/www.comitenervo.fr\/index.php?rest_route=%2Fwp%2Fv2%2Fcomments&post=1266"}],"version-history":[{"count":13,"href":"https:\/\/www.comitenervo.fr\/index.php?rest_route=\/wp\/v2\/pages\/1266\/revisions"}],"predecessor-version":[{"id":5787,"href":"https:\/\/www.comitenervo.fr\/index.php?rest_route=\/wp\/v2\/pages\/1266\/revisions\/5787"}],"up":[{"embeddable":true,"href":"https:\/\/www.comitenervo.fr\/index.php?rest_route=\/wp\/v2\/pages\/1269"}],"wp:attachment":[{"href":"https:\/\/www.comitenervo.fr\/index.php?rest_route=%2Fwp%2Fv2%2Fmedia&parent=1266"}],"curies":[{"name":"wp","href":"https:\/\/api.w.org\/{rel}","templated":true}]}}