{"id":1080,"date":"2012-12-23T17:57:57","date_gmt":"2012-12-23T16:57:57","guid":{"rendered":"https:\/\/www.comitenervo.fr\/?page_id=1080"},"modified":"2012-12-23T17:57:57","modified_gmt":"2012-12-23T16:57:57","slug":"marche-de-noel-a-reims","status":"publish","type":"page","link":"https:\/\/www.comitenervo.fr\/?page_id=1080","title":{"rendered":"March\u00e9 de no\u00ebl \u00e0 Reims"},"content":{"rendered":"<p>&nbsp;<\/p>\n<!-- default-view.php -->\n<div\n\tclass=\"ngg-galleryoverview default-view \n\t ngg-ajax-pagination-none\t\"\n\tid=\"ngg-gallery-12e84fef577ee6bb8e268150d37d4a86-1\">\n\n\t\t<!-- Thumbnails -->\n\t\t\t\t<div id=\"ngg-image-0\" class=\"ngg-gallery-thumbnail-box \n\t\t\t\t\t\t\t\t\t\t\t\" \n\t\t\t>\n\t\t\t\t\t\t<div class=\"ngg-gallery-thumbnail\">\n\t\t\t<a href=\"https:\/\/www.comitenervo.fr\/wp-content\/gallery\/20121216_marche-de-noel-a-reims\/20121216_marche_noel_reims.jpg\"\n\t\t\t\ttitle=\"\"\n\t\t\t\tdata-src=\"https:\/\/www.comitenervo.fr\/wp-content\/gallery\/20121216_marche-de-noel-a-reims\/20121216_marche_noel_reims.jpg\"\n\t\t\t\tdata-thumbnail=\"https:\/\/www.comitenervo.fr\/wp-content\/gallery\/20121216_marche-de-noel-a-reims\/thumbs\/thumbs_20121216_marche_noel_reims.jpg\"\n\t\t\t\tdata-image-id=\"1130\"\n\t\t\t\tdata-title=\"20121216_marche_noel_reims\"\n\t\t\t\tdata-description=\"\"\n\t\t\t\tdata-image-slug=\"20121216_marche_noel_reims\"\n\t\t\t\tclass=\"ngg-fancybox\" rel=\"12e84fef577ee6bb8e268150d37d4a86\">\n\t\t\t\t<img\n\t\t\t\t\ttitle=\"20121216_marche_noel_reims\"\n\t\t\t\t\talt=\"20121216_marche_noel_reims\"\n\t\t\t\t\tsrc=\"https:\/\/www.comitenervo.fr\/wp-content\/gallery\/20121216_marche-de-noel-a-reims\/thumbs\/thumbs_20121216_marche_noel_reims.jpg\"\n\t\t\t\t\twidth=\"100\"\n\t\t\t\t\theight=\"75\"\n\t\t\t\t\tstyle=\"max-width:100%;\"\n\t\t\t\t\/>\n\t\t\t<\/a>\n\t\t<\/div>\n\t\t\t\t\t\t\t<\/div> \n\t\t\t\n\t\t\t\t<div id=\"ngg-image-1\" class=\"ngg-gallery-thumbnail-box \n\t\t\t\t\t\t\t\t\t\t\t\" \n\t\t\t>\n\t\t\t\t\t\t<div class=\"ngg-gallery-thumbnail\">\n\t\t\t<a href=\"https:\/\/www.comitenervo.fr\/wp-content\/gallery\/20121216_marche-de-noel-a-reims\/20121216_marche_noel_reims_02.jpg\"\n\t\t\t\ttitle=\"\"\n\t\t\t\tdata-src=\"https:\/\/www.comitenervo.fr\/wp-content\/gallery\/20121216_marche-de-noel-a-reims\/20121216_marche_noel_reims_02.jpg\"\n\t\t\t\tdata-thumbnail=\"https:\/\/www.comitenervo.fr\/wp-content\/gallery\/20121216_marche-de-noel-a-reims\/thumbs\/thumbs_20121216_marche_noel_reims_02.jpg\"\n\t\t\t\tdata-image-id=\"1131\"\n\t\t\t\tdata-title=\"20121216_marche_noel_reims_02\"\n\t\t\t\tdata-description=\"\"\n\t\t\t\tdata-image-slug=\"20121216_marche_noel_reims_02\"\n\t\t\t\tclass=\"ngg-fancybox\" rel=\"12e84fef577ee6bb8e268150d37d4a86\">\n\t\t\t\t<img\n\t\t\t\t\ttitle=\"20121216_marche_noel_reims_02\"\n\t\t\t\t\talt=\"20121216_marche_noel_reims_02\"\n\t\t\t\t\tsrc=\"https:\/\/www.comitenervo.fr\/wp-content\/gallery\/20121216_marche-de-noel-a-reims\/thumbs\/thumbs_20121216_marche_noel_reims_02.jpg\"\n\t\t\t\t\twidth=\"100\"\n\t\t\t\t\theight=\"75\"\n\t\t\t\t\tstyle=\"max-width:100%;\"\n\t\t\t\t\/>\n\t\t\t<\/a>\n\t\t<\/div>\n\t\t\t\t\t\t\t<\/div> \n\t\t\t\n\t\t\t\t<div id=\"ngg-image-2\" class=\"ngg-gallery-thumbnail-box \n\t\t\t\t\t\t\t\t\t\t\t\" \n\t\t\t>\n\t\t\t\t\t\t<div class=\"ngg-gallery-thumbnail\">\n\t\t\t<a href=\"https:\/\/www.comitenervo.fr\/wp-content\/gallery\/20121216_marche-de-noel-a-reims\/20121216_marche_noel_reims_03.jpg\"\n\t\t\t\ttitle=\"\"\n\t\t\t\tdata-src=\"https:\/\/www.comitenervo.fr\/wp-content\/gallery\/20121216_marche-de-noel-a-reims\/20121216_marche_noel_reims_03.jpg\"\n\t\t\t\tdata-thumbnail=\"https:\/\/www.comitenervo.fr\/wp-content\/gallery\/20121216_marche-de-noel-a-reims\/thumbs\/thumbs_20121216_marche_noel_reims_03.jpg\"\n\t\t\t\tdata-image-id=\"1132\"\n\t\t\t\tdata-title=\"20121216_marche_noel_reims_03\"\n\t\t\t\tdata-description=\"\"\n\t\t\t\tdata-image-slug=\"20121216_marche_noel_reims_03\"\n\t\t\t\tclass=\"ngg-fancybox\" rel=\"12e84fef577ee6bb8e268150d37d4a86\">\n\t\t\t\t<img\n\t\t\t\t\ttitle=\"20121216_marche_noel_reims_03\"\n\t\t\t\t\talt=\"20121216_marche_noel_reims_03\"\n\t\t\t\t\tsrc=\"https:\/\/www.comitenervo.fr\/wp-content\/gallery\/20121216_marche-de-noel-a-reims\/thumbs\/thumbs_20121216_marche_noel_reims_03.jpg\"\n\t\t\t\t\twidth=\"100\"\n\t\t\t\t\theight=\"75\"\n\t\t\t\t\tstyle=\"max-width:100%;\"\n\t\t\t\t\/>\n\t\t\t<\/a>\n\t\t<\/div>\n\t\t\t\t\t\t\t<\/div> \n\t\t\t\n\t\t\t\t<div id=\"ngg-image-3\" class=\"ngg-gallery-thumbnail-box \n\t\t\t\t\t\t\t\t\t\t\t\" \n\t\t\t>\n\t\t\t\t\t\t<div class=\"ngg-gallery-thumbnail\">\n\t\t\t<a href=\"https:\/\/www.comitenervo.fr\/wp-content\/gallery\/20121216_marche-de-noel-a-reims\/20121216_marche_noel_reims_04.jpg\"\n\t\t\t\ttitle=\"\"\n\t\t\t\tdata-src=\"https:\/\/www.comitenervo.fr\/wp-content\/gallery\/20121216_marche-de-noel-a-reims\/20121216_marche_noel_reims_04.jpg\"\n\t\t\t\tdata-thumbnail=\"https:\/\/www.comitenervo.fr\/wp-content\/gallery\/20121216_marche-de-noel-a-reims\/thumbs\/thumbs_20121216_marche_noel_reims_04.jpg\"\n\t\t\t\tdata-image-id=\"1133\"\n\t\t\t\tdata-title=\"20121216_marche_noel_reims_04\"\n\t\t\t\tdata-description=\"\"\n\t\t\t\tdata-image-slug=\"20121216_marche_noel_reims_04\"\n\t\t\t\tclass=\"ngg-fancybox\" rel=\"12e84fef577ee6bb8e268150d37d4a86\">\n\t\t\t\t<img\n\t\t\t\t\ttitle=\"20121216_marche_noel_reims_04\"\n\t\t\t\t\talt=\"20121216_marche_noel_reims_04\"\n\t\t\t\t\tsrc=\"https:\/\/www.comitenervo.fr\/wp-content\/gallery\/20121216_marche-de-noel-a-reims\/thumbs\/thumbs_20121216_marche_noel_reims_04.jpg\"\n\t\t\t\t\twidth=\"100\"\n\t\t\t\t\theight=\"75\"\n\t\t\t\t\tstyle=\"max-width:100%;\"\n\t\t\t\t\/>\n\t\t\t<\/a>\n\t\t<\/div>\n\t\t\t\t\t\t\t<\/div> \n\t\t\t\n\t\t\t\t<div id=\"ngg-image-4\" class=\"ngg-gallery-thumbnail-box \n\t\t\t\t\t\t\t\t\t\t\t\" \n\t\t\t>\n\t\t\t\t\t\t<div class=\"ngg-gallery-thumbnail\">\n\t\t\t<a href=\"https:\/\/www.comitenervo.fr\/wp-content\/gallery\/20121216_marche-de-noel-a-reims\/20121216_marche_noel_reims_05.jpg\"\n\t\t\t\ttitle=\"\"\n\t\t\t\tdata-src=\"https:\/\/www.comitenervo.fr\/wp-content\/gallery\/20121216_marche-de-noel-a-reims\/20121216_marche_noel_reims_05.jpg\"\n\t\t\t\tdata-thumbnail=\"https:\/\/www.comitenervo.fr\/wp-content\/gallery\/20121216_marche-de-noel-a-reims\/thumbs\/thumbs_20121216_marche_noel_reims_05.jpg\"\n\t\t\t\tdata-image-id=\"1134\"\n\t\t\t\tdata-title=\"20121216_marche_noel_reims_05\"\n\t\t\t\tdata-description=\"\"\n\t\t\t\tdata-image-slug=\"20121216_marche_noel_reims_05\"\n\t\t\t\tclass=\"ngg-fancybox\" rel=\"12e84fef577ee6bb8e268150d37d4a86\">\n\t\t\t\t<img\n\t\t\t\t\ttitle=\"20121216_marche_noel_reims_05\"\n\t\t\t\t\talt=\"20121216_marche_noel_reims_05\"\n\t\t\t\t\tsrc=\"https:\/\/www.comitenervo.fr\/wp-content\/gallery\/20121216_marche-de-noel-a-reims\/thumbs\/thumbs_20121216_marche_noel_reims_05.jpg\"\n\t\t\t\t\twidth=\"100\"\n\t\t\t\t\theight=\"75\"\n\t\t\t\t\tstyle=\"max-width:100%;\"\n\t\t\t\t\/>\n\t\t\t<\/a>\n\t\t<\/div>\n\t\t\t\t\t\t\t<\/div> \n\t\t\t\n\t\t\t\t<div id=\"ngg-image-5\" class=\"ngg-gallery-thumbnail-box \n\t\t\t\t\t\t\t\t\t\t\t\" \n\t\t\t>\n\t\t\t\t\t\t<div class=\"ngg-gallery-thumbnail\">\n\t\t\t<a href=\"https:\/\/www.comitenervo.fr\/wp-content\/gallery\/20121216_marche-de-noel-a-reims\/20121216_marche_noel_reims_06.jpg\"\n\t\t\t\ttitle=\"\"\n\t\t\t\tdata-src=\"https:\/\/www.comitenervo.fr\/wp-content\/gallery\/20121216_marche-de-noel-a-reims\/20121216_marche_noel_reims_06.jpg\"\n\t\t\t\tdata-thumbnail=\"https:\/\/www.comitenervo.fr\/wp-content\/gallery\/20121216_marche-de-noel-a-reims\/thumbs\/thumbs_20121216_marche_noel_reims_06.jpg\"\n\t\t\t\tdata-image-id=\"1135\"\n\t\t\t\tdata-title=\"20121216_marche_noel_reims_06\"\n\t\t\t\tdata-description=\"\"\n\t\t\t\tdata-image-slug=\"20121216_marche_noel_reims_06\"\n\t\t\t\tclass=\"ngg-fancybox\" rel=\"12e84fef577ee6bb8e268150d37d4a86\">\n\t\t\t\t<img\n\t\t\t\t\ttitle=\"20121216_marche_noel_reims_06\"\n\t\t\t\t\talt=\"20121216_marche_noel_reims_06\"\n\t\t\t\t\tsrc=\"https:\/\/www.comitenervo.fr\/wp-content\/gallery\/20121216_marche-de-noel-a-reims\/thumbs\/thumbs_20121216_marche_noel_reims_06.jpg\"\n\t\t\t\t\twidth=\"100\"\n\t\t\t\t\theight=\"75\"\n\t\t\t\t\tstyle=\"max-width:100%;\"\n\t\t\t\t\/>\n\t\t\t<\/a>\n\t\t<\/div>\n\t\t\t\t\t\t\t<\/div> \n\t\t\t\n\t\t\t\t<div id=\"ngg-image-6\" class=\"ngg-gallery-thumbnail-box \n\t\t\t\t\t\t\t\t\t\t\t\" \n\t\t\t>\n\t\t\t\t\t\t<div class=\"ngg-gallery-thumbnail\">\n\t\t\t<a href=\"https:\/\/www.comitenervo.fr\/wp-content\/gallery\/20121216_marche-de-noel-a-reims\/20121216_marche_noel_reims_07.jpg\"\n\t\t\t\ttitle=\"\"\n\t\t\t\tdata-src=\"https:\/\/www.comitenervo.fr\/wp-content\/gallery\/20121216_marche-de-noel-a-reims\/20121216_marche_noel_reims_07.jpg\"\n\t\t\t\tdata-thumbnail=\"https:\/\/www.comitenervo.fr\/wp-content\/gallery\/20121216_marche-de-noel-a-reims\/thumbs\/thumbs_20121216_marche_noel_reims_07.jpg\"\n\t\t\t\tdata-image-id=\"1136\"\n\t\t\t\tdata-title=\"20121216_marche_noel_reims_07\"\n\t\t\t\tdata-description=\"\"\n\t\t\t\tdata-image-slug=\"20121216_marche_noel_reims_07\"\n\t\t\t\tclass=\"ngg-fancybox\" rel=\"12e84fef577ee6bb8e268150d37d4a86\">\n\t\t\t\t<img\n\t\t\t\t\ttitle=\"20121216_marche_noel_reims_07\"\n\t\t\t\t\talt=\"20121216_marche_noel_reims_07\"\n\t\t\t\t\tsrc=\"https:\/\/www.comitenervo.fr\/wp-content\/gallery\/20121216_marche-de-noel-a-reims\/thumbs\/thumbs_20121216_marche_noel_reims_07.jpg\"\n\t\t\t\t\twidth=\"100\"\n\t\t\t\t\theight=\"75\"\n\t\t\t\t\tstyle=\"max-width:100%;\"\n\t\t\t\t\/>\n\t\t\t<\/a>\n\t\t<\/div>\n\t\t\t\t\t\t\t<\/div> \n\t\t\t\n\t\t\t\t<div id=\"ngg-image-7\" class=\"ngg-gallery-thumbnail-box \n\t\t\t\t\t\t\t\t\t\t\t\" \n\t\t\t>\n\t\t\t\t\t\t<div class=\"ngg-gallery-thumbnail\">\n\t\t\t<a href=\"https:\/\/www.comitenervo.fr\/wp-content\/gallery\/20121216_marche-de-noel-a-reims\/20121216_marche_noel_reims_08.jpg\"\n\t\t\t\ttitle=\"\"\n\t\t\t\tdata-src=\"https:\/\/www.comitenervo.fr\/wp-content\/gallery\/20121216_marche-de-noel-a-reims\/20121216_marche_noel_reims_08.jpg\"\n\t\t\t\tdata-thumbnail=\"https:\/\/www.comitenervo.fr\/wp-content\/gallery\/20121216_marche-de-noel-a-reims\/thumbs\/thumbs_20121216_marche_noel_reims_08.jpg\"\n\t\t\t\tdata-image-id=\"1137\"\n\t\t\t\tdata-title=\"20121216_marche_noel_reims_08\"\n\t\t\t\tdata-description=\"\"\n\t\t\t\tdata-image-slug=\"20121216_marche_noel_reims_08\"\n\t\t\t\tclass=\"ngg-fancybox\" rel=\"12e84fef577ee6bb8e268150d37d4a86\">\n\t\t\t\t<img\n\t\t\t\t\ttitle=\"20121216_marche_noel_reims_08\"\n\t\t\t\t\talt=\"20121216_marche_noel_reims_08\"\n\t\t\t\t\tsrc=\"https:\/\/www.comitenervo.fr\/wp-content\/gallery\/20121216_marche-de-noel-a-reims\/thumbs\/thumbs_20121216_marche_noel_reims_08.jpg\"\n\t\t\t\t\twidth=\"100\"\n\t\t\t\t\theight=\"75\"\n\t\t\t\t\tstyle=\"max-width:100%;\"\n\t\t\t\t\/>\n\t\t\t<\/a>\n\t\t<\/div>\n\t\t\t\t\t\t\t<\/div> \n\t\t\t\n\t\t\t\t<div id=\"ngg-image-8\" class=\"ngg-gallery-thumbnail-box \n\t\t\t\t\t\t\t\t\t\t\t\" \n\t\t\t>\n\t\t\t\t\t\t<div class=\"ngg-gallery-thumbnail\">\n\t\t\t<a href=\"https:\/\/www.comitenervo.fr\/wp-content\/gallery\/20121216_marche-de-noel-a-reims\/20121216_marche_noel_reims_09.jpg\"\n\t\t\t\ttitle=\"\"\n\t\t\t\tdata-src=\"https:\/\/www.comitenervo.fr\/wp-content\/gallery\/20121216_marche-de-noel-a-reims\/20121216_marche_noel_reims_09.jpg\"\n\t\t\t\tdata-thumbnail=\"https:\/\/www.comitenervo.fr\/wp-content\/gallery\/20121216_marche-de-noel-a-reims\/thumbs\/thumbs_20121216_marche_noel_reims_09.jpg\"\n\t\t\t\tdata-image-id=\"1138\"\n\t\t\t\tdata-title=\"20121216_marche_noel_reims_09\"\n\t\t\t\tdata-description=\"\"\n\t\t\t\tdata-image-slug=\"20121216_marche_noel_reims_09\"\n\t\t\t\tclass=\"ngg-fancybox\" rel=\"12e84fef577ee6bb8e268150d37d4a86\">\n\t\t\t\t<img\n\t\t\t\t\ttitle=\"20121216_marche_noel_reims_09\"\n\t\t\t\t\talt=\"20121216_marche_noel_reims_09\"\n\t\t\t\t\tsrc=\"https:\/\/www.comitenervo.fr\/wp-content\/gallery\/20121216_marche-de-noel-a-reims\/thumbs\/thumbs_20121216_marche_noel_reims_09.jpg\"\n\t\t\t\t\twidth=\"100\"\n\t\t\t\t\theight=\"75\"\n\t\t\t\t\tstyle=\"max-width:100%;\"\n\t\t\t\t\/>\n\t\t\t<\/a>\n\t\t<\/div>\n\t\t\t\t\t\t\t<\/div> \n\t\t\t\n\t\t\t\t<div id=\"ngg-image-9\" class=\"ngg-gallery-thumbnail-box \n\t\t\t\t\t\t\t\t\t\t\t\" \n\t\t\t>\n\t\t\t\t\t\t<div class=\"ngg-gallery-thumbnail\">\n\t\t\t<a href=\"https:\/\/www.comitenervo.fr\/wp-content\/gallery\/20121216_marche-de-noel-a-reims\/20121216_marche_noel_reims_10.jpg\"\n\t\t\t\ttitle=\"\"\n\t\t\t\tdata-src=\"https:\/\/www.comitenervo.fr\/wp-content\/gallery\/20121216_marche-de-noel-a-reims\/20121216_marche_noel_reims_10.jpg\"\n\t\t\t\tdata-thumbnail=\"https:\/\/www.comitenervo.fr\/wp-content\/gallery\/20121216_marche-de-noel-a-reims\/thumbs\/thumbs_20121216_marche_noel_reims_10.jpg\"\n\t\t\t\tdata-image-id=\"1139\"\n\t\t\t\tdata-title=\"20121216_marche_noel_reims_10\"\n\t\t\t\tdata-description=\"\"\n\t\t\t\tdata-image-slug=\"20121216_marche_noel_reims_10\"\n\t\t\t\tclass=\"ngg-fancybox\" rel=\"12e84fef577ee6bb8e268150d37d4a86\">\n\t\t\t\t<img\n\t\t\t\t\ttitle=\"20121216_marche_noel_reims_10\"\n\t\t\t\t\talt=\"20121216_marche_noel_reims_10\"\n\t\t\t\t\tsrc=\"https:\/\/www.comitenervo.fr\/wp-content\/gallery\/20121216_marche-de-noel-a-reims\/thumbs\/thumbs_20121216_marche_noel_reims_10.jpg\"\n\t\t\t\t\twidth=\"100\"\n\t\t\t\t\theight=\"75\"\n\t\t\t\t\tstyle=\"max-width:100%;\"\n\t\t\t\t\/>\n\t\t\t<\/a>\n\t\t<\/div>\n\t\t\t\t\t\t\t<\/div> \n\t\t\t\n\t\t\t\t<div id=\"ngg-image-10\" class=\"ngg-gallery-thumbnail-box \n\t\t\t\t\t\t\t\t\t\t\t\" \n\t\t\t>\n\t\t\t\t\t\t<div class=\"ngg-gallery-thumbnail\">\n\t\t\t<a href=\"https:\/\/www.comitenervo.fr\/wp-content\/gallery\/20121216_marche-de-noel-a-reims\/20121216_marche_noel_reims_11.jpg\"\n\t\t\t\ttitle=\"\"\n\t\t\t\tdata-src=\"https:\/\/www.comitenervo.fr\/wp-content\/gallery\/20121216_marche-de-noel-a-reims\/20121216_marche_noel_reims_11.jpg\"\n\t\t\t\tdata-thumbnail=\"https:\/\/www.comitenervo.fr\/wp-content\/gallery\/20121216_marche-de-noel-a-reims\/thumbs\/thumbs_20121216_marche_noel_reims_11.jpg\"\n\t\t\t\tdata-image-id=\"1140\"\n\t\t\t\tdata-title=\"20121216_marche_noel_reims_11\"\n\t\t\t\tdata-description=\"\"\n\t\t\t\tdata-image-slug=\"20121216_marche_noel_reims_11\"\n\t\t\t\tclass=\"ngg-fancybox\" rel=\"12e84fef577ee6bb8e268150d37d4a86\">\n\t\t\t\t<img\n\t\t\t\t\ttitle=\"20121216_marche_noel_reims_11\"\n\t\t\t\t\talt=\"20121216_marche_noel_reims_11\"\n\t\t\t\t\tsrc=\"https:\/\/www.comitenervo.fr\/wp-content\/gallery\/20121216_marche-de-noel-a-reims\/thumbs\/thumbs_20121216_marche_noel_reims_11.jpg\"\n\t\t\t\t\twidth=\"100\"\n\t\t\t\t\theight=\"75\"\n\t\t\t\t\tstyle=\"max-width:100%;\"\n\t\t\t\t\/>\n\t\t\t<\/a>\n\t\t<\/div>\n\t\t\t\t\t\t\t<\/div> \n\t\t\t\n\t\t\t\t<div id=\"ngg-image-11\" class=\"ngg-gallery-thumbnail-box \n\t\t\t\t\t\t\t\t\t\t\t\" \n\t\t\t>\n\t\t\t\t\t\t<div class=\"ngg-gallery-thumbnail\">\n\t\t\t<a href=\"https:\/\/www.comitenervo.fr\/wp-content\/gallery\/20121216_marche-de-noel-a-reims\/20121216_marche_noel_reims_12.jpg\"\n\t\t\t\ttitle=\"\"\n\t\t\t\tdata-src=\"https:\/\/www.comitenervo.fr\/wp-content\/gallery\/20121216_marche-de-noel-a-reims\/20121216_marche_noel_reims_12.jpg\"\n\t\t\t\tdata-thumbnail=\"https:\/\/www.comitenervo.fr\/wp-content\/gallery\/20121216_marche-de-noel-a-reims\/thumbs\/thumbs_20121216_marche_noel_reims_12.jpg\"\n\t\t\t\tdata-image-id=\"1141\"\n\t\t\t\tdata-title=\"20121216_marche_noel_reims_12\"\n\t\t\t\tdata-description=\"\"\n\t\t\t\tdata-image-slug=\"20121216_marche_noel_reims_12\"\n\t\t\t\tclass=\"ngg-fancybox\" rel=\"12e84fef577ee6bb8e268150d37d4a86\">\n\t\t\t\t<img\n\t\t\t\t\ttitle=\"20121216_marche_noel_reims_12\"\n\t\t\t\t\talt=\"20121216_marche_noel_reims_12\"\n\t\t\t\t\tsrc=\"https:\/\/www.comitenervo.fr\/wp-content\/gallery\/20121216_marche-de-noel-a-reims\/thumbs\/thumbs_20121216_marche_noel_reims_12.jpg\"\n\t\t\t\t\twidth=\"100\"\n\t\t\t\t\theight=\"75\"\n\t\t\t\t\tstyle=\"max-width:100%;\"\n\t\t\t\t\/>\n\t\t\t<\/a>\n\t\t<\/div>\n\t\t\t\t\t\t\t<\/div> \n\t\t\t\n\t\t\t\t<div id=\"ngg-image-12\" class=\"ngg-gallery-thumbnail-box \n\t\t\t\t\t\t\t\t\t\t\t\" \n\t\t\t>\n\t\t\t\t\t\t<div class=\"ngg-gallery-thumbnail\">\n\t\t\t<a href=\"https:\/\/www.comitenervo.fr\/wp-content\/gallery\/20121216_marche-de-noel-a-reims\/20121216_marche_noel_reims_13.jpg\"\n\t\t\t\ttitle=\"\"\n\t\t\t\tdata-src=\"https:\/\/www.comitenervo.fr\/wp-content\/gallery\/20121216_marche-de-noel-a-reims\/20121216_marche_noel_reims_13.jpg\"\n\t\t\t\tdata-thumbnail=\"https:\/\/www.comitenervo.fr\/wp-content\/gallery\/20121216_marche-de-noel-a-reims\/thumbs\/thumbs_20121216_marche_noel_reims_13.jpg\"\n\t\t\t\tdata-image-id=\"1142\"\n\t\t\t\tdata-title=\"20121216_marche_noel_reims_13\"\n\t\t\t\tdata-description=\"\"\n\t\t\t\tdata-image-slug=\"20121216_marche_noel_reims_13\"\n\t\t\t\tclass=\"ngg-fancybox\" rel=\"12e84fef577ee6bb8e268150d37d4a86\">\n\t\t\t\t<img\n\t\t\t\t\ttitle=\"20121216_marche_noel_reims_13\"\n\t\t\t\t\talt=\"20121216_marche_noel_reims_13\"\n\t\t\t\t\tsrc=\"https:\/\/www.comitenervo.fr\/wp-content\/gallery\/20121216_marche-de-noel-a-reims\/thumbs\/thumbs_20121216_marche_noel_reims_13.jpg\"\n\t\t\t\t\twidth=\"100\"\n\t\t\t\t\theight=\"75\"\n\t\t\t\t\tstyle=\"max-width:100%;\"\n\t\t\t\t\/>\n\t\t\t<\/a>\n\t\t<\/div>\n\t\t\t\t\t\t\t<\/div> \n\t\t\t\n\t\t\t\t<div id=\"ngg-image-13\" class=\"ngg-gallery-thumbnail-box \n\t\t\t\t\t\t\t\t\t\t\t\" \n\t\t\t>\n\t\t\t\t\t\t<div class=\"ngg-gallery-thumbnail\">\n\t\t\t<a href=\"https:\/\/www.comitenervo.fr\/wp-content\/gallery\/20121216_marche-de-noel-a-reims\/20121216_marche_noel_reims_14.jpg\"\n\t\t\t\ttitle=\"\"\n\t\t\t\tdata-src=\"https:\/\/www.comitenervo.fr\/wp-content\/gallery\/20121216_marche-de-noel-a-reims\/20121216_marche_noel_reims_14.jpg\"\n\t\t\t\tdata-thumbnail=\"https:\/\/www.comitenervo.fr\/wp-content\/gallery\/20121216_marche-de-noel-a-reims\/thumbs\/thumbs_20121216_marche_noel_reims_14.jpg\"\n\t\t\t\tdata-image-id=\"1143\"\n\t\t\t\tdata-title=\"20121216_marche_noel_reims_14\"\n\t\t\t\tdata-description=\"\"\n\t\t\t\tdata-image-slug=\"20121216_marche_noel_reims_14\"\n\t\t\t\tclass=\"ngg-fancybox\" rel=\"12e84fef577ee6bb8e268150d37d4a86\">\n\t\t\t\t<img\n\t\t\t\t\ttitle=\"20121216_marche_noel_reims_14\"\n\t\t\t\t\talt=\"20121216_marche_noel_reims_14\"\n\t\t\t\t\tsrc=\"https:\/\/www.comitenervo.fr\/wp-content\/gallery\/20121216_marche-de-noel-a-reims\/thumbs\/thumbs_20121216_marche_noel_reims_14.jpg\"\n\t\t\t\t\twidth=\"100\"\n\t\t\t\t\theight=\"75\"\n\t\t\t\t\tstyle=\"max-width:100%;\"\n\t\t\t\t\/>\n\t\t\t<\/a>\n\t\t<\/div>\n\t\t\t\t\t\t\t<\/div> \n\t\t\t\n\t\t\t\t<div id=\"ngg-image-14\" class=\"ngg-gallery-thumbnail-box \n\t\t\t\t\t\t\t\t\t\t\t\" \n\t\t\t>\n\t\t\t\t\t\t<div class=\"ngg-gallery-thumbnail\">\n\t\t\t<a href=\"https:\/\/www.comitenervo.fr\/wp-content\/gallery\/20121216_marche-de-noel-a-reims\/20121216_marche_noel_reims_15.jpg\"\n\t\t\t\ttitle=\"\"\n\t\t\t\tdata-src=\"https:\/\/www.comitenervo.fr\/wp-content\/gallery\/20121216_marche-de-noel-a-reims\/20121216_marche_noel_reims_15.jpg\"\n\t\t\t\tdata-thumbnail=\"https:\/\/www.comitenervo.fr\/wp-content\/gallery\/20121216_marche-de-noel-a-reims\/thumbs\/thumbs_20121216_marche_noel_reims_15.jpg\"\n\t\t\t\tdata-image-id=\"1144\"\n\t\t\t\tdata-title=\"20121216_marche_noel_reims_15\"\n\t\t\t\tdata-description=\"\"\n\t\t\t\tdata-image-slug=\"20121216_marche_noel_reims_15\"\n\t\t\t\tclass=\"ngg-fancybox\" rel=\"12e84fef577ee6bb8e268150d37d4a86\">\n\t\t\t\t<img\n\t\t\t\t\ttitle=\"20121216_marche_noel_reims_15\"\n\t\t\t\t\talt=\"20121216_marche_noel_reims_15\"\n\t\t\t\t\tsrc=\"https:\/\/www.comitenervo.fr\/wp-content\/gallery\/20121216_marche-de-noel-a-reims\/thumbs\/thumbs_20121216_marche_noel_reims_15.jpg\"\n\t\t\t\t\twidth=\"100\"\n\t\t\t\t\theight=\"75\"\n\t\t\t\t\tstyle=\"max-width:100%;\"\n\t\t\t\t\/>\n\t\t\t<\/a>\n\t\t<\/div>\n\t\t\t\t\t\t\t<\/div> \n\t\t\t\n\t\t\t\t<div id=\"ngg-image-15\" class=\"ngg-gallery-thumbnail-box \n\t\t\t\t\t\t\t\t\t\t\t\" \n\t\t\t>\n\t\t\t\t\t\t<div class=\"ngg-gallery-thumbnail\">\n\t\t\t<a href=\"https:\/\/www.comitenervo.fr\/wp-content\/gallery\/20121216_marche-de-noel-a-reims\/20121216_marche_noel_reims_16.jpg\"\n\t\t\t\ttitle=\"\"\n\t\t\t\tdata-src=\"https:\/\/www.comitenervo.fr\/wp-content\/gallery\/20121216_marche-de-noel-a-reims\/20121216_marche_noel_reims_16.jpg\"\n\t\t\t\tdata-thumbnail=\"https:\/\/www.comitenervo.fr\/wp-content\/gallery\/20121216_marche-de-noel-a-reims\/thumbs\/thumbs_20121216_marche_noel_reims_16.jpg\"\n\t\t\t\tdata-image-id=\"1145\"\n\t\t\t\tdata-title=\"20121216_marche_noel_reims_16\"\n\t\t\t\tdata-description=\"\"\n\t\t\t\tdata-image-slug=\"20121216_marche_noel_reims_16\"\n\t\t\t\tclass=\"ngg-fancybox\" rel=\"12e84fef577ee6bb8e268150d37d4a86\">\n\t\t\t\t<img\n\t\t\t\t\ttitle=\"20121216_marche_noel_reims_16\"\n\t\t\t\t\talt=\"20121216_marche_noel_reims_16\"\n\t\t\t\t\tsrc=\"https:\/\/www.comitenervo.fr\/wp-content\/gallery\/20121216_marche-de-noel-a-reims\/thumbs\/thumbs_20121216_marche_noel_reims_16.jpg\"\n\t\t\t\t\twidth=\"100\"\n\t\t\t\t\theight=\"75\"\n\t\t\t\t\tstyle=\"max-width:100%;\"\n\t\t\t\t\/>\n\t\t\t<\/a>\n\t\t<\/div>\n\t\t\t\t\t\t\t<\/div> \n\t\t\t\n\t\t\t\t<div id=\"ngg-image-16\" class=\"ngg-gallery-thumbnail-box \n\t\t\t\t\t\t\t\t\t\t\t\" \n\t\t\t>\n\t\t\t\t\t\t<div class=\"ngg-gallery-thumbnail\">\n\t\t\t<a href=\"https:\/\/www.comitenervo.fr\/wp-content\/gallery\/20121216_marche-de-noel-a-reims\/20121216_marche_noel_reims_17.jpg\"\n\t\t\t\ttitle=\"\"\n\t\t\t\tdata-src=\"https:\/\/www.comitenervo.fr\/wp-content\/gallery\/20121216_marche-de-noel-a-reims\/20121216_marche_noel_reims_17.jpg\"\n\t\t\t\tdata-thumbnail=\"https:\/\/www.comitenervo.fr\/wp-content\/gallery\/20121216_marche-de-noel-a-reims\/thumbs\/thumbs_20121216_marche_noel_reims_17.jpg\"\n\t\t\t\tdata-image-id=\"1146\"\n\t\t\t\tdata-title=\"20121216_marche_noel_reims_17\"\n\t\t\t\tdata-description=\"\"\n\t\t\t\tdata-image-slug=\"20121216_marche_noel_reims_17\"\n\t\t\t\tclass=\"ngg-fancybox\" rel=\"12e84fef577ee6bb8e268150d37d4a86\">\n\t\t\t\t<img\n\t\t\t\t\ttitle=\"20121216_marche_noel_reims_17\"\n\t\t\t\t\talt=\"20121216_marche_noel_reims_17\"\n\t\t\t\t\tsrc=\"https:\/\/www.comitenervo.fr\/wp-content\/gallery\/20121216_marche-de-noel-a-reims\/thumbs\/thumbs_20121216_marche_noel_reims_17.jpg\"\n\t\t\t\t\twidth=\"100\"\n\t\t\t\t\theight=\"75\"\n\t\t\t\t\tstyle=\"max-width:100%;\"\n\t\t\t\t\/>\n\t\t\t<\/a>\n\t\t<\/div>\n\t\t\t\t\t\t\t<\/div> \n\t\t\t\n\t\t\t\t<div id=\"ngg-image-17\" class=\"ngg-gallery-thumbnail-box \n\t\t\t\t\t\t\t\t\t\t\t\" \n\t\t\t>\n\t\t\t\t\t\t<div class=\"ngg-gallery-thumbnail\">\n\t\t\t<a href=\"https:\/\/www.comitenervo.fr\/wp-content\/gallery\/20121216_marche-de-noel-a-reims\/20121216_marche_noel_reims_18.jpg\"\n\t\t\t\ttitle=\"\"\n\t\t\t\tdata-src=\"https:\/\/www.comitenervo.fr\/wp-content\/gallery\/20121216_marche-de-noel-a-reims\/20121216_marche_noel_reims_18.jpg\"\n\t\t\t\tdata-thumbnail=\"https:\/\/www.comitenervo.fr\/wp-content\/gallery\/20121216_marche-de-noel-a-reims\/thumbs\/thumbs_20121216_marche_noel_reims_18.jpg\"\n\t\t\t\tdata-image-id=\"1147\"\n\t\t\t\tdata-title=\"20121216_marche_noel_reims_18\"\n\t\t\t\tdata-description=\"\"\n\t\t\t\tdata-image-slug=\"20121216_marche_noel_reims_18\"\n\t\t\t\tclass=\"ngg-fancybox\" rel=\"12e84fef577ee6bb8e268150d37d4a86\">\n\t\t\t\t<img\n\t\t\t\t\ttitle=\"20121216_marche_noel_reims_18\"\n\t\t\t\t\talt=\"20121216_marche_noel_reims_18\"\n\t\t\t\t\tsrc=\"https:\/\/www.comitenervo.fr\/wp-content\/gallery\/20121216_marche-de-noel-a-reims\/thumbs\/thumbs_20121216_marche_noel_reims_18.jpg\"\n\t\t\t\t\twidth=\"100\"\n\t\t\t\t\theight=\"75\"\n\t\t\t\t\tstyle=\"max-width:100%;\"\n\t\t\t\t\/>\n\t\t\t<\/a>\n\t\t<\/div>\n\t\t\t\t\t\t\t<\/div> \n\t\t\t\n\t\t\t\t<div id=\"ngg-image-18\" class=\"ngg-gallery-thumbnail-box \n\t\t\t\t\t\t\t\t\t\t\t\" \n\t\t\t>\n\t\t\t\t\t\t<div class=\"ngg-gallery-thumbnail\">\n\t\t\t<a href=\"https:\/\/www.comitenervo.fr\/wp-content\/gallery\/20121216_marche-de-noel-a-reims\/20121216_marche_noel_reims_19.jpg\"\n\t\t\t\ttitle=\"\"\n\t\t\t\tdata-src=\"https:\/\/www.comitenervo.fr\/wp-content\/gallery\/20121216_marche-de-noel-a-reims\/20121216_marche_noel_reims_19.jpg\"\n\t\t\t\tdata-thumbnail=\"https:\/\/www.comitenervo.fr\/wp-content\/gallery\/20121216_marche-de-noel-a-reims\/thumbs\/thumbs_20121216_marche_noel_reims_19.jpg\"\n\t\t\t\tdata-image-id=\"1148\"\n\t\t\t\tdata-title=\"20121216_marche_noel_reims_19\"\n\t\t\t\tdata-description=\"\"\n\t\t\t\tdata-image-slug=\"20121216_marche_noel_reims_19\"\n\t\t\t\tclass=\"ngg-fancybox\" rel=\"12e84fef577ee6bb8e268150d37d4a86\">\n\t\t\t\t<img\n\t\t\t\t\ttitle=\"20121216_marche_noel_reims_19\"\n\t\t\t\t\talt=\"20121216_marche_noel_reims_19\"\n\t\t\t\t\tsrc=\"https:\/\/www.comitenervo.fr\/wp-content\/gallery\/20121216_marche-de-noel-a-reims\/thumbs\/thumbs_20121216_marche_noel_reims_19.jpg\"\n\t\t\t\t\twidth=\"100\"\n\t\t\t\t\theight=\"75\"\n\t\t\t\t\tstyle=\"max-width:100%;\"\n\t\t\t\t\/>\n\t\t\t<\/a>\n\t\t<\/div>\n\t\t\t\t\t\t\t<\/div> \n\t\t\t\n\t\t\t\t<div id=\"ngg-image-19\" class=\"ngg-gallery-thumbnail-box \n\t\t\t\t\t\t\t\t\t\t\t\" \n\t\t\t>\n\t\t\t\t\t\t<div class=\"ngg-gallery-thumbnail\">\n\t\t\t<a href=\"https:\/\/www.comitenervo.fr\/wp-content\/gallery\/20121216_marche-de-noel-a-reims\/20121216_marche_noel_reims_20.jpg\"\n\t\t\t\ttitle=\"\"\n\t\t\t\tdata-src=\"https:\/\/www.comitenervo.fr\/wp-content\/gallery\/20121216_marche-de-noel-a-reims\/20121216_marche_noel_reims_20.jpg\"\n\t\t\t\tdata-thumbnail=\"https:\/\/www.comitenervo.fr\/wp-content\/gallery\/20121216_marche-de-noel-a-reims\/thumbs\/thumbs_20121216_marche_noel_reims_20.jpg\"\n\t\t\t\tdata-image-id=\"1149\"\n\t\t\t\tdata-title=\"20121216_marche_noel_reims_20\"\n\t\t\t\tdata-description=\"\"\n\t\t\t\tdata-image-slug=\"20121216_marche_noel_reims_20\"\n\t\t\t\tclass=\"ngg-fancybox\" rel=\"12e84fef577ee6bb8e268150d37d4a86\">\n\t\t\t\t<img\n\t\t\t\t\ttitle=\"20121216_marche_noel_reims_20\"\n\t\t\t\t\talt=\"20121216_marche_noel_reims_20\"\n\t\t\t\t\tsrc=\"https:\/\/www.comitenervo.fr\/wp-content\/gallery\/20121216_marche-de-noel-a-reims\/thumbs\/thumbs_20121216_marche_noel_reims_20.jpg\"\n\t\t\t\t\twidth=\"100\"\n\t\t\t\t\theight=\"75\"\n\t\t\t\t\tstyle=\"max-width:100%;\"\n\t\t\t\t\/>\n\t\t\t<\/a>\n\t\t<\/div>\n\t\t\t\t\t\t\t<\/div> \n\t\t\t\n\t\t\t\t<div id=\"ngg-image-20\" class=\"ngg-gallery-thumbnail-box \n\t\t\t\t\t\t\t\t\t\t\t\" \n\t\t\t>\n\t\t\t\t\t\t<div class=\"ngg-gallery-thumbnail\">\n\t\t\t<a href=\"https:\/\/www.comitenervo.fr\/wp-content\/gallery\/20121216_marche-de-noel-a-reims\/20121216_marche_noel_reims_21.jpg\"\n\t\t\t\ttitle=\"\"\n\t\t\t\tdata-src=\"https:\/\/www.comitenervo.fr\/wp-content\/gallery\/20121216_marche-de-noel-a-reims\/20121216_marche_noel_reims_21.jpg\"\n\t\t\t\tdata-thumbnail=\"https:\/\/www.comitenervo.fr\/wp-content\/gallery\/20121216_marche-de-noel-a-reims\/thumbs\/thumbs_20121216_marche_noel_reims_21.jpg\"\n\t\t\t\tdata-image-id=\"1150\"\n\t\t\t\tdata-title=\"20121216_marche_noel_reims_21\"\n\t\t\t\tdata-description=\"\"\n\t\t\t\tdata-image-slug=\"20121216_marche_noel_reims_21\"\n\t\t\t\tclass=\"ngg-fancybox\" rel=\"12e84fef577ee6bb8e268150d37d4a86\">\n\t\t\t\t<img\n\t\t\t\t\ttitle=\"20121216_marche_noel_reims_21\"\n\t\t\t\t\talt=\"20121216_marche_noel_reims_21\"\n\t\t\t\t\tsrc=\"https:\/\/www.comitenervo.fr\/wp-content\/gallery\/20121216_marche-de-noel-a-reims\/thumbs\/thumbs_20121216_marche_noel_reims_21.jpg\"\n\t\t\t\t\twidth=\"100\"\n\t\t\t\t\theight=\"75\"\n\t\t\t\t\tstyle=\"max-width:100%;\"\n\t\t\t\t\/>\n\t\t\t<\/a>\n\t\t<\/div>\n\t\t\t\t\t\t\t<\/div> \n\t\t\t\n\t\t\t\t<div id=\"ngg-image-21\" class=\"ngg-gallery-thumbnail-box \n\t\t\t\t\t\t\t\t\t\t\t\" \n\t\t\t>\n\t\t\t\t\t\t<div class=\"ngg-gallery-thumbnail\">\n\t\t\t<a href=\"https:\/\/www.comitenervo.fr\/wp-content\/gallery\/20121216_marche-de-noel-a-reims\/20121216_marche_noel_reims_22.jpg\"\n\t\t\t\ttitle=\"\"\n\t\t\t\tdata-src=\"https:\/\/www.comitenervo.fr\/wp-content\/gallery\/20121216_marche-de-noel-a-reims\/20121216_marche_noel_reims_22.jpg\"\n\t\t\t\tdata-thumbnail=\"https:\/\/www.comitenervo.fr\/wp-content\/gallery\/20121216_marche-de-noel-a-reims\/thumbs\/thumbs_20121216_marche_noel_reims_22.jpg\"\n\t\t\t\tdata-image-id=\"1151\"\n\t\t\t\tdata-title=\"20121216_marche_noel_reims_22\"\n\t\t\t\tdata-description=\"\"\n\t\t\t\tdata-image-slug=\"20121216_marche_noel_reims_22\"\n\t\t\t\tclass=\"ngg-fancybox\" rel=\"12e84fef577ee6bb8e268150d37d4a86\">\n\t\t\t\t<img\n\t\t\t\t\ttitle=\"20121216_marche_noel_reims_22\"\n\t\t\t\t\talt=\"20121216_marche_noel_reims_22\"\n\t\t\t\t\tsrc=\"https:\/\/www.comitenervo.fr\/wp-content\/gallery\/20121216_marche-de-noel-a-reims\/thumbs\/thumbs_20121216_marche_noel_reims_22.jpg\"\n\t\t\t\t\twidth=\"100\"\n\t\t\t\t\theight=\"75\"\n\t\t\t\t\tstyle=\"max-width:100%;\"\n\t\t\t\t\/>\n\t\t\t<\/a>\n\t\t<\/div>\n\t\t\t\t\t\t\t<\/div> \n\t\t\t\n\t\t\t\t<div id=\"ngg-image-22\" class=\"ngg-gallery-thumbnail-box \n\t\t\t\t\t\t\t\t\t\t\t\" \n\t\t\t>\n\t\t\t\t\t\t<div class=\"ngg-gallery-thumbnail\">\n\t\t\t<a href=\"https:\/\/www.comitenervo.fr\/wp-content\/gallery\/20121216_marche-de-noel-a-reims\/20121216_marche_noel_reims_23.jpg\"\n\t\t\t\ttitle=\"\"\n\t\t\t\tdata-src=\"https:\/\/www.comitenervo.fr\/wp-content\/gallery\/20121216_marche-de-noel-a-reims\/20121216_marche_noel_reims_23.jpg\"\n\t\t\t\tdata-thumbnail=\"https:\/\/www.comitenervo.fr\/wp-content\/gallery\/20121216_marche-de-noel-a-reims\/thumbs\/thumbs_20121216_marche_noel_reims_23.jpg\"\n\t\t\t\tdata-image-id=\"1152\"\n\t\t\t\tdata-title=\"20121216_marche_noel_reims_23\"\n\t\t\t\tdata-description=\"\"\n\t\t\t\tdata-image-slug=\"20121216_marche_noel_reims_23\"\n\t\t\t\tclass=\"ngg-fancybox\" rel=\"12e84fef577ee6bb8e268150d37d4a86\">\n\t\t\t\t<img\n\t\t\t\t\ttitle=\"20121216_marche_noel_reims_23\"\n\t\t\t\t\talt=\"20121216_marche_noel_reims_23\"\n\t\t\t\t\tsrc=\"https:\/\/www.comitenervo.fr\/wp-content\/gallery\/20121216_marche-de-noel-a-reims\/thumbs\/thumbs_20121216_marche_noel_reims_23.jpg\"\n\t\t\t\t\twidth=\"100\"\n\t\t\t\t\theight=\"75\"\n\t\t\t\t\tstyle=\"max-width:100%;\"\n\t\t\t\t\/>\n\t\t\t<\/a>\n\t\t<\/div>\n\t\t\t\t\t\t\t<\/div> \n\t\t\t\n\t\t\t\t<div id=\"ngg-image-23\" class=\"ngg-gallery-thumbnail-box \n\t\t\t\t\t\t\t\t\t\t\t\" \n\t\t\t>\n\t\t\t\t\t\t<div class=\"ngg-gallery-thumbnail\">\n\t\t\t<a href=\"https:\/\/www.comitenervo.fr\/wp-content\/gallery\/20121216_marche-de-noel-a-reims\/20121216_marche_noel_reims_24.jpg\"\n\t\t\t\ttitle=\"\"\n\t\t\t\tdata-src=\"https:\/\/www.comitenervo.fr\/wp-content\/gallery\/20121216_marche-de-noel-a-reims\/20121216_marche_noel_reims_24.jpg\"\n\t\t\t\tdata-thumbnail=\"https:\/\/www.comitenervo.fr\/wp-content\/gallery\/20121216_marche-de-noel-a-reims\/thumbs\/thumbs_20121216_marche_noel_reims_24.jpg\"\n\t\t\t\tdata-image-id=\"1153\"\n\t\t\t\tdata-title=\"20121216_marche_noel_reims_24\"\n\t\t\t\tdata-description=\"\"\n\t\t\t\tdata-image-slug=\"20121216_marche_noel_reims_24\"\n\t\t\t\tclass=\"ngg-fancybox\" rel=\"12e84fef577ee6bb8e268150d37d4a86\">\n\t\t\t\t<img\n\t\t\t\t\ttitle=\"20121216_marche_noel_reims_24\"\n\t\t\t\t\talt=\"20121216_marche_noel_reims_24\"\n\t\t\t\t\tsrc=\"https:\/\/www.comitenervo.fr\/wp-content\/gallery\/20121216_marche-de-noel-a-reims\/thumbs\/thumbs_20121216_marche_noel_reims_24.jpg\"\n\t\t\t\t\twidth=\"100\"\n\t\t\t\t\theight=\"75\"\n\t\t\t\t\tstyle=\"max-width:100%;\"\n\t\t\t\t\/>\n\t\t\t<\/a>\n\t\t<\/div>\n\t\t\t\t\t\t\t<\/div> \n\t\t\t\n\t\t\t\t<div id=\"ngg-image-24\" class=\"ngg-gallery-thumbnail-box \n\t\t\t\t\t\t\t\t\t\t\t\" \n\t\t\t>\n\t\t\t\t\t\t<div class=\"ngg-gallery-thumbnail\">\n\t\t\t<a href=\"https:\/\/www.comitenervo.fr\/wp-content\/gallery\/20121216_marche-de-noel-a-reims\/20121216_marche_noel_reims_25.jpg\"\n\t\t\t\ttitle=\"\"\n\t\t\t\tdata-src=\"https:\/\/www.comitenervo.fr\/wp-content\/gallery\/20121216_marche-de-noel-a-reims\/20121216_marche_noel_reims_25.jpg\"\n\t\t\t\tdata-thumbnail=\"https:\/\/www.comitenervo.fr\/wp-content\/gallery\/20121216_marche-de-noel-a-reims\/thumbs\/thumbs_20121216_marche_noel_reims_25.jpg\"\n\t\t\t\tdata-image-id=\"1154\"\n\t\t\t\tdata-title=\"20121216_marche_noel_reims_25\"\n\t\t\t\tdata-description=\"\"\n\t\t\t\tdata-image-slug=\"20121216_marche_noel_reims_25\"\n\t\t\t\tclass=\"ngg-fancybox\" rel=\"12e84fef577ee6bb8e268150d37d4a86\">\n\t\t\t\t<img\n\t\t\t\t\ttitle=\"20121216_marche_noel_reims_25\"\n\t\t\t\t\talt=\"20121216_marche_noel_reims_25\"\n\t\t\t\t\tsrc=\"https:\/\/www.comitenervo.fr\/wp-content\/gallery\/20121216_marche-de-noel-a-reims\/thumbs\/thumbs_20121216_marche_noel_reims_25.jpg\"\n\t\t\t\t\twidth=\"100\"\n\t\t\t\t\theight=\"75\"\n\t\t\t\t\tstyle=\"max-width:100%;\"\n\t\t\t\t\/>\n\t\t\t<\/a>\n\t\t<\/div>\n\t\t\t\t\t\t\t<\/div> \n\t\t\t\n\t\t\t\t<div id=\"ngg-image-25\" class=\"ngg-gallery-thumbnail-box \n\t\t\t\t\t\t\t\t\t\t\t\" \n\t\t\t>\n\t\t\t\t\t\t<div class=\"ngg-gallery-thumbnail\">\n\t\t\t<a href=\"https:\/\/www.comitenervo.fr\/wp-content\/gallery\/20121216_marche-de-noel-a-reims\/20121216_marche_noel_reims_26.jpg\"\n\t\t\t\ttitle=\"\"\n\t\t\t\tdata-src=\"https:\/\/www.comitenervo.fr\/wp-content\/gallery\/20121216_marche-de-noel-a-reims\/20121216_marche_noel_reims_26.jpg\"\n\t\t\t\tdata-thumbnail=\"https:\/\/www.comitenervo.fr\/wp-content\/gallery\/20121216_marche-de-noel-a-reims\/thumbs\/thumbs_20121216_marche_noel_reims_26.jpg\"\n\t\t\t\tdata-image-id=\"1155\"\n\t\t\t\tdata-title=\"20121216_marche_noel_reims_26\"\n\t\t\t\tdata-description=\"\"\n\t\t\t\tdata-image-slug=\"20121216_marche_noel_reims_26\"\n\t\t\t\tclass=\"ngg-fancybox\" rel=\"12e84fef577ee6bb8e268150d37d4a86\">\n\t\t\t\t<img\n\t\t\t\t\ttitle=\"20121216_marche_noel_reims_26\"\n\t\t\t\t\talt=\"20121216_marche_noel_reims_26\"\n\t\t\t\t\tsrc=\"https:\/\/www.comitenervo.fr\/wp-content\/gallery\/20121216_marche-de-noel-a-reims\/thumbs\/thumbs_20121216_marche_noel_reims_26.jpg\"\n\t\t\t\t\twidth=\"100\"\n\t\t\t\t\theight=\"75\"\n\t\t\t\t\tstyle=\"max-width:100%;\"\n\t\t\t\t\/>\n\t\t\t<\/a>\n\t\t<\/div>\n\t\t\t\t\t\t\t<\/div> \n\t\t\t\n\t\t\t\t<div id=\"ngg-image-26\" class=\"ngg-gallery-thumbnail-box \n\t\t\t\t\t\t\t\t\t\t\t\" \n\t\t\t>\n\t\t\t\t\t\t<div class=\"ngg-gallery-thumbnail\">\n\t\t\t<a href=\"https:\/\/www.comitenervo.fr\/wp-content\/gallery\/20121216_marche-de-noel-a-reims\/20121216_marche_noel_reims_27.jpg\"\n\t\t\t\ttitle=\"\"\n\t\t\t\tdata-src=\"https:\/\/www.comitenervo.fr\/wp-content\/gallery\/20121216_marche-de-noel-a-reims\/20121216_marche_noel_reims_27.jpg\"\n\t\t\t\tdata-thumbnail=\"https:\/\/www.comitenervo.fr\/wp-content\/gallery\/20121216_marche-de-noel-a-reims\/thumbs\/thumbs_20121216_marche_noel_reims_27.jpg\"\n\t\t\t\tdata-image-id=\"1156\"\n\t\t\t\tdata-title=\"20121216_marche_noel_reims_27\"\n\t\t\t\tdata-description=\"\"\n\t\t\t\tdata-image-slug=\"20121216_marche_noel_reims_27\"\n\t\t\t\tclass=\"ngg-fancybox\" rel=\"12e84fef577ee6bb8e268150d37d4a86\">\n\t\t\t\t<img\n\t\t\t\t\ttitle=\"20121216_marche_noel_reims_27\"\n\t\t\t\t\talt=\"20121216_marche_noel_reims_27\"\n\t\t\t\t\tsrc=\"https:\/\/www.comitenervo.fr\/wp-content\/gallery\/20121216_marche-de-noel-a-reims\/thumbs\/thumbs_20121216_marche_noel_reims_27.jpg\"\n\t\t\t\t\twidth=\"100\"\n\t\t\t\t\theight=\"75\"\n\t\t\t\t\tstyle=\"max-width:100%;\"\n\t\t\t\t\/>\n\t\t\t<\/a>\n\t\t<\/div>\n\t\t\t\t\t\t\t<\/div> \n\t\t\t\n\t\t\t\t<div id=\"ngg-image-27\" class=\"ngg-gallery-thumbnail-box \n\t\t\t\t\t\t\t\t\t\t\t\" \n\t\t\t>\n\t\t\t\t\t\t<div class=\"ngg-gallery-thumbnail\">\n\t\t\t<a href=\"https:\/\/www.comitenervo.fr\/wp-content\/gallery\/20121216_marche-de-noel-a-reims\/20121216_marche_noel_reims_28.jpg\"\n\t\t\t\ttitle=\"\"\n\t\t\t\tdata-src=\"https:\/\/www.comitenervo.fr\/wp-content\/gallery\/20121216_marche-de-noel-a-reims\/20121216_marche_noel_reims_28.jpg\"\n\t\t\t\tdata-thumbnail=\"https:\/\/www.comitenervo.fr\/wp-content\/gallery\/20121216_marche-de-noel-a-reims\/thumbs\/thumbs_20121216_marche_noel_reims_28.jpg\"\n\t\t\t\tdata-image-id=\"1157\"\n\t\t\t\tdata-title=\"20121216_marche_noel_reims_28\"\n\t\t\t\tdata-description=\"\"\n\t\t\t\tdata-image-slug=\"20121216_marche_noel_reims_28\"\n\t\t\t\tclass=\"ngg-fancybox\" rel=\"12e84fef577ee6bb8e268150d37d4a86\">\n\t\t\t\t<img\n\t\t\t\t\ttitle=\"20121216_marche_noel_reims_28\"\n\t\t\t\t\talt=\"20121216_marche_noel_reims_28\"\n\t\t\t\t\tsrc=\"https:\/\/www.comitenervo.fr\/wp-content\/gallery\/20121216_marche-de-noel-a-reims\/thumbs\/thumbs_20121216_marche_noel_reims_28.jpg\"\n\t\t\t\t\twidth=\"100\"\n\t\t\t\t\theight=\"75\"\n\t\t\t\t\tstyle=\"max-width:100%;\"\n\t\t\t\t\/>\n\t\t\t<\/a>\n\t\t<\/div>\n\t\t\t\t\t\t\t<\/div> \n\t\t\t\n\t\t\t\t<div id=\"ngg-image-28\" class=\"ngg-gallery-thumbnail-box \n\t\t\t\t\t\t\t\t\t\t\t\" \n\t\t\t>\n\t\t\t\t\t\t<div class=\"ngg-gallery-thumbnail\">\n\t\t\t<a href=\"https:\/\/www.comitenervo.fr\/wp-content\/gallery\/20121216_marche-de-noel-a-reims\/20121216_marche_noel_reims_29.jpg\"\n\t\t\t\ttitle=\"\"\n\t\t\t\tdata-src=\"https:\/\/www.comitenervo.fr\/wp-content\/gallery\/20121216_marche-de-noel-a-reims\/20121216_marche_noel_reims_29.jpg\"\n\t\t\t\tdata-thumbnail=\"https:\/\/www.comitenervo.fr\/wp-content\/gallery\/20121216_marche-de-noel-a-reims\/thumbs\/thumbs_20121216_marche_noel_reims_29.jpg\"\n\t\t\t\tdata-image-id=\"1158\"\n\t\t\t\tdata-title=\"20121216_marche_noel_reims_29\"\n\t\t\t\tdata-description=\"\"\n\t\t\t\tdata-image-slug=\"20121216_marche_noel_reims_29\"\n\t\t\t\tclass=\"ngg-fancybox\" rel=\"12e84fef577ee6bb8e268150d37d4a86\">\n\t\t\t\t<img\n\t\t\t\t\ttitle=\"20121216_marche_noel_reims_29\"\n\t\t\t\t\talt=\"20121216_marche_noel_reims_29\"\n\t\t\t\t\tsrc=\"https:\/\/www.comitenervo.fr\/wp-content\/gallery\/20121216_marche-de-noel-a-reims\/thumbs\/thumbs_20121216_marche_noel_reims_29.jpg\"\n\t\t\t\t\twidth=\"100\"\n\t\t\t\t\theight=\"75\"\n\t\t\t\t\tstyle=\"max-width:100%;\"\n\t\t\t\t\/>\n\t\t\t<\/a>\n\t\t<\/div>\n\t\t\t\t\t\t\t<\/div> \n\t\t\t\n\t\t\t\t<div id=\"ngg-image-29\" class=\"ngg-gallery-thumbnail-box \n\t\t\t\t\t\t\t\t\t\t\t\" \n\t\t\t>\n\t\t\t\t\t\t<div class=\"ngg-gallery-thumbnail\">\n\t\t\t<a href=\"https:\/\/www.comitenervo.fr\/wp-content\/gallery\/20121216_marche-de-noel-a-reims\/20121216_marche_noel_reims_30.jpg\"\n\t\t\t\ttitle=\"\"\n\t\t\t\tdata-src=\"https:\/\/www.comitenervo.fr\/wp-content\/gallery\/20121216_marche-de-noel-a-reims\/20121216_marche_noel_reims_30.jpg\"\n\t\t\t\tdata-thumbnail=\"https:\/\/www.comitenervo.fr\/wp-content\/gallery\/20121216_marche-de-noel-a-reims\/thumbs\/thumbs_20121216_marche_noel_reims_30.jpg\"\n\t\t\t\tdata-image-id=\"1159\"\n\t\t\t\tdata-title=\"20121216_marche_noel_reims_30\"\n\t\t\t\tdata-description=\"\"\n\t\t\t\tdata-image-slug=\"20121216_marche_noel_reims_30\"\n\t\t\t\tclass=\"ngg-fancybox\" rel=\"12e84fef577ee6bb8e268150d37d4a86\">\n\t\t\t\t<img\n\t\t\t\t\ttitle=\"20121216_marche_noel_reims_30\"\n\t\t\t\t\talt=\"20121216_marche_noel_reims_30\"\n\t\t\t\t\tsrc=\"https:\/\/www.comitenervo.fr\/wp-content\/gallery\/20121216_marche-de-noel-a-reims\/thumbs\/thumbs_20121216_marche_noel_reims_30.jpg\"\n\t\t\t\t\twidth=\"100\"\n\t\t\t\t\theight=\"75\"\n\t\t\t\t\tstyle=\"max-width:100%;\"\n\t\t\t\t\/>\n\t\t\t<\/a>\n\t\t<\/div>\n\t\t\t\t\t\t\t<\/div> \n\t\t\t\n\t\t\t\t<div id=\"ngg-image-30\" class=\"ngg-gallery-thumbnail-box \n\t\t\t\t\t\t\t\t\t\t\t\" \n\t\t\t>\n\t\t\t\t\t\t<div class=\"ngg-gallery-thumbnail\">\n\t\t\t<a href=\"https:\/\/www.comitenervo.fr\/wp-content\/gallery\/20121216_marche-de-noel-a-reims\/20121216_marche_noel_reims_31.jpg\"\n\t\t\t\ttitle=\"\"\n\t\t\t\tdata-src=\"https:\/\/www.comitenervo.fr\/wp-content\/gallery\/20121216_marche-de-noel-a-reims\/20121216_marche_noel_reims_31.jpg\"\n\t\t\t\tdata-thumbnail=\"https:\/\/www.comitenervo.fr\/wp-content\/gallery\/20121216_marche-de-noel-a-reims\/thumbs\/thumbs_20121216_marche_noel_reims_31.jpg\"\n\t\t\t\tdata-image-id=\"1160\"\n\t\t\t\tdata-title=\"20121216_marche_noel_reims_31\"\n\t\t\t\tdata-description=\"\"\n\t\t\t\tdata-image-slug=\"20121216_marche_noel_reims_31\"\n\t\t\t\tclass=\"ngg-fancybox\" rel=\"12e84fef577ee6bb8e268150d37d4a86\">\n\t\t\t\t<img\n\t\t\t\t\ttitle=\"20121216_marche_noel_reims_31\"\n\t\t\t\t\talt=\"20121216_marche_noel_reims_31\"\n\t\t\t\t\tsrc=\"https:\/\/www.comitenervo.fr\/wp-content\/gallery\/20121216_marche-de-noel-a-reims\/thumbs\/thumbs_20121216_marche_noel_reims_31.jpg\"\n\t\t\t\t\twidth=\"100\"\n\t\t\t\t\theight=\"75\"\n\t\t\t\t\tstyle=\"max-width:100%;\"\n\t\t\t\t\/>\n\t\t\t<\/a>\n\t\t<\/div>\n\t\t\t\t\t\t\t<\/div> \n\t\t\t\n\t\t\t\t<div id=\"ngg-image-31\" class=\"ngg-gallery-thumbnail-box \n\t\t\t\t\t\t\t\t\t\t\t\" \n\t\t\t>\n\t\t\t\t\t\t<div class=\"ngg-gallery-thumbnail\">\n\t\t\t<a href=\"https:\/\/www.comitenervo.fr\/wp-content\/gallery\/20121216_marche-de-noel-a-reims\/20121216_marche_noel_reims_32.jpg\"\n\t\t\t\ttitle=\"\"\n\t\t\t\tdata-src=\"https:\/\/www.comitenervo.fr\/wp-content\/gallery\/20121216_marche-de-noel-a-reims\/20121216_marche_noel_reims_32.jpg\"\n\t\t\t\tdata-thumbnail=\"https:\/\/www.comitenervo.fr\/wp-content\/gallery\/20121216_marche-de-noel-a-reims\/thumbs\/thumbs_20121216_marche_noel_reims_32.jpg\"\n\t\t\t\tdata-image-id=\"1161\"\n\t\t\t\tdata-title=\"20121216_marche_noel_reims_32\"\n\t\t\t\tdata-description=\"\"\n\t\t\t\tdata-image-slug=\"20121216_marche_noel_reims_32\"\n\t\t\t\tclass=\"ngg-fancybox\" rel=\"12e84fef577ee6bb8e268150d37d4a86\">\n\t\t\t\t<img\n\t\t\t\t\ttitle=\"20121216_marche_noel_reims_32\"\n\t\t\t\t\talt=\"20121216_marche_noel_reims_32\"\n\t\t\t\t\tsrc=\"https:\/\/www.comitenervo.fr\/wp-content\/gallery\/20121216_marche-de-noel-a-reims\/thumbs\/thumbs_20121216_marche_noel_reims_32.jpg\"\n\t\t\t\t\twidth=\"100\"\n\t\t\t\t\theight=\"75\"\n\t\t\t\t\tstyle=\"max-width:100%;\"\n\t\t\t\t\/>\n\t\t\t<\/a>\n\t\t<\/div>\n\t\t\t\t\t\t\t<\/div> \n\t\t\t\n\t\t\t\t<div id=\"ngg-image-32\" class=\"ngg-gallery-thumbnail-box \n\t\t\t\t\t\t\t\t\t\t\t\" \n\t\t\t>\n\t\t\t\t\t\t<div class=\"ngg-gallery-thumbnail\">\n\t\t\t<a href=\"https:\/\/www.comitenervo.fr\/wp-content\/gallery\/20121216_marche-de-noel-a-reims\/20121216_marche_noel_reims_33.jpg\"\n\t\t\t\ttitle=\"\"\n\t\t\t\tdata-src=\"https:\/\/www.comitenervo.fr\/wp-content\/gallery\/20121216_marche-de-noel-a-reims\/20121216_marche_noel_reims_33.jpg\"\n\t\t\t\tdata-thumbnail=\"https:\/\/www.comitenervo.fr\/wp-content\/gallery\/20121216_marche-de-noel-a-reims\/thumbs\/thumbs_20121216_marche_noel_reims_33.jpg\"\n\t\t\t\tdata-image-id=\"1162\"\n\t\t\t\tdata-title=\"20121216_marche_noel_reims_33\"\n\t\t\t\tdata-description=\"\"\n\t\t\t\tdata-image-slug=\"20121216_marche_noel_reims_33\"\n\t\t\t\tclass=\"ngg-fancybox\" rel=\"12e84fef577ee6bb8e268150d37d4a86\">\n\t\t\t\t<img\n\t\t\t\t\ttitle=\"20121216_marche_noel_reims_33\"\n\t\t\t\t\talt=\"20121216_marche_noel_reims_33\"\n\t\t\t\t\tsrc=\"https:\/\/www.comitenervo.fr\/wp-content\/gallery\/20121216_marche-de-noel-a-reims\/thumbs\/thumbs_20121216_marche_noel_reims_33.jpg\"\n\t\t\t\t\twidth=\"100\"\n\t\t\t\t\theight=\"75\"\n\t\t\t\t\tstyle=\"max-width:100%;\"\n\t\t\t\t\/>\n\t\t\t<\/a>\n\t\t<\/div>\n\t\t\t\t\t\t\t<\/div> \n\t\t\t\n\t\t\t\t<div id=\"ngg-image-33\" class=\"ngg-gallery-thumbnail-box \n\t\t\t\t\t\t\t\t\t\t\t\" \n\t\t\t>\n\t\t\t\t\t\t<div class=\"ngg-gallery-thumbnail\">\n\t\t\t<a href=\"https:\/\/www.comitenervo.fr\/wp-content\/gallery\/20121216_marche-de-noel-a-reims\/20121216_marche_noel_reims_34.jpg\"\n\t\t\t\ttitle=\"\"\n\t\t\t\tdata-src=\"https:\/\/www.comitenervo.fr\/wp-content\/gallery\/20121216_marche-de-noel-a-reims\/20121216_marche_noel_reims_34.jpg\"\n\t\t\t\tdata-thumbnail=\"https:\/\/www.comitenervo.fr\/wp-content\/gallery\/20121216_marche-de-noel-a-reims\/thumbs\/thumbs_20121216_marche_noel_reims_34.jpg\"\n\t\t\t\tdata-image-id=\"1163\"\n\t\t\t\tdata-title=\"20121216_marche_noel_reims_34\"\n\t\t\t\tdata-description=\"\"\n\t\t\t\tdata-image-slug=\"20121216_marche_noel_reims_34\"\n\t\t\t\tclass=\"ngg-fancybox\" rel=\"12e84fef577ee6bb8e268150d37d4a86\">\n\t\t\t\t<img\n\t\t\t\t\ttitle=\"20121216_marche_noel_reims_34\"\n\t\t\t\t\talt=\"20121216_marche_noel_reims_34\"\n\t\t\t\t\tsrc=\"https:\/\/www.comitenervo.fr\/wp-content\/gallery\/20121216_marche-de-noel-a-reims\/thumbs\/thumbs_20121216_marche_noel_reims_34.jpg\"\n\t\t\t\t\twidth=\"100\"\n\t\t\t\t\theight=\"75\"\n\t\t\t\t\tstyle=\"max-width:100%;\"\n\t\t\t\t\/>\n\t\t\t<\/a>\n\t\t<\/div>\n\t\t\t\t\t\t\t<\/div> \n\t\t\t\n\t\t\t\t<div id=\"ngg-image-34\" class=\"ngg-gallery-thumbnail-box \n\t\t\t\t\t\t\t\t\t\t\t\" \n\t\t\t>\n\t\t\t\t\t\t<div class=\"ngg-gallery-thumbnail\">\n\t\t\t<a href=\"https:\/\/www.comitenervo.fr\/wp-content\/gallery\/20121216_marche-de-noel-a-reims\/20121216_marche_noel_reims_35.jpg\"\n\t\t\t\ttitle=\"\"\n\t\t\t\tdata-src=\"https:\/\/www.comitenervo.fr\/wp-content\/gallery\/20121216_marche-de-noel-a-reims\/20121216_marche_noel_reims_35.jpg\"\n\t\t\t\tdata-thumbnail=\"https:\/\/www.comitenervo.fr\/wp-content\/gallery\/20121216_marche-de-noel-a-reims\/thumbs\/thumbs_20121216_marche_noel_reims_35.jpg\"\n\t\t\t\tdata-image-id=\"1164\"\n\t\t\t\tdata-title=\"20121216_marche_noel_reims_35\"\n\t\t\t\tdata-description=\"\"\n\t\t\t\tdata-image-slug=\"20121216_marche_noel_reims_35\"\n\t\t\t\tclass=\"ngg-fancybox\" rel=\"12e84fef577ee6bb8e268150d37d4a86\">\n\t\t\t\t<img\n\t\t\t\t\ttitle=\"20121216_marche_noel_reims_35\"\n\t\t\t\t\talt=\"20121216_marche_noel_reims_35\"\n\t\t\t\t\tsrc=\"https:\/\/www.comitenervo.fr\/wp-content\/gallery\/20121216_marche-de-noel-a-reims\/thumbs\/thumbs_20121216_marche_noel_reims_35.jpg\"\n\t\t\t\t\twidth=\"100\"\n\t\t\t\t\theight=\"75\"\n\t\t\t\t\tstyle=\"max-width:100%;\"\n\t\t\t\t\/>\n\t\t\t<\/a>\n\t\t<\/div>\n\t\t\t\t\t\t\t<\/div> \n\t\t\t\n\t\t\t\t<div id=\"ngg-image-35\" class=\"ngg-gallery-thumbnail-box \n\t\t\t\t\t\t\t\t\t\t\t\" \n\t\t\t>\n\t\t\t\t\t\t<div class=\"ngg-gallery-thumbnail\">\n\t\t\t<a href=\"https:\/\/www.comitenervo.fr\/wp-content\/gallery\/20121216_marche-de-noel-a-reims\/20121216_marche_noel_reims_36.jpg\"\n\t\t\t\ttitle=\"\"\n\t\t\t\tdata-src=\"https:\/\/www.comitenervo.fr\/wp-content\/gallery\/20121216_marche-de-noel-a-reims\/20121216_marche_noel_reims_36.jpg\"\n\t\t\t\tdata-thumbnail=\"https:\/\/www.comitenervo.fr\/wp-content\/gallery\/20121216_marche-de-noel-a-reims\/thumbs\/thumbs_20121216_marche_noel_reims_36.jpg\"\n\t\t\t\tdata-image-id=\"1165\"\n\t\t\t\tdata-title=\"20121216_marche_noel_reims_36\"\n\t\t\t\tdata-description=\"\"\n\t\t\t\tdata-image-slug=\"20121216_marche_noel_reims_36\"\n\t\t\t\tclass=\"ngg-fancybox\" rel=\"12e84fef577ee6bb8e268150d37d4a86\">\n\t\t\t\t<img\n\t\t\t\t\ttitle=\"20121216_marche_noel_reims_36\"\n\t\t\t\t\talt=\"20121216_marche_noel_reims_36\"\n\t\t\t\t\tsrc=\"https:\/\/www.comitenervo.fr\/wp-content\/gallery\/20121216_marche-de-noel-a-reims\/thumbs\/thumbs_20121216_marche_noel_reims_36.jpg\"\n\t\t\t\t\twidth=\"100\"\n\t\t\t\t\theight=\"75\"\n\t\t\t\t\tstyle=\"max-width:100%;\"\n\t\t\t\t\/>\n\t\t\t<\/a>\n\t\t<\/div>\n\t\t\t\t\t\t\t<\/div> \n\t\t\t\n\t\t\t\t<div id=\"ngg-image-36\" class=\"ngg-gallery-thumbnail-box \n\t\t\t\t\t\t\t\t\t\t\t\" \n\t\t\t>\n\t\t\t\t\t\t<div class=\"ngg-gallery-thumbnail\">\n\t\t\t<a href=\"https:\/\/www.comitenervo.fr\/wp-content\/gallery\/20121216_marche-de-noel-a-reims\/20121216_marche_noel_reims_37.jpg\"\n\t\t\t\ttitle=\"\"\n\t\t\t\tdata-src=\"https:\/\/www.comitenervo.fr\/wp-content\/gallery\/20121216_marche-de-noel-a-reims\/20121216_marche_noel_reims_37.jpg\"\n\t\t\t\tdata-thumbnail=\"https:\/\/www.comitenervo.fr\/wp-content\/gallery\/20121216_marche-de-noel-a-reims\/thumbs\/thumbs_20121216_marche_noel_reims_37.jpg\"\n\t\t\t\tdata-image-id=\"1166\"\n\t\t\t\tdata-title=\"20121216_marche_noel_reims_37\"\n\t\t\t\tdata-description=\"\"\n\t\t\t\tdata-image-slug=\"20121216_marche_noel_reims_37\"\n\t\t\t\tclass=\"ngg-fancybox\" rel=\"12e84fef577ee6bb8e268150d37d4a86\">\n\t\t\t\t<img\n\t\t\t\t\ttitle=\"20121216_marche_noel_reims_37\"\n\t\t\t\t\talt=\"20121216_marche_noel_reims_37\"\n\t\t\t\t\tsrc=\"https:\/\/www.comitenervo.fr\/wp-content\/gallery\/20121216_marche-de-noel-a-reims\/thumbs\/thumbs_20121216_marche_noel_reims_37.jpg\"\n\t\t\t\t\twidth=\"100\"\n\t\t\t\t\theight=\"75\"\n\t\t\t\t\tstyle=\"max-width:100%;\"\n\t\t\t\t\/>\n\t\t\t<\/a>\n\t\t<\/div>\n\t\t\t\t\t\t\t<\/div> \n\t\t\t\n\t\t\t\t<div id=\"ngg-image-37\" class=\"ngg-gallery-thumbnail-box \n\t\t\t\t\t\t\t\t\t\t\t\" \n\t\t\t>\n\t\t\t\t\t\t<div class=\"ngg-gallery-thumbnail\">\n\t\t\t<a href=\"https:\/\/www.comitenervo.fr\/wp-content\/gallery\/20121216_marche-de-noel-a-reims\/20121216_marche_noel_reims_38.jpg\"\n\t\t\t\ttitle=\"\"\n\t\t\t\tdata-src=\"https:\/\/www.comitenervo.fr\/wp-content\/gallery\/20121216_marche-de-noel-a-reims\/20121216_marche_noel_reims_38.jpg\"\n\t\t\t\tdata-thumbnail=\"https:\/\/www.comitenervo.fr\/wp-content\/gallery\/20121216_marche-de-noel-a-reims\/thumbs\/thumbs_20121216_marche_noel_reims_38.jpg\"\n\t\t\t\tdata-image-id=\"1167\"\n\t\t\t\tdata-title=\"20121216_marche_noel_reims_38\"\n\t\t\t\tdata-description=\"\"\n\t\t\t\tdata-image-slug=\"20121216_marche_noel_reims_38\"\n\t\t\t\tclass=\"ngg-fancybox\" rel=\"12e84fef577ee6bb8e268150d37d4a86\">\n\t\t\t\t<img\n\t\t\t\t\ttitle=\"20121216_marche_noel_reims_38\"\n\t\t\t\t\talt=\"20121216_marche_noel_reims_38\"\n\t\t\t\t\tsrc=\"https:\/\/www.comitenervo.fr\/wp-content\/gallery\/20121216_marche-de-noel-a-reims\/thumbs\/thumbs_20121216_marche_noel_reims_38.jpg\"\n\t\t\t\t\twidth=\"100\"\n\t\t\t\t\theight=\"75\"\n\t\t\t\t\tstyle=\"max-width:100%;\"\n\t\t\t\t\/>\n\t\t\t<\/a>\n\t\t<\/div>\n\t\t\t\t\t\t\t<\/div> \n\t\t\t\n\t\t\t\t<div id=\"ngg-image-38\" class=\"ngg-gallery-thumbnail-box \n\t\t\t\t\t\t\t\t\t\t\t\" \n\t\t\t>\n\t\t\t\t\t\t<div class=\"ngg-gallery-thumbnail\">\n\t\t\t<a href=\"https:\/\/www.comitenervo.fr\/wp-content\/gallery\/20121216_marche-de-noel-a-reims\/20121216_marche_noel_reims_39.jpg\"\n\t\t\t\ttitle=\"\"\n\t\t\t\tdata-src=\"https:\/\/www.comitenervo.fr\/wp-content\/gallery\/20121216_marche-de-noel-a-reims\/20121216_marche_noel_reims_39.jpg\"\n\t\t\t\tdata-thumbnail=\"https:\/\/www.comitenervo.fr\/wp-content\/gallery\/20121216_marche-de-noel-a-reims\/thumbs\/thumbs_20121216_marche_noel_reims_39.jpg\"\n\t\t\t\tdata-image-id=\"1168\"\n\t\t\t\tdata-title=\"20121216_marche_noel_reims_39\"\n\t\t\t\tdata-description=\"\"\n\t\t\t\tdata-image-slug=\"20121216_marche_noel_reims_39\"\n\t\t\t\tclass=\"ngg-fancybox\" rel=\"12e84fef577ee6bb8e268150d37d4a86\">\n\t\t\t\t<img\n\t\t\t\t\ttitle=\"20121216_marche_noel_reims_39\"\n\t\t\t\t\talt=\"20121216_marche_noel_reims_39\"\n\t\t\t\t\tsrc=\"https:\/\/www.comitenervo.fr\/wp-content\/gallery\/20121216_marche-de-noel-a-reims\/thumbs\/thumbs_20121216_marche_noel_reims_39.jpg\"\n\t\t\t\t\twidth=\"100\"\n\t\t\t\t\theight=\"75\"\n\t\t\t\t\tstyle=\"max-width:100%;\"\n\t\t\t\t\/>\n\t\t\t<\/a>\n\t\t<\/div>\n\t\t\t\t\t\t\t<\/div> \n\t\t\t\n\t\t\t\t<div id=\"ngg-image-39\" class=\"ngg-gallery-thumbnail-box \n\t\t\t\t\t\t\t\t\t\t\t\" \n\t\t\t>\n\t\t\t\t\t\t<div class=\"ngg-gallery-thumbnail\">\n\t\t\t<a href=\"https:\/\/www.comitenervo.fr\/wp-content\/gallery\/20121216_marche-de-noel-a-reims\/20121216_marche_noel_reims_40.jpg\"\n\t\t\t\ttitle=\"\"\n\t\t\t\tdata-src=\"https:\/\/www.comitenervo.fr\/wp-content\/gallery\/20121216_marche-de-noel-a-reims\/20121216_marche_noel_reims_40.jpg\"\n\t\t\t\tdata-thumbnail=\"https:\/\/www.comitenervo.fr\/wp-content\/gallery\/20121216_marche-de-noel-a-reims\/thumbs\/thumbs_20121216_marche_noel_reims_40.jpg\"\n\t\t\t\tdata-image-id=\"1169\"\n\t\t\t\tdata-title=\"20121216_marche_noel_reims_40\"\n\t\t\t\tdata-description=\"\"\n\t\t\t\tdata-image-slug=\"20121216_marche_noel_reims_40\"\n\t\t\t\tclass=\"ngg-fancybox\" rel=\"12e84fef577ee6bb8e268150d37d4a86\">\n\t\t\t\t<img\n\t\t\t\t\ttitle=\"20121216_marche_noel_reims_40\"\n\t\t\t\t\talt=\"20121216_marche_noel_reims_40\"\n\t\t\t\t\tsrc=\"https:\/\/www.comitenervo.fr\/wp-content\/gallery\/20121216_marche-de-noel-a-reims\/thumbs\/thumbs_20121216_marche_noel_reims_40.jpg\"\n\t\t\t\t\twidth=\"100\"\n\t\t\t\t\theight=\"75\"\n\t\t\t\t\tstyle=\"max-width:100%;\"\n\t\t\t\t\/>\n\t\t\t<\/a>\n\t\t<\/div>\n\t\t\t\t\t\t\t<\/div> \n\t\t\t\n\t\t\t\t<div id=\"ngg-image-40\" class=\"ngg-gallery-thumbnail-box \n\t\t\t\t\t\t\t\t\t\t\t\" \n\t\t\t>\n\t\t\t\t\t\t<div class=\"ngg-gallery-thumbnail\">\n\t\t\t<a href=\"https:\/\/www.comitenervo.fr\/wp-content\/gallery\/20121216_marche-de-noel-a-reims\/20121216_marche_noel_reims_41.jpg\"\n\t\t\t\ttitle=\"\"\n\t\t\t\tdata-src=\"https:\/\/www.comitenervo.fr\/wp-content\/gallery\/20121216_marche-de-noel-a-reims\/20121216_marche_noel_reims_41.jpg\"\n\t\t\t\tdata-thumbnail=\"https:\/\/www.comitenervo.fr\/wp-content\/gallery\/20121216_marche-de-noel-a-reims\/thumbs\/thumbs_20121216_marche_noel_reims_41.jpg\"\n\t\t\t\tdata-image-id=\"1170\"\n\t\t\t\tdata-title=\"20121216_marche_noel_reims_41\"\n\t\t\t\tdata-description=\"\"\n\t\t\t\tdata-image-slug=\"20121216_marche_noel_reims_41\"\n\t\t\t\tclass=\"ngg-fancybox\" rel=\"12e84fef577ee6bb8e268150d37d4a86\">\n\t\t\t\t<img\n\t\t\t\t\ttitle=\"20121216_marche_noel_reims_41\"\n\t\t\t\t\talt=\"20121216_marche_noel_reims_41\"\n\t\t\t\t\tsrc=\"https:\/\/www.comitenervo.fr\/wp-content\/gallery\/20121216_marche-de-noel-a-reims\/thumbs\/thumbs_20121216_marche_noel_reims_41.jpg\"\n\t\t\t\t\twidth=\"100\"\n\t\t\t\t\theight=\"75\"\n\t\t\t\t\tstyle=\"max-width:100%;\"\n\t\t\t\t\/>\n\t\t\t<\/a>\n\t\t<\/div>\n\t\t\t\t\t\t\t<\/div> \n\t\t\t\n\t\t\t\t<div id=\"ngg-image-41\" class=\"ngg-gallery-thumbnail-box \n\t\t\t\t\t\t\t\t\t\t\t\" \n\t\t\t>\n\t\t\t\t\t\t<div class=\"ngg-gallery-thumbnail\">\n\t\t\t<a href=\"https:\/\/www.comitenervo.fr\/wp-content\/gallery\/20121216_marche-de-noel-a-reims\/20121216_marche_noel_reims_42.jpg\"\n\t\t\t\ttitle=\"\"\n\t\t\t\tdata-src=\"https:\/\/www.comitenervo.fr\/wp-content\/gallery\/20121216_marche-de-noel-a-reims\/20121216_marche_noel_reims_42.jpg\"\n\t\t\t\tdata-thumbnail=\"https:\/\/www.comitenervo.fr\/wp-content\/gallery\/20121216_marche-de-noel-a-reims\/thumbs\/thumbs_20121216_marche_noel_reims_42.jpg\"\n\t\t\t\tdata-image-id=\"1171\"\n\t\t\t\tdata-title=\"20121216_marche_noel_reims_42\"\n\t\t\t\tdata-description=\"\"\n\t\t\t\tdata-image-slug=\"20121216_marche_noel_reims_42\"\n\t\t\t\tclass=\"ngg-fancybox\" rel=\"12e84fef577ee6bb8e268150d37d4a86\">\n\t\t\t\t<img\n\t\t\t\t\ttitle=\"20121216_marche_noel_reims_42\"\n\t\t\t\t\talt=\"20121216_marche_noel_reims_42\"\n\t\t\t\t\tsrc=\"https:\/\/www.comitenervo.fr\/wp-content\/gallery\/20121216_marche-de-noel-a-reims\/thumbs\/thumbs_20121216_marche_noel_reims_42.jpg\"\n\t\t\t\t\twidth=\"100\"\n\t\t\t\t\theight=\"75\"\n\t\t\t\t\tstyle=\"max-width:100%;\"\n\t\t\t\t\/>\n\t\t\t<\/a>\n\t\t<\/div>\n\t\t\t\t\t\t\t<\/div> \n\t\t\t\n\t\t\t\t<div id=\"ngg-image-42\" class=\"ngg-gallery-thumbnail-box \n\t\t\t\t\t\t\t\t\t\t\t\" \n\t\t\t>\n\t\t\t\t\t\t<div class=\"ngg-gallery-thumbnail\">\n\t\t\t<a href=\"https:\/\/www.comitenervo.fr\/wp-content\/gallery\/20121216_marche-de-noel-a-reims\/20121216_marche_noel_reims_43.jpg\"\n\t\t\t\ttitle=\"\"\n\t\t\t\tdata-src=\"https:\/\/www.comitenervo.fr\/wp-content\/gallery\/20121216_marche-de-noel-a-reims\/20121216_marche_noel_reims_43.jpg\"\n\t\t\t\tdata-thumbnail=\"https:\/\/www.comitenervo.fr\/wp-content\/gallery\/20121216_marche-de-noel-a-reims\/thumbs\/thumbs_20121216_marche_noel_reims_43.jpg\"\n\t\t\t\tdata-image-id=\"1172\"\n\t\t\t\tdata-title=\"20121216_marche_noel_reims_43\"\n\t\t\t\tdata-description=\"\"\n\t\t\t\tdata-image-slug=\"20121216_marche_noel_reims_43\"\n\t\t\t\tclass=\"ngg-fancybox\" rel=\"12e84fef577ee6bb8e268150d37d4a86\">\n\t\t\t\t<img\n\t\t\t\t\ttitle=\"20121216_marche_noel_reims_43\"\n\t\t\t\t\talt=\"20121216_marche_noel_reims_43\"\n\t\t\t\t\tsrc=\"https:\/\/www.comitenervo.fr\/wp-content\/gallery\/20121216_marche-de-noel-a-reims\/thumbs\/thumbs_20121216_marche_noel_reims_43.jpg\"\n\t\t\t\t\twidth=\"100\"\n\t\t\t\t\theight=\"75\"\n\t\t\t\t\tstyle=\"max-width:100%;\"\n\t\t\t\t\/>\n\t\t\t<\/a>\n\t\t<\/div>\n\t\t\t\t\t\t\t<\/div> \n\t\t\t\n\t\t\t\t<div id=\"ngg-image-43\" class=\"ngg-gallery-thumbnail-box \n\t\t\t\t\t\t\t\t\t\t\t\" \n\t\t\t>\n\t\t\t\t\t\t<div class=\"ngg-gallery-thumbnail\">\n\t\t\t<a href=\"https:\/\/www.comitenervo.fr\/wp-content\/gallery\/20121216_marche-de-noel-a-reims\/20121216_marche_noel_reims_44.jpg\"\n\t\t\t\ttitle=\"\"\n\t\t\t\tdata-src=\"https:\/\/www.comitenervo.fr\/wp-content\/gallery\/20121216_marche-de-noel-a-reims\/20121216_marche_noel_reims_44.jpg\"\n\t\t\t\tdata-thumbnail=\"https:\/\/www.comitenervo.fr\/wp-content\/gallery\/20121216_marche-de-noel-a-reims\/thumbs\/thumbs_20121216_marche_noel_reims_44.jpg\"\n\t\t\t\tdata-image-id=\"1173\"\n\t\t\t\tdata-title=\"20121216_marche_noel_reims_44\"\n\t\t\t\tdata-description=\"\"\n\t\t\t\tdata-image-slug=\"20121216_marche_noel_reims_44\"\n\t\t\t\tclass=\"ngg-fancybox\" rel=\"12e84fef577ee6bb8e268150d37d4a86\">\n\t\t\t\t<img\n\t\t\t\t\ttitle=\"20121216_marche_noel_reims_44\"\n\t\t\t\t\talt=\"20121216_marche_noel_reims_44\"\n\t\t\t\t\tsrc=\"https:\/\/www.comitenervo.fr\/wp-content\/gallery\/20121216_marche-de-noel-a-reims\/thumbs\/thumbs_20121216_marche_noel_reims_44.jpg\"\n\t\t\t\t\twidth=\"100\"\n\t\t\t\t\theight=\"75\"\n\t\t\t\t\tstyle=\"max-width:100%;\"\n\t\t\t\t\/>\n\t\t\t<\/a>\n\t\t<\/div>\n\t\t\t\t\t\t\t<\/div> \n\t\t\t\n\t\t\t\t<div id=\"ngg-image-44\" class=\"ngg-gallery-thumbnail-box \n\t\t\t\t\t\t\t\t\t\t\t\" \n\t\t\t>\n\t\t\t\t\t\t<div class=\"ngg-gallery-thumbnail\">\n\t\t\t<a href=\"https:\/\/www.comitenervo.fr\/wp-content\/gallery\/20121216_marche-de-noel-a-reims\/20121216_marche_noel_reims_45.jpg\"\n\t\t\t\ttitle=\"\"\n\t\t\t\tdata-src=\"https:\/\/www.comitenervo.fr\/wp-content\/gallery\/20121216_marche-de-noel-a-reims\/20121216_marche_noel_reims_45.jpg\"\n\t\t\t\tdata-thumbnail=\"https:\/\/www.comitenervo.fr\/wp-content\/gallery\/20121216_marche-de-noel-a-reims\/thumbs\/thumbs_20121216_marche_noel_reims_45.jpg\"\n\t\t\t\tdata-image-id=\"1174\"\n\t\t\t\tdata-title=\"20121216_marche_noel_reims_45\"\n\t\t\t\tdata-description=\"\"\n\t\t\t\tdata-image-slug=\"20121216_marche_noel_reims_45\"\n\t\t\t\tclass=\"ngg-fancybox\" rel=\"12e84fef577ee6bb8e268150d37d4a86\">\n\t\t\t\t<img\n\t\t\t\t\ttitle=\"20121216_marche_noel_reims_45\"\n\t\t\t\t\talt=\"20121216_marche_noel_reims_45\"\n\t\t\t\t\tsrc=\"https:\/\/www.comitenervo.fr\/wp-content\/gallery\/20121216_marche-de-noel-a-reims\/thumbs\/thumbs_20121216_marche_noel_reims_45.jpg\"\n\t\t\t\t\twidth=\"100\"\n\t\t\t\t\theight=\"75\"\n\t\t\t\t\tstyle=\"max-width:100%;\"\n\t\t\t\t\/>\n\t\t\t<\/a>\n\t\t<\/div>\n\t\t\t\t\t\t\t<\/div> \n\t\t\t\n\t\t\t\t<div id=\"ngg-image-45\" class=\"ngg-gallery-thumbnail-box \n\t\t\t\t\t\t\t\t\t\t\t\" \n\t\t\t>\n\t\t\t\t\t\t<div class=\"ngg-gallery-thumbnail\">\n\t\t\t<a href=\"https:\/\/www.comitenervo.fr\/wp-content\/gallery\/20121216_marche-de-noel-a-reims\/20121216_marche_noel_reims_46.jpg\"\n\t\t\t\ttitle=\"\"\n\t\t\t\tdata-src=\"https:\/\/www.comitenervo.fr\/wp-content\/gallery\/20121216_marche-de-noel-a-reims\/20121216_marche_noel_reims_46.jpg\"\n\t\t\t\tdata-thumbnail=\"https:\/\/www.comitenervo.fr\/wp-content\/gallery\/20121216_marche-de-noel-a-reims\/thumbs\/thumbs_20121216_marche_noel_reims_46.jpg\"\n\t\t\t\tdata-image-id=\"1175\"\n\t\t\t\tdata-title=\"20121216_marche_noel_reims_46\"\n\t\t\t\tdata-description=\"\"\n\t\t\t\tdata-image-slug=\"20121216_marche_noel_reims_46\"\n\t\t\t\tclass=\"ngg-fancybox\" rel=\"12e84fef577ee6bb8e268150d37d4a86\">\n\t\t\t\t<img\n\t\t\t\t\ttitle=\"20121216_marche_noel_reims_46\"\n\t\t\t\t\talt=\"20121216_marche_noel_reims_46\"\n\t\t\t\t\tsrc=\"https:\/\/www.comitenervo.fr\/wp-content\/gallery\/20121216_marche-de-noel-a-reims\/thumbs\/thumbs_20121216_marche_noel_reims_46.jpg\"\n\t\t\t\t\twidth=\"100\"\n\t\t\t\t\theight=\"75\"\n\t\t\t\t\tstyle=\"max-width:100%;\"\n\t\t\t\t\/>\n\t\t\t<\/a>\n\t\t<\/div>\n\t\t\t\t\t\t\t<\/div> \n\t\t\t\n\t\t\t\t<div id=\"ngg-image-46\" class=\"ngg-gallery-thumbnail-box \n\t\t\t\t\t\t\t\t\t\t\t\" \n\t\t\t>\n\t\t\t\t\t\t<div class=\"ngg-gallery-thumbnail\">\n\t\t\t<a href=\"https:\/\/www.comitenervo.fr\/wp-content\/gallery\/20121216_marche-de-noel-a-reims\/20121216_marche_noel_reims_47.jpg\"\n\t\t\t\ttitle=\"\"\n\t\t\t\tdata-src=\"https:\/\/www.comitenervo.fr\/wp-content\/gallery\/20121216_marche-de-noel-a-reims\/20121216_marche_noel_reims_47.jpg\"\n\t\t\t\tdata-thumbnail=\"https:\/\/www.comitenervo.fr\/wp-content\/gallery\/20121216_marche-de-noel-a-reims\/thumbs\/thumbs_20121216_marche_noel_reims_47.jpg\"\n\t\t\t\tdata-image-id=\"1176\"\n\t\t\t\tdata-title=\"20121216_marche_noel_reims_47\"\n\t\t\t\tdata-description=\"\"\n\t\t\t\tdata-image-slug=\"20121216_marche_noel_reims_47\"\n\t\t\t\tclass=\"ngg-fancybox\" rel=\"12e84fef577ee6bb8e268150d37d4a86\">\n\t\t\t\t<img\n\t\t\t\t\ttitle=\"20121216_marche_noel_reims_47\"\n\t\t\t\t\talt=\"20121216_marche_noel_reims_47\"\n\t\t\t\t\tsrc=\"https:\/\/www.comitenervo.fr\/wp-content\/gallery\/20121216_marche-de-noel-a-reims\/thumbs\/thumbs_20121216_marche_noel_reims_47.jpg\"\n\t\t\t\t\twidth=\"100\"\n\t\t\t\t\theight=\"75\"\n\t\t\t\t\tstyle=\"max-width:100%;\"\n\t\t\t\t\/>\n\t\t\t<\/a>\n\t\t<\/div>\n\t\t\t\t\t\t\t<\/div> \n\t\t\t\n\t\t\t\t<div id=\"ngg-image-47\" class=\"ngg-gallery-thumbnail-box \n\t\t\t\t\t\t\t\t\t\t\t\" \n\t\t\t>\n\t\t\t\t\t\t<div class=\"ngg-gallery-thumbnail\">\n\t\t\t<a href=\"https:\/\/www.comitenervo.fr\/wp-content\/gallery\/20121216_marche-de-noel-a-reims\/20121216_marche_noel_reims_48.jpg\"\n\t\t\t\ttitle=\"\"\n\t\t\t\tdata-src=\"https:\/\/www.comitenervo.fr\/wp-content\/gallery\/20121216_marche-de-noel-a-reims\/20121216_marche_noel_reims_48.jpg\"\n\t\t\t\tdata-thumbnail=\"https:\/\/www.comitenervo.fr\/wp-content\/gallery\/20121216_marche-de-noel-a-reims\/thumbs\/thumbs_20121216_marche_noel_reims_48.jpg\"\n\t\t\t\tdata-image-id=\"1177\"\n\t\t\t\tdata-title=\"20121216_marche_noel_reims_48\"\n\t\t\t\tdata-description=\"\"\n\t\t\t\tdata-image-slug=\"20121216_marche_noel_reims_48\"\n\t\t\t\tclass=\"ngg-fancybox\" rel=\"12e84fef577ee6bb8e268150d37d4a86\">\n\t\t\t\t<img\n\t\t\t\t\ttitle=\"20121216_marche_noel_reims_48\"\n\t\t\t\t\talt=\"20121216_marche_noel_reims_48\"\n\t\t\t\t\tsrc=\"https:\/\/www.comitenervo.fr\/wp-content\/gallery\/20121216_marche-de-noel-a-reims\/thumbs\/thumbs_20121216_marche_noel_reims_48.jpg\"\n\t\t\t\t\twidth=\"100\"\n\t\t\t\t\theight=\"75\"\n\t\t\t\t\tstyle=\"max-width:100%;\"\n\t\t\t\t\/>\n\t\t\t<\/a>\n\t\t<\/div>\n\t\t\t\t\t\t\t<\/div> \n\t\t\t\n\t\t\t\t<div id=\"ngg-image-48\" class=\"ngg-gallery-thumbnail-box \n\t\t\t\t\t\t\t\t\t\t\t\" \n\t\t\t>\n\t\t\t\t\t\t<div class=\"ngg-gallery-thumbnail\">\n\t\t\t<a href=\"https:\/\/www.comitenervo.fr\/wp-content\/gallery\/20121216_marche-de-noel-a-reims\/20121216_marche_noel_reims_49.jpg\"\n\t\t\t\ttitle=\"\"\n\t\t\t\tdata-src=\"https:\/\/www.comitenervo.fr\/wp-content\/gallery\/20121216_marche-de-noel-a-reims\/20121216_marche_noel_reims_49.jpg\"\n\t\t\t\tdata-thumbnail=\"https:\/\/www.comitenervo.fr\/wp-content\/gallery\/20121216_marche-de-noel-a-reims\/thumbs\/thumbs_20121216_marche_noel_reims_49.jpg\"\n\t\t\t\tdata-image-id=\"1178\"\n\t\t\t\tdata-title=\"20121216_marche_noel_reims_49\"\n\t\t\t\tdata-description=\"\"\n\t\t\t\tdata-image-slug=\"20121216_marche_noel_reims_49\"\n\t\t\t\tclass=\"ngg-fancybox\" rel=\"12e84fef577ee6bb8e268150d37d4a86\">\n\t\t\t\t<img\n\t\t\t\t\ttitle=\"20121216_marche_noel_reims_49\"\n\t\t\t\t\talt=\"20121216_marche_noel_reims_49\"\n\t\t\t\t\tsrc=\"https:\/\/www.comitenervo.fr\/wp-content\/gallery\/20121216_marche-de-noel-a-reims\/thumbs\/thumbs_20121216_marche_noel_reims_49.jpg\"\n\t\t\t\t\twidth=\"100\"\n\t\t\t\t\theight=\"75\"\n\t\t\t\t\tstyle=\"max-width:100%;\"\n\t\t\t\t\/>\n\t\t\t<\/a>\n\t\t<\/div>\n\t\t\t\t\t\t\t<\/div> \n\t\t\t\n\t\t\t\t<div id=\"ngg-image-49\" class=\"ngg-gallery-thumbnail-box \n\t\t\t\t\t\t\t\t\t\t\t\" \n\t\t\t>\n\t\t\t\t\t\t<div class=\"ngg-gallery-thumbnail\">\n\t\t\t<a href=\"https:\/\/www.comitenervo.fr\/wp-content\/gallery\/20121216_marche-de-noel-a-reims\/20121216_marche_noel_reims_50.jpg\"\n\t\t\t\ttitle=\"\"\n\t\t\t\tdata-src=\"https:\/\/www.comitenervo.fr\/wp-content\/gallery\/20121216_marche-de-noel-a-reims\/20121216_marche_noel_reims_50.jpg\"\n\t\t\t\tdata-thumbnail=\"https:\/\/www.comitenervo.fr\/wp-content\/gallery\/20121216_marche-de-noel-a-reims\/thumbs\/thumbs_20121216_marche_noel_reims_50.jpg\"\n\t\t\t\tdata-image-id=\"1179\"\n\t\t\t\tdata-title=\"20121216_marche_noel_reims_50\"\n\t\t\t\tdata-description=\"\"\n\t\t\t\tdata-image-slug=\"20121216_marche_noel_reims_50\"\n\t\t\t\tclass=\"ngg-fancybox\" rel=\"12e84fef577ee6bb8e268150d37d4a86\">\n\t\t\t\t<img\n\t\t\t\t\ttitle=\"20121216_marche_noel_reims_50\"\n\t\t\t\t\talt=\"20121216_marche_noel_reims_50\"\n\t\t\t\t\tsrc=\"https:\/\/www.comitenervo.fr\/wp-content\/gallery\/20121216_marche-de-noel-a-reims\/thumbs\/thumbs_20121216_marche_noel_reims_50.jpg\"\n\t\t\t\t\twidth=\"100\"\n\t\t\t\t\theight=\"75\"\n\t\t\t\t\tstyle=\"max-width:100%;\"\n\t\t\t\t\/>\n\t\t\t<\/a>\n\t\t<\/div>\n\t\t\t\t\t\t\t<\/div> \n\t\t\t\n\t\t\t\t<div id=\"ngg-image-50\" class=\"ngg-gallery-thumbnail-box \n\t\t\t\t\t\t\t\t\t\t\t\" \n\t\t\t>\n\t\t\t\t\t\t<div class=\"ngg-gallery-thumbnail\">\n\t\t\t<a href=\"https:\/\/www.comitenervo.fr\/wp-content\/gallery\/20121216_marche-de-noel-a-reims\/20121216_marche_noel_reims_51.jpg\"\n\t\t\t\ttitle=\"\"\n\t\t\t\tdata-src=\"https:\/\/www.comitenervo.fr\/wp-content\/gallery\/20121216_marche-de-noel-a-reims\/20121216_marche_noel_reims_51.jpg\"\n\t\t\t\tdata-thumbnail=\"https:\/\/www.comitenervo.fr\/wp-content\/gallery\/20121216_marche-de-noel-a-reims\/thumbs\/thumbs_20121216_marche_noel_reims_51.jpg\"\n\t\t\t\tdata-image-id=\"1180\"\n\t\t\t\tdata-title=\"20121216_marche_noel_reims_51\"\n\t\t\t\tdata-description=\"\"\n\t\t\t\tdata-image-slug=\"20121216_marche_noel_reims_51\"\n\t\t\t\tclass=\"ngg-fancybox\" rel=\"12e84fef577ee6bb8e268150d37d4a86\">\n\t\t\t\t<img\n\t\t\t\t\ttitle=\"20121216_marche_noel_reims_51\"\n\t\t\t\t\talt=\"20121216_marche_noel_reims_51\"\n\t\t\t\t\tsrc=\"https:\/\/www.comitenervo.fr\/wp-content\/gallery\/20121216_marche-de-noel-a-reims\/thumbs\/thumbs_20121216_marche_noel_reims_51.jpg\"\n\t\t\t\t\twidth=\"100\"\n\t\t\t\t\theight=\"75\"\n\t\t\t\t\tstyle=\"max-width:100%;\"\n\t\t\t\t\/>\n\t\t\t<\/a>\n\t\t<\/div>\n\t\t\t\t\t\t\t<\/div> \n\t\t\t\n\t\t\t\t<div id=\"ngg-image-51\" class=\"ngg-gallery-thumbnail-box \n\t\t\t\t\t\t\t\t\t\t\t\" \n\t\t\t>\n\t\t\t\t\t\t<div class=\"ngg-gallery-thumbnail\">\n\t\t\t<a href=\"https:\/\/www.comitenervo.fr\/wp-content\/gallery\/20121216_marche-de-noel-a-reims\/20121216_marche_noel_reims_52.jpg\"\n\t\t\t\ttitle=\"\"\n\t\t\t\tdata-src=\"https:\/\/www.comitenervo.fr\/wp-content\/gallery\/20121216_marche-de-noel-a-reims\/20121216_marche_noel_reims_52.jpg\"\n\t\t\t\tdata-thumbnail=\"https:\/\/www.comitenervo.fr\/wp-content\/gallery\/20121216_marche-de-noel-a-reims\/thumbs\/thumbs_20121216_marche_noel_reims_52.jpg\"\n\t\t\t\tdata-image-id=\"1181\"\n\t\t\t\tdata-title=\"20121216_marche_noel_reims_52\"\n\t\t\t\tdata-description=\"\"\n\t\t\t\tdata-image-slug=\"20121216_marche_noel_reims_52\"\n\t\t\t\tclass=\"ngg-fancybox\" rel=\"12e84fef577ee6bb8e268150d37d4a86\">\n\t\t\t\t<img\n\t\t\t\t\ttitle=\"20121216_marche_noel_reims_52\"\n\t\t\t\t\talt=\"20121216_marche_noel_reims_52\"\n\t\t\t\t\tsrc=\"https:\/\/www.comitenervo.fr\/wp-content\/gallery\/20121216_marche-de-noel-a-reims\/thumbs\/thumbs_20121216_marche_noel_reims_52.jpg\"\n\t\t\t\t\twidth=\"100\"\n\t\t\t\t\theight=\"75\"\n\t\t\t\t\tstyle=\"max-width:100%;\"\n\t\t\t\t\/>\n\t\t\t<\/a>\n\t\t<\/div>\n\t\t\t\t\t\t\t<\/div> \n\t\t\t\n\t\t\t\t<div id=\"ngg-image-52\" class=\"ngg-gallery-thumbnail-box \n\t\t\t\t\t\t\t\t\t\t\t\" \n\t\t\t>\n\t\t\t\t\t\t<div class=\"ngg-gallery-thumbnail\">\n\t\t\t<a href=\"https:\/\/www.comitenervo.fr\/wp-content\/gallery\/20121216_marche-de-noel-a-reims\/20121216_marche_noel_reims_53.jpg\"\n\t\t\t\ttitle=\"\"\n\t\t\t\tdata-src=\"https:\/\/www.comitenervo.fr\/wp-content\/gallery\/20121216_marche-de-noel-a-reims\/20121216_marche_noel_reims_53.jpg\"\n\t\t\t\tdata-thumbnail=\"https:\/\/www.comitenervo.fr\/wp-content\/gallery\/20121216_marche-de-noel-a-reims\/thumbs\/thumbs_20121216_marche_noel_reims_53.jpg\"\n\t\t\t\tdata-image-id=\"1182\"\n\t\t\t\tdata-title=\"20121216_marche_noel_reims_53\"\n\t\t\t\tdata-description=\"\"\n\t\t\t\tdata-image-slug=\"20121216_marche_noel_reims_53\"\n\t\t\t\tclass=\"ngg-fancybox\" rel=\"12e84fef577ee6bb8e268150d37d4a86\">\n\t\t\t\t<img\n\t\t\t\t\ttitle=\"20121216_marche_noel_reims_53\"\n\t\t\t\t\talt=\"20121216_marche_noel_reims_53\"\n\t\t\t\t\tsrc=\"https:\/\/www.comitenervo.fr\/wp-content\/gallery\/20121216_marche-de-noel-a-reims\/thumbs\/thumbs_20121216_marche_noel_reims_53.jpg\"\n\t\t\t\t\twidth=\"100\"\n\t\t\t\t\theight=\"75\"\n\t\t\t\t\tstyle=\"max-width:100%;\"\n\t\t\t\t\/>\n\t\t\t<\/a>\n\t\t<\/div>\n\t\t\t\t\t\t\t<\/div> \n\t\t\t\n\t\t\t\t<div id=\"ngg-image-53\" class=\"ngg-gallery-thumbnail-box \n\t\t\t\t\t\t\t\t\t\t\t\" \n\t\t\t>\n\t\t\t\t\t\t<div class=\"ngg-gallery-thumbnail\">\n\t\t\t<a href=\"https:\/\/www.comitenervo.fr\/wp-content\/gallery\/20121216_marche-de-noel-a-reims\/20121216_marche_noel_reims_54.jpg\"\n\t\t\t\ttitle=\"\"\n\t\t\t\tdata-src=\"https:\/\/www.comitenervo.fr\/wp-content\/gallery\/20121216_marche-de-noel-a-reims\/20121216_marche_noel_reims_54.jpg\"\n\t\t\t\tdata-thumbnail=\"https:\/\/www.comitenervo.fr\/wp-content\/gallery\/20121216_marche-de-noel-a-reims\/thumbs\/thumbs_20121216_marche_noel_reims_54.jpg\"\n\t\t\t\tdata-image-id=\"1183\"\n\t\t\t\tdata-title=\"20121216_marche_noel_reims_54\"\n\t\t\t\tdata-description=\"\"\n\t\t\t\tdata-image-slug=\"20121216_marche_noel_reims_54\"\n\t\t\t\tclass=\"ngg-fancybox\" rel=\"12e84fef577ee6bb8e268150d37d4a86\">\n\t\t\t\t<img\n\t\t\t\t\ttitle=\"20121216_marche_noel_reims_54\"\n\t\t\t\t\talt=\"20121216_marche_noel_reims_54\"\n\t\t\t\t\tsrc=\"https:\/\/www.comitenervo.fr\/wp-content\/gallery\/20121216_marche-de-noel-a-reims\/thumbs\/thumbs_20121216_marche_noel_reims_54.jpg\"\n\t\t\t\t\twidth=\"100\"\n\t\t\t\t\theight=\"75\"\n\t\t\t\t\tstyle=\"max-width:100%;\"\n\t\t\t\t\/>\n\t\t\t<\/a>\n\t\t<\/div>\n\t\t\t\t\t\t\t<\/div> \n\t\t\t\n\t\t\t\t<div id=\"ngg-image-54\" class=\"ngg-gallery-thumbnail-box \n\t\t\t\t\t\t\t\t\t\t\t\" \n\t\t\t>\n\t\t\t\t\t\t<div class=\"ngg-gallery-thumbnail\">\n\t\t\t<a href=\"https:\/\/www.comitenervo.fr\/wp-content\/gallery\/20121216_marche-de-noel-a-reims\/20121216_marche_noel_reims_55.jpg\"\n\t\t\t\ttitle=\"\"\n\t\t\t\tdata-src=\"https:\/\/www.comitenervo.fr\/wp-content\/gallery\/20121216_marche-de-noel-a-reims\/20121216_marche_noel_reims_55.jpg\"\n\t\t\t\tdata-thumbnail=\"https:\/\/www.comitenervo.fr\/wp-content\/gallery\/20121216_marche-de-noel-a-reims\/thumbs\/thumbs_20121216_marche_noel_reims_55.jpg\"\n\t\t\t\tdata-image-id=\"1184\"\n\t\t\t\tdata-title=\"20121216_marche_noel_reims_55\"\n\t\t\t\tdata-description=\"\"\n\t\t\t\tdata-image-slug=\"20121216_marche_noel_reims_55\"\n\t\t\t\tclass=\"ngg-fancybox\" rel=\"12e84fef577ee6bb8e268150d37d4a86\">\n\t\t\t\t<img\n\t\t\t\t\ttitle=\"20121216_marche_noel_reims_55\"\n\t\t\t\t\talt=\"20121216_marche_noel_reims_55\"\n\t\t\t\t\tsrc=\"https:\/\/www.comitenervo.fr\/wp-content\/gallery\/20121216_marche-de-noel-a-reims\/thumbs\/thumbs_20121216_marche_noel_reims_55.jpg\"\n\t\t\t\t\twidth=\"100\"\n\t\t\t\t\theight=\"75\"\n\t\t\t\t\tstyle=\"max-width:100%;\"\n\t\t\t\t\/>\n\t\t\t<\/a>\n\t\t<\/div>\n\t\t\t\t\t\t\t<\/div> \n\t\t\t\n\t\t\t\t<div id=\"ngg-image-55\" class=\"ngg-gallery-thumbnail-box \n\t\t\t\t\t\t\t\t\t\t\t\" \n\t\t\t>\n\t\t\t\t\t\t<div class=\"ngg-gallery-thumbnail\">\n\t\t\t<a href=\"https:\/\/www.comitenervo.fr\/wp-content\/gallery\/20121216_marche-de-noel-a-reims\/20121216_marche_noel_reims_56.jpg\"\n\t\t\t\ttitle=\"\"\n\t\t\t\tdata-src=\"https:\/\/www.comitenervo.fr\/wp-content\/gallery\/20121216_marche-de-noel-a-reims\/20121216_marche_noel_reims_56.jpg\"\n\t\t\t\tdata-thumbnail=\"https:\/\/www.comitenervo.fr\/wp-content\/gallery\/20121216_marche-de-noel-a-reims\/thumbs\/thumbs_20121216_marche_noel_reims_56.jpg\"\n\t\t\t\tdata-image-id=\"1185\"\n\t\t\t\tdata-title=\"20121216_marche_noel_reims_56\"\n\t\t\t\tdata-description=\"\"\n\t\t\t\tdata-image-slug=\"20121216_marche_noel_reims_56\"\n\t\t\t\tclass=\"ngg-fancybox\" rel=\"12e84fef577ee6bb8e268150d37d4a86\">\n\t\t\t\t<img\n\t\t\t\t\ttitle=\"20121216_marche_noel_reims_56\"\n\t\t\t\t\talt=\"20121216_marche_noel_reims_56\"\n\t\t\t\t\tsrc=\"https:\/\/www.comitenervo.fr\/wp-content\/gallery\/20121216_marche-de-noel-a-reims\/thumbs\/thumbs_20121216_marche_noel_reims_56.jpg\"\n\t\t\t\t\twidth=\"100\"\n\t\t\t\t\theight=\"75\"\n\t\t\t\t\tstyle=\"max-width:100%;\"\n\t\t\t\t\/>\n\t\t\t<\/a>\n\t\t<\/div>\n\t\t\t\t\t\t\t<\/div> \n\t\t\t\n\t\t\t\t<div id=\"ngg-image-56\" class=\"ngg-gallery-thumbnail-box \n\t\t\t\t\t\t\t\t\t\t\t\" \n\t\t\t>\n\t\t\t\t\t\t<div class=\"ngg-gallery-thumbnail\">\n\t\t\t<a href=\"https:\/\/www.comitenervo.fr\/wp-content\/gallery\/20121216_marche-de-noel-a-reims\/20121216_marche_noel_reims_57.jpg\"\n\t\t\t\ttitle=\"\"\n\t\t\t\tdata-src=\"https:\/\/www.comitenervo.fr\/wp-content\/gallery\/20121216_marche-de-noel-a-reims\/20121216_marche_noel_reims_57.jpg\"\n\t\t\t\tdata-thumbnail=\"https:\/\/www.comitenervo.fr\/wp-content\/gallery\/20121216_marche-de-noel-a-reims\/thumbs\/thumbs_20121216_marche_noel_reims_57.jpg\"\n\t\t\t\tdata-image-id=\"1186\"\n\t\t\t\tdata-title=\"20121216_marche_noel_reims_57\"\n\t\t\t\tdata-description=\"\"\n\t\t\t\tdata-image-slug=\"20121216_marche_noel_reims_57\"\n\t\t\t\tclass=\"ngg-fancybox\" rel=\"12e84fef577ee6bb8e268150d37d4a86\">\n\t\t\t\t<img\n\t\t\t\t\ttitle=\"20121216_marche_noel_reims_57\"\n\t\t\t\t\talt=\"20121216_marche_noel_reims_57\"\n\t\t\t\t\tsrc=\"https:\/\/www.comitenervo.fr\/wp-content\/gallery\/20121216_marche-de-noel-a-reims\/thumbs\/thumbs_20121216_marche_noel_reims_57.jpg\"\n\t\t\t\t\twidth=\"100\"\n\t\t\t\t\theight=\"75\"\n\t\t\t\t\tstyle=\"max-width:100%;\"\n\t\t\t\t\/>\n\t\t\t<\/a>\n\t\t<\/div>\n\t\t\t\t\t\t\t<\/div> \n\t\t\t\n\t\t\t\t<div id=\"ngg-image-57\" class=\"ngg-gallery-thumbnail-box \n\t\t\t\t\t\t\t\t\t\t\t\" \n\t\t\t>\n\t\t\t\t\t\t<div class=\"ngg-gallery-thumbnail\">\n\t\t\t<a href=\"https:\/\/www.comitenervo.fr\/wp-content\/gallery\/20121216_marche-de-noel-a-reims\/20121216_marche_noel_reims_58.jpg\"\n\t\t\t\ttitle=\"\"\n\t\t\t\tdata-src=\"https:\/\/www.comitenervo.fr\/wp-content\/gallery\/20121216_marche-de-noel-a-reims\/20121216_marche_noel_reims_58.jpg\"\n\t\t\t\tdata-thumbnail=\"https:\/\/www.comitenervo.fr\/wp-content\/gallery\/20121216_marche-de-noel-a-reims\/thumbs\/thumbs_20121216_marche_noel_reims_58.jpg\"\n\t\t\t\tdata-image-id=\"1187\"\n\t\t\t\tdata-title=\"20121216_marche_noel_reims_58\"\n\t\t\t\tdata-description=\"\"\n\t\t\t\tdata-image-slug=\"20121216_marche_noel_reims_58\"\n\t\t\t\tclass=\"ngg-fancybox\" rel=\"12e84fef577ee6bb8e268150d37d4a86\">\n\t\t\t\t<img\n\t\t\t\t\ttitle=\"20121216_marche_noel_reims_58\"\n\t\t\t\t\talt=\"20121216_marche_noel_reims_58\"\n\t\t\t\t\tsrc=\"https:\/\/www.comitenervo.fr\/wp-content\/gallery\/20121216_marche-de-noel-a-reims\/thumbs\/thumbs_20121216_marche_noel_reims_58.jpg\"\n\t\t\t\t\twidth=\"100\"\n\t\t\t\t\theight=\"75\"\n\t\t\t\t\tstyle=\"max-width:100%;\"\n\t\t\t\t\/>\n\t\t\t<\/a>\n\t\t<\/div>\n\t\t\t\t\t\t\t<\/div> \n\t\t\t\n\t\t\t\t<div id=\"ngg-image-58\" class=\"ngg-gallery-thumbnail-box \n\t\t\t\t\t\t\t\t\t\t\t\" \n\t\t\t>\n\t\t\t\t\t\t<div class=\"ngg-gallery-thumbnail\">\n\t\t\t<a href=\"https:\/\/www.comitenervo.fr\/wp-content\/gallery\/20121216_marche-de-noel-a-reims\/20121216_marche_noel_reims_59.jpg\"\n\t\t\t\ttitle=\"\"\n\t\t\t\tdata-src=\"https:\/\/www.comitenervo.fr\/wp-content\/gallery\/20121216_marche-de-noel-a-reims\/20121216_marche_noel_reims_59.jpg\"\n\t\t\t\tdata-thumbnail=\"https:\/\/www.comitenervo.fr\/wp-content\/gallery\/20121216_marche-de-noel-a-reims\/thumbs\/thumbs_20121216_marche_noel_reims_59.jpg\"\n\t\t\t\tdata-image-id=\"1188\"\n\t\t\t\tdata-title=\"20121216_marche_noel_reims_59\"\n\t\t\t\tdata-description=\"\"\n\t\t\t\tdata-image-slug=\"20121216_marche_noel_reims_59\"\n\t\t\t\tclass=\"ngg-fancybox\" rel=\"12e84fef577ee6bb8e268150d37d4a86\">\n\t\t\t\t<img\n\t\t\t\t\ttitle=\"20121216_marche_noel_reims_59\"\n\t\t\t\t\talt=\"20121216_marche_noel_reims_59\"\n\t\t\t\t\tsrc=\"https:\/\/www.comitenervo.fr\/wp-content\/gallery\/20121216_marche-de-noel-a-reims\/thumbs\/thumbs_20121216_marche_noel_reims_59.jpg\"\n\t\t\t\t\twidth=\"100\"\n\t\t\t\t\theight=\"75\"\n\t\t\t\t\tstyle=\"max-width:100%;\"\n\t\t\t\t\/>\n\t\t\t<\/a>\n\t\t<\/div>\n\t\t\t\t\t\t\t<\/div> \n\t\t\t\n\t\t\t\t<div id=\"ngg-image-59\" class=\"ngg-gallery-thumbnail-box \n\t\t\t\t\t\t\t\t\t\t\t\" \n\t\t\t>\n\t\t\t\t\t\t<div class=\"ngg-gallery-thumbnail\">\n\t\t\t<a href=\"https:\/\/www.comitenervo.fr\/wp-content\/gallery\/20121216_marche-de-noel-a-reims\/20121216_marche_noel_reims_60.jpg\"\n\t\t\t\ttitle=\"\"\n\t\t\t\tdata-src=\"https:\/\/www.comitenervo.fr\/wp-content\/gallery\/20121216_marche-de-noel-a-reims\/20121216_marche_noel_reims_60.jpg\"\n\t\t\t\tdata-thumbnail=\"https:\/\/www.comitenervo.fr\/wp-content\/gallery\/20121216_marche-de-noel-a-reims\/thumbs\/thumbs_20121216_marche_noel_reims_60.jpg\"\n\t\t\t\tdata-image-id=\"1189\"\n\t\t\t\tdata-title=\"20121216_marche_noel_reims_60\"\n\t\t\t\tdata-description=\"\"\n\t\t\t\tdata-image-slug=\"20121216_marche_noel_reims_60\"\n\t\t\t\tclass=\"ngg-fancybox\" rel=\"12e84fef577ee6bb8e268150d37d4a86\">\n\t\t\t\t<img\n\t\t\t\t\ttitle=\"20121216_marche_noel_reims_60\"\n\t\t\t\t\talt=\"20121216_marche_noel_reims_60\"\n\t\t\t\t\tsrc=\"https:\/\/www.comitenervo.fr\/wp-content\/gallery\/20121216_marche-de-noel-a-reims\/thumbs\/thumbs_20121216_marche_noel_reims_60.jpg\"\n\t\t\t\t\twidth=\"100\"\n\t\t\t\t\theight=\"75\"\n\t\t\t\t\tstyle=\"max-width:100%;\"\n\t\t\t\t\/>\n\t\t\t<\/a>\n\t\t<\/div>\n\t\t\t\t\t\t\t<\/div> \n\t\t\t\n\t\t\t\t<div id=\"ngg-image-60\" class=\"ngg-gallery-thumbnail-box \n\t\t\t\t\t\t\t\t\t\t\t\" \n\t\t\t>\n\t\t\t\t\t\t<div class=\"ngg-gallery-thumbnail\">\n\t\t\t<a href=\"https:\/\/www.comitenervo.fr\/wp-content\/gallery\/20121216_marche-de-noel-a-reims\/20121216_marche_noel_reims_61.jpg\"\n\t\t\t\ttitle=\"\"\n\t\t\t\tdata-src=\"https:\/\/www.comitenervo.fr\/wp-content\/gallery\/20121216_marche-de-noel-a-reims\/20121216_marche_noel_reims_61.jpg\"\n\t\t\t\tdata-thumbnail=\"https:\/\/www.comitenervo.fr\/wp-content\/gallery\/20121216_marche-de-noel-a-reims\/thumbs\/thumbs_20121216_marche_noel_reims_61.jpg\"\n\t\t\t\tdata-image-id=\"1190\"\n\t\t\t\tdata-title=\"20121216_marche_noel_reims_61\"\n\t\t\t\tdata-description=\"\"\n\t\t\t\tdata-image-slug=\"20121216_marche_noel_reims_61\"\n\t\t\t\tclass=\"ngg-fancybox\" rel=\"12e84fef577ee6bb8e268150d37d4a86\">\n\t\t\t\t<img\n\t\t\t\t\ttitle=\"20121216_marche_noel_reims_61\"\n\t\t\t\t\talt=\"20121216_marche_noel_reims_61\"\n\t\t\t\t\tsrc=\"https:\/\/www.comitenervo.fr\/wp-content\/gallery\/20121216_marche-de-noel-a-reims\/thumbs\/thumbs_20121216_marche_noel_reims_61.jpg\"\n\t\t\t\t\twidth=\"100\"\n\t\t\t\t\theight=\"75\"\n\t\t\t\t\tstyle=\"max-width:100%;\"\n\t\t\t\t\/>\n\t\t\t<\/a>\n\t\t<\/div>\n\t\t\t\t\t\t\t<\/div> \n\t\t\t\n\t\t\t\t<div id=\"ngg-image-61\" class=\"ngg-gallery-thumbnail-box \n\t\t\t\t\t\t\t\t\t\t\t\" \n\t\t\t>\n\t\t\t\t\t\t<div class=\"ngg-gallery-thumbnail\">\n\t\t\t<a href=\"https:\/\/www.comitenervo.fr\/wp-content\/gallery\/20121216_marche-de-noel-a-reims\/20121216_marche_noel_reims_62.jpg\"\n\t\t\t\ttitle=\"\"\n\t\t\t\tdata-src=\"https:\/\/www.comitenervo.fr\/wp-content\/gallery\/20121216_marche-de-noel-a-reims\/20121216_marche_noel_reims_62.jpg\"\n\t\t\t\tdata-thumbnail=\"https:\/\/www.comitenervo.fr\/wp-content\/gallery\/20121216_marche-de-noel-a-reims\/thumbs\/thumbs_20121216_marche_noel_reims_62.jpg\"\n\t\t\t\tdata-image-id=\"1191\"\n\t\t\t\tdata-title=\"20121216_marche_noel_reims_62\"\n\t\t\t\tdata-description=\"\"\n\t\t\t\tdata-image-slug=\"20121216_marche_noel_reims_62\"\n\t\t\t\tclass=\"ngg-fancybox\" rel=\"12e84fef577ee6bb8e268150d37d4a86\">\n\t\t\t\t<img\n\t\t\t\t\ttitle=\"20121216_marche_noel_reims_62\"\n\t\t\t\t\talt=\"20121216_marche_noel_reims_62\"\n\t\t\t\t\tsrc=\"https:\/\/www.comitenervo.fr\/wp-content\/gallery\/20121216_marche-de-noel-a-reims\/thumbs\/thumbs_20121216_marche_noel_reims_62.jpg\"\n\t\t\t\t\twidth=\"100\"\n\t\t\t\t\theight=\"75\"\n\t\t\t\t\tstyle=\"max-width:100%;\"\n\t\t\t\t\/>\n\t\t\t<\/a>\n\t\t<\/div>\n\t\t\t\t\t\t\t<\/div> \n\t\t\t\n\t\t\t\t<div id=\"ngg-image-62\" class=\"ngg-gallery-thumbnail-box \n\t\t\t\t\t\t\t\t\t\t\t\" \n\t\t\t>\n\t\t\t\t\t\t<div class=\"ngg-gallery-thumbnail\">\n\t\t\t<a href=\"https:\/\/www.comitenervo.fr\/wp-content\/gallery\/20121216_marche-de-noel-a-reims\/20121216_marche_noel_reims_63.jpg\"\n\t\t\t\ttitle=\"\"\n\t\t\t\tdata-src=\"https:\/\/www.comitenervo.fr\/wp-content\/gallery\/20121216_marche-de-noel-a-reims\/20121216_marche_noel_reims_63.jpg\"\n\t\t\t\tdata-thumbnail=\"https:\/\/www.comitenervo.fr\/wp-content\/gallery\/20121216_marche-de-noel-a-reims\/thumbs\/thumbs_20121216_marche_noel_reims_63.jpg\"\n\t\t\t\tdata-image-id=\"1192\"\n\t\t\t\tdata-title=\"20121216_marche_noel_reims_63\"\n\t\t\t\tdata-description=\"\"\n\t\t\t\tdata-image-slug=\"20121216_marche_noel_reims_63\"\n\t\t\t\tclass=\"ngg-fancybox\" rel=\"12e84fef577ee6bb8e268150d37d4a86\">\n\t\t\t\t<img\n\t\t\t\t\ttitle=\"20121216_marche_noel_reims_63\"\n\t\t\t\t\talt=\"20121216_marche_noel_reims_63\"\n\t\t\t\t\tsrc=\"https:\/\/www.comitenervo.fr\/wp-content\/gallery\/20121216_marche-de-noel-a-reims\/thumbs\/thumbs_20121216_marche_noel_reims_63.jpg\"\n\t\t\t\t\twidth=\"100\"\n\t\t\t\t\theight=\"75\"\n\t\t\t\t\tstyle=\"max-width:100%;\"\n\t\t\t\t\/>\n\t\t\t<\/a>\n\t\t<\/div>\n\t\t\t\t\t\t\t<\/div> \n\t\t\t\n\t\t\t\t<div id=\"ngg-image-63\" class=\"ngg-gallery-thumbnail-box \n\t\t\t\t\t\t\t\t\t\t\t\" \n\t\t\t>\n\t\t\t\t\t\t<div class=\"ngg-gallery-thumbnail\">\n\t\t\t<a href=\"https:\/\/www.comitenervo.fr\/wp-content\/gallery\/20121216_marche-de-noel-a-reims\/20121216_marche_noel_reims_64.jpg\"\n\t\t\t\ttitle=\"\"\n\t\t\t\tdata-src=\"https:\/\/www.comitenervo.fr\/wp-content\/gallery\/20121216_marche-de-noel-a-reims\/20121216_marche_noel_reims_64.jpg\"\n\t\t\t\tdata-thumbnail=\"https:\/\/www.comitenervo.fr\/wp-content\/gallery\/20121216_marche-de-noel-a-reims\/thumbs\/thumbs_20121216_marche_noel_reims_64.jpg\"\n\t\t\t\tdata-image-id=\"1193\"\n\t\t\t\tdata-title=\"20121216_marche_noel_reims_64\"\n\t\t\t\tdata-description=\"\"\n\t\t\t\tdata-image-slug=\"20121216_marche_noel_reims_64\"\n\t\t\t\tclass=\"ngg-fancybox\" rel=\"12e84fef577ee6bb8e268150d37d4a86\">\n\t\t\t\t<img\n\t\t\t\t\ttitle=\"20121216_marche_noel_reims_64\"\n\t\t\t\t\talt=\"20121216_marche_noel_reims_64\"\n\t\t\t\t\tsrc=\"https:\/\/www.comitenervo.fr\/wp-content\/gallery\/20121216_marche-de-noel-a-reims\/thumbs\/thumbs_20121216_marche_noel_reims_64.jpg\"\n\t\t\t\t\twidth=\"100\"\n\t\t\t\t\theight=\"75\"\n\t\t\t\t\tstyle=\"max-width:100%;\"\n\t\t\t\t\/>\n\t\t\t<\/a>\n\t\t<\/div>\n\t\t\t\t\t\t\t<\/div> \n\t\t\t\n\t\t\t\t<div id=\"ngg-image-64\" class=\"ngg-gallery-thumbnail-box \n\t\t\t\t\t\t\t\t\t\t\t\" \n\t\t\t>\n\t\t\t\t\t\t<div class=\"ngg-gallery-thumbnail\">\n\t\t\t<a href=\"https:\/\/www.comitenervo.fr\/wp-content\/gallery\/20121216_marche-de-noel-a-reims\/20121216_marche_noel_reims_65.jpg\"\n\t\t\t\ttitle=\"\"\n\t\t\t\tdata-src=\"https:\/\/www.comitenervo.fr\/wp-content\/gallery\/20121216_marche-de-noel-a-reims\/20121216_marche_noel_reims_65.jpg\"\n\t\t\t\tdata-thumbnail=\"https:\/\/www.comitenervo.fr\/wp-content\/gallery\/20121216_marche-de-noel-a-reims\/thumbs\/thumbs_20121216_marche_noel_reims_65.jpg\"\n\t\t\t\tdata-image-id=\"1194\"\n\t\t\t\tdata-title=\"20121216_marche_noel_reims_65\"\n\t\t\t\tdata-description=\"\"\n\t\t\t\tdata-image-slug=\"20121216_marche_noel_reims_65\"\n\t\t\t\tclass=\"ngg-fancybox\" rel=\"12e84fef577ee6bb8e268150d37d4a86\">\n\t\t\t\t<img\n\t\t\t\t\ttitle=\"20121216_marche_noel_reims_65\"\n\t\t\t\t\talt=\"20121216_marche_noel_reims_65\"\n\t\t\t\t\tsrc=\"https:\/\/www.comitenervo.fr\/wp-content\/gallery\/20121216_marche-de-noel-a-reims\/thumbs\/thumbs_20121216_marche_noel_reims_65.jpg\"\n\t\t\t\t\twidth=\"100\"\n\t\t\t\t\theight=\"75\"\n\t\t\t\t\tstyle=\"max-width:100%;\"\n\t\t\t\t\/>\n\t\t\t<\/a>\n\t\t<\/div>\n\t\t\t\t\t\t\t<\/div> \n\t\t\t\n\t\t\t\t<div id=\"ngg-image-65\" class=\"ngg-gallery-thumbnail-box \n\t\t\t\t\t\t\t\t\t\t\t\" \n\t\t\t>\n\t\t\t\t\t\t<div class=\"ngg-gallery-thumbnail\">\n\t\t\t<a href=\"https:\/\/www.comitenervo.fr\/wp-content\/gallery\/20121216_marche-de-noel-a-reims\/20121216_marche_noel_reims_66.jpg\"\n\t\t\t\ttitle=\"\"\n\t\t\t\tdata-src=\"https:\/\/www.comitenervo.fr\/wp-content\/gallery\/20121216_marche-de-noel-a-reims\/20121216_marche_noel_reims_66.jpg\"\n\t\t\t\tdata-thumbnail=\"https:\/\/www.comitenervo.fr\/wp-content\/gallery\/20121216_marche-de-noel-a-reims\/thumbs\/thumbs_20121216_marche_noel_reims_66.jpg\"\n\t\t\t\tdata-image-id=\"1195\"\n\t\t\t\tdata-title=\"20121216_marche_noel_reims_66\"\n\t\t\t\tdata-description=\"\"\n\t\t\t\tdata-image-slug=\"20121216_marche_noel_reims_66\"\n\t\t\t\tclass=\"ngg-fancybox\" rel=\"12e84fef577ee6bb8e268150d37d4a86\">\n\t\t\t\t<img\n\t\t\t\t\ttitle=\"20121216_marche_noel_reims_66\"\n\t\t\t\t\talt=\"20121216_marche_noel_reims_66\"\n\t\t\t\t\tsrc=\"https:\/\/www.comitenervo.fr\/wp-content\/gallery\/20121216_marche-de-noel-a-reims\/thumbs\/thumbs_20121216_marche_noel_reims_66.jpg\"\n\t\t\t\t\twidth=\"100\"\n\t\t\t\t\theight=\"75\"\n\t\t\t\t\tstyle=\"max-width:100%;\"\n\t\t\t\t\/>\n\t\t\t<\/a>\n\t\t<\/div>\n\t\t\t\t\t\t\t<\/div> \n\t\t\t\n\t\t\t\t<div id=\"ngg-image-66\" class=\"ngg-gallery-thumbnail-box \n\t\t\t\t\t\t\t\t\t\t\t\" \n\t\t\t>\n\t\t\t\t\t\t<div class=\"ngg-gallery-thumbnail\">\n\t\t\t<a href=\"https:\/\/www.comitenervo.fr\/wp-content\/gallery\/20121216_marche-de-noel-a-reims\/20121216_marche_noel_reims_67.jpg\"\n\t\t\t\ttitle=\"\"\n\t\t\t\tdata-src=\"https:\/\/www.comitenervo.fr\/wp-content\/gallery\/20121216_marche-de-noel-a-reims\/20121216_marche_noel_reims_67.jpg\"\n\t\t\t\tdata-thumbnail=\"https:\/\/www.comitenervo.fr\/wp-content\/gallery\/20121216_marche-de-noel-a-reims\/thumbs\/thumbs_20121216_marche_noel_reims_67.jpg\"\n\t\t\t\tdata-image-id=\"1196\"\n\t\t\t\tdata-title=\"20121216_marche_noel_reims_67\"\n\t\t\t\tdata-description=\"\"\n\t\t\t\tdata-image-slug=\"20121216_marche_noel_reims_67\"\n\t\t\t\tclass=\"ngg-fancybox\" rel=\"12e84fef577ee6bb8e268150d37d4a86\">\n\t\t\t\t<img\n\t\t\t\t\ttitle=\"20121216_marche_noel_reims_67\"\n\t\t\t\t\talt=\"20121216_marche_noel_reims_67\"\n\t\t\t\t\tsrc=\"https:\/\/www.comitenervo.fr\/wp-content\/gallery\/20121216_marche-de-noel-a-reims\/thumbs\/thumbs_20121216_marche_noel_reims_67.jpg\"\n\t\t\t\t\twidth=\"100\"\n\t\t\t\t\theight=\"75\"\n\t\t\t\t\tstyle=\"max-width:100%;\"\n\t\t\t\t\/>\n\t\t\t<\/a>\n\t\t<\/div>\n\t\t\t\t\t\t\t<\/div> \n\t\t\t\n\t\t\t\t<div id=\"ngg-image-67\" class=\"ngg-gallery-thumbnail-box \n\t\t\t\t\t\t\t\t\t\t\t\" \n\t\t\t>\n\t\t\t\t\t\t<div class=\"ngg-gallery-thumbnail\">\n\t\t\t<a href=\"https:\/\/www.comitenervo.fr\/wp-content\/gallery\/20121216_marche-de-noel-a-reims\/20121216_marche_noel_reims_68.jpg\"\n\t\t\t\ttitle=\"\"\n\t\t\t\tdata-src=\"https:\/\/www.comitenervo.fr\/wp-content\/gallery\/20121216_marche-de-noel-a-reims\/20121216_marche_noel_reims_68.jpg\"\n\t\t\t\tdata-thumbnail=\"https:\/\/www.comitenervo.fr\/wp-content\/gallery\/20121216_marche-de-noel-a-reims\/thumbs\/thumbs_20121216_marche_noel_reims_68.jpg\"\n\t\t\t\tdata-image-id=\"1197\"\n\t\t\t\tdata-title=\"20121216_marche_noel_reims_68\"\n\t\t\t\tdata-description=\"\"\n\t\t\t\tdata-image-slug=\"20121216_marche_noel_reims_68\"\n\t\t\t\tclass=\"ngg-fancybox\" rel=\"12e84fef577ee6bb8e268150d37d4a86\">\n\t\t\t\t<img\n\t\t\t\t\ttitle=\"20121216_marche_noel_reims_68\"\n\t\t\t\t\talt=\"20121216_marche_noel_reims_68\"\n\t\t\t\t\tsrc=\"https:\/\/www.comitenervo.fr\/wp-content\/gallery\/20121216_marche-de-noel-a-reims\/thumbs\/thumbs_20121216_marche_noel_reims_68.jpg\"\n\t\t\t\t\twidth=\"100\"\n\t\t\t\t\theight=\"75\"\n\t\t\t\t\tstyle=\"max-width:100%;\"\n\t\t\t\t\/>\n\t\t\t<\/a>\n\t\t<\/div>\n\t\t\t\t\t\t\t<\/div> \n\t\t\t\n\t\t\t\t<div id=\"ngg-image-68\" class=\"ngg-gallery-thumbnail-box \n\t\t\t\t\t\t\t\t\t\t\t\" \n\t\t\t>\n\t\t\t\t\t\t<div class=\"ngg-gallery-thumbnail\">\n\t\t\t<a href=\"https:\/\/www.comitenervo.fr\/wp-content\/gallery\/20121216_marche-de-noel-a-reims\/20121216_marche_noel_reims_69.jpg\"\n\t\t\t\ttitle=\"\"\n\t\t\t\tdata-src=\"https:\/\/www.comitenervo.fr\/wp-content\/gallery\/20121216_marche-de-noel-a-reims\/20121216_marche_noel_reims_69.jpg\"\n\t\t\t\tdata-thumbnail=\"https:\/\/www.comitenervo.fr\/wp-content\/gallery\/20121216_marche-de-noel-a-reims\/thumbs\/thumbs_20121216_marche_noel_reims_69.jpg\"\n\t\t\t\tdata-image-id=\"1198\"\n\t\t\t\tdata-title=\"20121216_marche_noel_reims_69\"\n\t\t\t\tdata-description=\"\"\n\t\t\t\tdata-image-slug=\"20121216_marche_noel_reims_69\"\n\t\t\t\tclass=\"ngg-fancybox\" rel=\"12e84fef577ee6bb8e268150d37d4a86\">\n\t\t\t\t<img\n\t\t\t\t\ttitle=\"20121216_marche_noel_reims_69\"\n\t\t\t\t\talt=\"20121216_marche_noel_reims_69\"\n\t\t\t\t\tsrc=\"https:\/\/www.comitenervo.fr\/wp-content\/gallery\/20121216_marche-de-noel-a-reims\/thumbs\/thumbs_20121216_marche_noel_reims_69.jpg\"\n\t\t\t\t\twidth=\"100\"\n\t\t\t\t\theight=\"75\"\n\t\t\t\t\tstyle=\"max-width:100%;\"\n\t\t\t\t\/>\n\t\t\t<\/a>\n\t\t<\/div>\n\t\t\t\t\t\t\t<\/div> \n\t\t\t\n\t\t\t\t<div id=\"ngg-image-69\" class=\"ngg-gallery-thumbnail-box \n\t\t\t\t\t\t\t\t\t\t\t\" \n\t\t\t>\n\t\t\t\t\t\t<div class=\"ngg-gallery-thumbnail\">\n\t\t\t<a href=\"https:\/\/www.comitenervo.fr\/wp-content\/gallery\/20121216_marche-de-noel-a-reims\/20121216_marche_noel_reims_70.jpg\"\n\t\t\t\ttitle=\"\"\n\t\t\t\tdata-src=\"https:\/\/www.comitenervo.fr\/wp-content\/gallery\/20121216_marche-de-noel-a-reims\/20121216_marche_noel_reims_70.jpg\"\n\t\t\t\tdata-thumbnail=\"https:\/\/www.comitenervo.fr\/wp-content\/gallery\/20121216_marche-de-noel-a-reims\/thumbs\/thumbs_20121216_marche_noel_reims_70.jpg\"\n\t\t\t\tdata-image-id=\"1199\"\n\t\t\t\tdata-title=\"20121216_marche_noel_reims_70\"\n\t\t\t\tdata-description=\"\"\n\t\t\t\tdata-image-slug=\"20121216_marche_noel_reims_70\"\n\t\t\t\tclass=\"ngg-fancybox\" rel=\"12e84fef577ee6bb8e268150d37d4a86\">\n\t\t\t\t<img\n\t\t\t\t\ttitle=\"20121216_marche_noel_reims_70\"\n\t\t\t\t\talt=\"20121216_marche_noel_reims_70\"\n\t\t\t\t\tsrc=\"https:\/\/www.comitenervo.fr\/wp-content\/gallery\/20121216_marche-de-noel-a-reims\/thumbs\/thumbs_20121216_marche_noel_reims_70.jpg\"\n\t\t\t\t\twidth=\"100\"\n\t\t\t\t\theight=\"75\"\n\t\t\t\t\tstyle=\"max-width:100%;\"\n\t\t\t\t\/>\n\t\t\t<\/a>\n\t\t<\/div>\n\t\t\t\t\t\t\t<\/div> \n\t\t\t\n\t\t\t\t<div id=\"ngg-image-70\" class=\"ngg-gallery-thumbnail-box \n\t\t\t\t\t\t\t\t\t\t\t\" \n\t\t\t>\n\t\t\t\t\t\t<div class=\"ngg-gallery-thumbnail\">\n\t\t\t<a href=\"https:\/\/www.comitenervo.fr\/wp-content\/gallery\/20121216_marche-de-noel-a-reims\/20121216_marche_noel_reims_71.jpg\"\n\t\t\t\ttitle=\"\"\n\t\t\t\tdata-src=\"https:\/\/www.comitenervo.fr\/wp-content\/gallery\/20121216_marche-de-noel-a-reims\/20121216_marche_noel_reims_71.jpg\"\n\t\t\t\tdata-thumbnail=\"https:\/\/www.comitenervo.fr\/wp-content\/gallery\/20121216_marche-de-noel-a-reims\/thumbs\/thumbs_20121216_marche_noel_reims_71.jpg\"\n\t\t\t\tdata-image-id=\"1200\"\n\t\t\t\tdata-title=\"20121216_marche_noel_reims_71\"\n\t\t\t\tdata-description=\"\"\n\t\t\t\tdata-image-slug=\"20121216_marche_noel_reims_71\"\n\t\t\t\tclass=\"ngg-fancybox\" rel=\"12e84fef577ee6bb8e268150d37d4a86\">\n\t\t\t\t<img\n\t\t\t\t\ttitle=\"20121216_marche_noel_reims_71\"\n\t\t\t\t\talt=\"20121216_marche_noel_reims_71\"\n\t\t\t\t\tsrc=\"https:\/\/www.comitenervo.fr\/wp-content\/gallery\/20121216_marche-de-noel-a-reims\/thumbs\/thumbs_20121216_marche_noel_reims_71.jpg\"\n\t\t\t\t\twidth=\"100\"\n\t\t\t\t\theight=\"75\"\n\t\t\t\t\tstyle=\"max-width:100%;\"\n\t\t\t\t\/>\n\t\t\t<\/a>\n\t\t<\/div>\n\t\t\t\t\t\t\t<\/div> \n\t\t\t\n\t\t\t\t<div id=\"ngg-image-71\" class=\"ngg-gallery-thumbnail-box \n\t\t\t\t\t\t\t\t\t\t\t\" \n\t\t\t>\n\t\t\t\t\t\t<div class=\"ngg-gallery-thumbnail\">\n\t\t\t<a href=\"https:\/\/www.comitenervo.fr\/wp-content\/gallery\/20121216_marche-de-noel-a-reims\/20121216_marche_noel_reims_72.jpg\"\n\t\t\t\ttitle=\"\"\n\t\t\t\tdata-src=\"https:\/\/www.comitenervo.fr\/wp-content\/gallery\/20121216_marche-de-noel-a-reims\/20121216_marche_noel_reims_72.jpg\"\n\t\t\t\tdata-thumbnail=\"https:\/\/www.comitenervo.fr\/wp-content\/gallery\/20121216_marche-de-noel-a-reims\/thumbs\/thumbs_20121216_marche_noel_reims_72.jpg\"\n\t\t\t\tdata-image-id=\"1201\"\n\t\t\t\tdata-title=\"20121216_marche_noel_reims_72\"\n\t\t\t\tdata-description=\"\"\n\t\t\t\tdata-image-slug=\"20121216_marche_noel_reims_72\"\n\t\t\t\tclass=\"ngg-fancybox\" rel=\"12e84fef577ee6bb8e268150d37d4a86\">\n\t\t\t\t<img\n\t\t\t\t\ttitle=\"20121216_marche_noel_reims_72\"\n\t\t\t\t\talt=\"20121216_marche_noel_reims_72\"\n\t\t\t\t\tsrc=\"https:\/\/www.comitenervo.fr\/wp-content\/gallery\/20121216_marche-de-noel-a-reims\/thumbs\/thumbs_20121216_marche_noel_reims_72.jpg\"\n\t\t\t\t\twidth=\"100\"\n\t\t\t\t\theight=\"75\"\n\t\t\t\t\tstyle=\"max-width:100%;\"\n\t\t\t\t\/>\n\t\t\t<\/a>\n\t\t<\/div>\n\t\t\t\t\t\t\t<\/div> \n\t\t\t\n\t\t\t\t<div id=\"ngg-image-72\" class=\"ngg-gallery-thumbnail-box \n\t\t\t\t\t\t\t\t\t\t\t\" \n\t\t\t>\n\t\t\t\t\t\t<div class=\"ngg-gallery-thumbnail\">\n\t\t\t<a href=\"https:\/\/www.comitenervo.fr\/wp-content\/gallery\/20121216_marche-de-noel-a-reims\/20121216_marche_noel_reims_73.jpg\"\n\t\t\t\ttitle=\"\"\n\t\t\t\tdata-src=\"https:\/\/www.comitenervo.fr\/wp-content\/gallery\/20121216_marche-de-noel-a-reims\/20121216_marche_noel_reims_73.jpg\"\n\t\t\t\tdata-thumbnail=\"https:\/\/www.comitenervo.fr\/wp-content\/gallery\/20121216_marche-de-noel-a-reims\/thumbs\/thumbs_20121216_marche_noel_reims_73.jpg\"\n\t\t\t\tdata-image-id=\"1202\"\n\t\t\t\tdata-title=\"20121216_marche_noel_reims_73\"\n\t\t\t\tdata-description=\"\"\n\t\t\t\tdata-image-slug=\"20121216_marche_noel_reims_73\"\n\t\t\t\tclass=\"ngg-fancybox\" rel=\"12e84fef577ee6bb8e268150d37d4a86\">\n\t\t\t\t<img\n\t\t\t\t\ttitle=\"20121216_marche_noel_reims_73\"\n\t\t\t\t\talt=\"20121216_marche_noel_reims_73\"\n\t\t\t\t\tsrc=\"https:\/\/www.comitenervo.fr\/wp-content\/gallery\/20121216_marche-de-noel-a-reims\/thumbs\/thumbs_20121216_marche_noel_reims_73.jpg\"\n\t\t\t\t\twidth=\"100\"\n\t\t\t\t\theight=\"75\"\n\t\t\t\t\tstyle=\"max-width:100%;\"\n\t\t\t\t\/>\n\t\t\t<\/a>\n\t\t<\/div>\n\t\t\t\t\t\t\t<\/div> \n\t\t\t\n\t\t\t\t<div id=\"ngg-image-73\" class=\"ngg-gallery-thumbnail-box \n\t\t\t\t\t\t\t\t\t\t\t\" \n\t\t\t>\n\t\t\t\t\t\t<div class=\"ngg-gallery-thumbnail\">\n\t\t\t<a href=\"https:\/\/www.comitenervo.fr\/wp-content\/gallery\/20121216_marche-de-noel-a-reims\/20121216_marche_noel_reims_74.jpg\"\n\t\t\t\ttitle=\"\"\n\t\t\t\tdata-src=\"https:\/\/www.comitenervo.fr\/wp-content\/gallery\/20121216_marche-de-noel-a-reims\/20121216_marche_noel_reims_74.jpg\"\n\t\t\t\tdata-thumbnail=\"https:\/\/www.comitenervo.fr\/wp-content\/gallery\/20121216_marche-de-noel-a-reims\/thumbs\/thumbs_20121216_marche_noel_reims_74.jpg\"\n\t\t\t\tdata-image-id=\"1203\"\n\t\t\t\tdata-title=\"20121216_marche_noel_reims_74\"\n\t\t\t\tdata-description=\"\"\n\t\t\t\tdata-image-slug=\"20121216_marche_noel_reims_74\"\n\t\t\t\tclass=\"ngg-fancybox\" rel=\"12e84fef577ee6bb8e268150d37d4a86\">\n\t\t\t\t<img\n\t\t\t\t\ttitle=\"20121216_marche_noel_reims_74\"\n\t\t\t\t\talt=\"20121216_marche_noel_reims_74\"\n\t\t\t\t\tsrc=\"https:\/\/www.comitenervo.fr\/wp-content\/gallery\/20121216_marche-de-noel-a-reims\/thumbs\/thumbs_20121216_marche_noel_reims_74.jpg\"\n\t\t\t\t\twidth=\"100\"\n\t\t\t\t\theight=\"75\"\n\t\t\t\t\tstyle=\"max-width:100%;\"\n\t\t\t\t\/>\n\t\t\t<\/a>\n\t\t<\/div>\n\t\t\t\t\t\t\t<\/div> \n\t\t\t\n\t\t\t\t<div id=\"ngg-image-74\" class=\"ngg-gallery-thumbnail-box \n\t\t\t\t\t\t\t\t\t\t\t\" \n\t\t\t>\n\t\t\t\t\t\t<div class=\"ngg-gallery-thumbnail\">\n\t\t\t<a href=\"https:\/\/www.comitenervo.fr\/wp-content\/gallery\/20121216_marche-de-noel-a-reims\/20121216_marche_noel_reims_75.jpg\"\n\t\t\t\ttitle=\"\"\n\t\t\t\tdata-src=\"https:\/\/www.comitenervo.fr\/wp-content\/gallery\/20121216_marche-de-noel-a-reims\/20121216_marche_noel_reims_75.jpg\"\n\t\t\t\tdata-thumbnail=\"https:\/\/www.comitenervo.fr\/wp-content\/gallery\/20121216_marche-de-noel-a-reims\/thumbs\/thumbs_20121216_marche_noel_reims_75.jpg\"\n\t\t\t\tdata-image-id=\"1204\"\n\t\t\t\tdata-title=\"20121216_marche_noel_reims_75\"\n\t\t\t\tdata-description=\"\"\n\t\t\t\tdata-image-slug=\"20121216_marche_noel_reims_75\"\n\t\t\t\tclass=\"ngg-fancybox\" rel=\"12e84fef577ee6bb8e268150d37d4a86\">\n\t\t\t\t<img\n\t\t\t\t\ttitle=\"20121216_marche_noel_reims_75\"\n\t\t\t\t\talt=\"20121216_marche_noel_reims_75\"\n\t\t\t\t\tsrc=\"https:\/\/www.comitenervo.fr\/wp-content\/gallery\/20121216_marche-de-noel-a-reims\/thumbs\/thumbs_20121216_marche_noel_reims_75.jpg\"\n\t\t\t\t\twidth=\"100\"\n\t\t\t\t\theight=\"75\"\n\t\t\t\t\tstyle=\"max-width:100%;\"\n\t\t\t\t\/>\n\t\t\t<\/a>\n\t\t<\/div>\n\t\t\t\t\t\t\t<\/div> \n\t\t\t\n\t\t\t\t<div id=\"ngg-image-75\" class=\"ngg-gallery-thumbnail-box \n\t\t\t\t\t\t\t\t\t\t\t\" \n\t\t\t>\n\t\t\t\t\t\t<div class=\"ngg-gallery-thumbnail\">\n\t\t\t<a href=\"https:\/\/www.comitenervo.fr\/wp-content\/gallery\/20121216_marche-de-noel-a-reims\/20121216_marche_noel_reims_76.jpg\"\n\t\t\t\ttitle=\"\"\n\t\t\t\tdata-src=\"https:\/\/www.comitenervo.fr\/wp-content\/gallery\/20121216_marche-de-noel-a-reims\/20121216_marche_noel_reims_76.jpg\"\n\t\t\t\tdata-thumbnail=\"https:\/\/www.comitenervo.fr\/wp-content\/gallery\/20121216_marche-de-noel-a-reims\/thumbs\/thumbs_20121216_marche_noel_reims_76.jpg\"\n\t\t\t\tdata-image-id=\"1205\"\n\t\t\t\tdata-title=\"20121216_marche_noel_reims_76\"\n\t\t\t\tdata-description=\"\"\n\t\t\t\tdata-image-slug=\"20121216_marche_noel_reims_76\"\n\t\t\t\tclass=\"ngg-fancybox\" rel=\"12e84fef577ee6bb8e268150d37d4a86\">\n\t\t\t\t<img\n\t\t\t\t\ttitle=\"20121216_marche_noel_reims_76\"\n\t\t\t\t\talt=\"20121216_marche_noel_reims_76\"\n\t\t\t\t\tsrc=\"https:\/\/www.comitenervo.fr\/wp-content\/gallery\/20121216_marche-de-noel-a-reims\/thumbs\/thumbs_20121216_marche_noel_reims_76.jpg\"\n\t\t\t\t\twidth=\"100\"\n\t\t\t\t\theight=\"75\"\n\t\t\t\t\tstyle=\"max-width:100%;\"\n\t\t\t\t\/>\n\t\t\t<\/a>\n\t\t<\/div>\n\t\t\t\t\t\t\t<\/div> \n\t\t\t\n\t\t\t\t<div id=\"ngg-image-76\" class=\"ngg-gallery-thumbnail-box \n\t\t\t\t\t\t\t\t\t\t\t\" \n\t\t\t>\n\t\t\t\t\t\t<div class=\"ngg-gallery-thumbnail\">\n\t\t\t<a href=\"https:\/\/www.comitenervo.fr\/wp-content\/gallery\/20121216_marche-de-noel-a-reims\/20121216_marche_noel_reims_77.jpg\"\n\t\t\t\ttitle=\"\"\n\t\t\t\tdata-src=\"https:\/\/www.comitenervo.fr\/wp-content\/gallery\/20121216_marche-de-noel-a-reims\/20121216_marche_noel_reims_77.jpg\"\n\t\t\t\tdata-thumbnail=\"https:\/\/www.comitenervo.fr\/wp-content\/gallery\/20121216_marche-de-noel-a-reims\/thumbs\/thumbs_20121216_marche_noel_reims_77.jpg\"\n\t\t\t\tdata-image-id=\"1206\"\n\t\t\t\tdata-title=\"20121216_marche_noel_reims_77\"\n\t\t\t\tdata-description=\"\"\n\t\t\t\tdata-image-slug=\"20121216_marche_noel_reims_77\"\n\t\t\t\tclass=\"ngg-fancybox\" rel=\"12e84fef577ee6bb8e268150d37d4a86\">\n\t\t\t\t<img\n\t\t\t\t\ttitle=\"20121216_marche_noel_reims_77\"\n\t\t\t\t\talt=\"20121216_marche_noel_reims_77\"\n\t\t\t\t\tsrc=\"https:\/\/www.comitenervo.fr\/wp-content\/gallery\/20121216_marche-de-noel-a-reims\/thumbs\/thumbs_20121216_marche_noel_reims_77.jpg\"\n\t\t\t\t\twidth=\"100\"\n\t\t\t\t\theight=\"75\"\n\t\t\t\t\tstyle=\"max-width:100%;\"\n\t\t\t\t\/>\n\t\t\t<\/a>\n\t\t<\/div>\n\t\t\t\t\t\t\t<\/div> \n\t\t\t\n\t\t\t\t<div id=\"ngg-image-77\" class=\"ngg-gallery-thumbnail-box \n\t\t\t\t\t\t\t\t\t\t\t\" \n\t\t\t>\n\t\t\t\t\t\t<div class=\"ngg-gallery-thumbnail\">\n\t\t\t<a href=\"https:\/\/www.comitenervo.fr\/wp-content\/gallery\/20121216_marche-de-noel-a-reims\/20121216_marche_noel_reims_78.jpg\"\n\t\t\t\ttitle=\"\"\n\t\t\t\tdata-src=\"https:\/\/www.comitenervo.fr\/wp-content\/gallery\/20121216_marche-de-noel-a-reims\/20121216_marche_noel_reims_78.jpg\"\n\t\t\t\tdata-thumbnail=\"https:\/\/www.comitenervo.fr\/wp-content\/gallery\/20121216_marche-de-noel-a-reims\/thumbs\/thumbs_20121216_marche_noel_reims_78.jpg\"\n\t\t\t\tdata-image-id=\"1207\"\n\t\t\t\tdata-title=\"20121216_marche_noel_reims_78\"\n\t\t\t\tdata-description=\"\"\n\t\t\t\tdata-image-slug=\"20121216_marche_noel_reims_78\"\n\t\t\t\tclass=\"ngg-fancybox\" rel=\"12e84fef577ee6bb8e268150d37d4a86\">\n\t\t\t\t<img\n\t\t\t\t\ttitle=\"20121216_marche_noel_reims_78\"\n\t\t\t\t\talt=\"20121216_marche_noel_reims_78\"\n\t\t\t\t\tsrc=\"https:\/\/www.comitenervo.fr\/wp-content\/gallery\/20121216_marche-de-noel-a-reims\/thumbs\/thumbs_20121216_marche_noel_reims_78.jpg\"\n\t\t\t\t\twidth=\"100\"\n\t\t\t\t\theight=\"75\"\n\t\t\t\t\tstyle=\"max-width:100%;\"\n\t\t\t\t\/>\n\t\t\t<\/a>\n\t\t<\/div>\n\t\t\t\t\t\t\t<\/div> \n\t\t\t\n\t\t\t\t<div id=\"ngg-image-78\" class=\"ngg-gallery-thumbnail-box \n\t\t\t\t\t\t\t\t\t\t\t\" \n\t\t\t>\n\t\t\t\t\t\t<div class=\"ngg-gallery-thumbnail\">\n\t\t\t<a href=\"https:\/\/www.comitenervo.fr\/wp-content\/gallery\/20121216_marche-de-noel-a-reims\/20121216_marche_noel_reims_79.jpg\"\n\t\t\t\ttitle=\"\"\n\t\t\t\tdata-src=\"https:\/\/www.comitenervo.fr\/wp-content\/gallery\/20121216_marche-de-noel-a-reims\/20121216_marche_noel_reims_79.jpg\"\n\t\t\t\tdata-thumbnail=\"https:\/\/www.comitenervo.fr\/wp-content\/gallery\/20121216_marche-de-noel-a-reims\/thumbs\/thumbs_20121216_marche_noel_reims_79.jpg\"\n\t\t\t\tdata-image-id=\"1208\"\n\t\t\t\tdata-title=\"20121216_marche_noel_reims_79\"\n\t\t\t\tdata-description=\"\"\n\t\t\t\tdata-image-slug=\"20121216_marche_noel_reims_79\"\n\t\t\t\tclass=\"ngg-fancybox\" rel=\"12e84fef577ee6bb8e268150d37d4a86\">\n\t\t\t\t<img\n\t\t\t\t\ttitle=\"20121216_marche_noel_reims_79\"\n\t\t\t\t\talt=\"20121216_marche_noel_reims_79\"\n\t\t\t\t\tsrc=\"https:\/\/www.comitenervo.fr\/wp-content\/gallery\/20121216_marche-de-noel-a-reims\/thumbs\/thumbs_20121216_marche_noel_reims_79.jpg\"\n\t\t\t\t\twidth=\"100\"\n\t\t\t\t\theight=\"75\"\n\t\t\t\t\tstyle=\"max-width:100%;\"\n\t\t\t\t\/>\n\t\t\t<\/a>\n\t\t<\/div>\n\t\t\t\t\t\t\t<\/div> \n\t\t\t\n\t\t\t\t<div id=\"ngg-image-79\" class=\"ngg-gallery-thumbnail-box \n\t\t\t\t\t\t\t\t\t\t\t\" \n\t\t\t>\n\t\t\t\t\t\t<div class=\"ngg-gallery-thumbnail\">\n\t\t\t<a href=\"https:\/\/www.comitenervo.fr\/wp-content\/gallery\/20121216_marche-de-noel-a-reims\/20121216_marche_noel_reims_80.jpg\"\n\t\t\t\ttitle=\"\"\n\t\t\t\tdata-src=\"https:\/\/www.comitenervo.fr\/wp-content\/gallery\/20121216_marche-de-noel-a-reims\/20121216_marche_noel_reims_80.jpg\"\n\t\t\t\tdata-thumbnail=\"https:\/\/www.comitenervo.fr\/wp-content\/gallery\/20121216_marche-de-noel-a-reims\/thumbs\/thumbs_20121216_marche_noel_reims_80.jpg\"\n\t\t\t\tdata-image-id=\"1209\"\n\t\t\t\tdata-title=\"20121216_marche_noel_reims_80\"\n\t\t\t\tdata-description=\"\"\n\t\t\t\tdata-image-slug=\"20121216_marche_noel_reims_80\"\n\t\t\t\tclass=\"ngg-fancybox\" rel=\"12e84fef577ee6bb8e268150d37d4a86\">\n\t\t\t\t<img\n\t\t\t\t\ttitle=\"20121216_marche_noel_reims_80\"\n\t\t\t\t\talt=\"20121216_marche_noel_reims_80\"\n\t\t\t\t\tsrc=\"https:\/\/www.comitenervo.fr\/wp-content\/gallery\/20121216_marche-de-noel-a-reims\/thumbs\/thumbs_20121216_marche_noel_reims_80.jpg\"\n\t\t\t\t\twidth=\"100\"\n\t\t\t\t\theight=\"75\"\n\t\t\t\t\tstyle=\"max-width:100%;\"\n\t\t\t\t\/>\n\t\t\t<\/a>\n\t\t<\/div>\n\t\t\t\t\t\t\t<\/div> \n\t\t\t\n\t\t\t\t<div id=\"ngg-image-80\" class=\"ngg-gallery-thumbnail-box \n\t\t\t\t\t\t\t\t\t\t\t\" \n\t\t\t>\n\t\t\t\t\t\t<div class=\"ngg-gallery-thumbnail\">\n\t\t\t<a href=\"https:\/\/www.comitenervo.fr\/wp-content\/gallery\/20121216_marche-de-noel-a-reims\/20121216_marche_noel_reims_81.jpg\"\n\t\t\t\ttitle=\"\"\n\t\t\t\tdata-src=\"https:\/\/www.comitenervo.fr\/wp-content\/gallery\/20121216_marche-de-noel-a-reims\/20121216_marche_noel_reims_81.jpg\"\n\t\t\t\tdata-thumbnail=\"https:\/\/www.comitenervo.fr\/wp-content\/gallery\/20121216_marche-de-noel-a-reims\/thumbs\/thumbs_20121216_marche_noel_reims_81.jpg\"\n\t\t\t\tdata-image-id=\"1210\"\n\t\t\t\tdata-title=\"20121216_marche_noel_reims_81\"\n\t\t\t\tdata-description=\"\"\n\t\t\t\tdata-image-slug=\"20121216_marche_noel_reims_81\"\n\t\t\t\tclass=\"ngg-fancybox\" rel=\"12e84fef577ee6bb8e268150d37d4a86\">\n\t\t\t\t<img\n\t\t\t\t\ttitle=\"20121216_marche_noel_reims_81\"\n\t\t\t\t\talt=\"20121216_marche_noel_reims_81\"\n\t\t\t\t\tsrc=\"https:\/\/www.comitenervo.fr\/wp-content\/gallery\/20121216_marche-de-noel-a-reims\/thumbs\/thumbs_20121216_marche_noel_reims_81.jpg\"\n\t\t\t\t\twidth=\"100\"\n\t\t\t\t\theight=\"75\"\n\t\t\t\t\tstyle=\"max-width:100%;\"\n\t\t\t\t\/>\n\t\t\t<\/a>\n\t\t<\/div>\n\t\t\t\t\t\t\t<\/div> \n\t\t\t\n\t\t\t\t<div id=\"ngg-image-81\" class=\"ngg-gallery-thumbnail-box \n\t\t\t\t\t\t\t\t\t\t\t\" \n\t\t\t>\n\t\t\t\t\t\t<div class=\"ngg-gallery-thumbnail\">\n\t\t\t<a href=\"https:\/\/www.comitenervo.fr\/wp-content\/gallery\/20121216_marche-de-noel-a-reims\/20121216_marche_noel_reims_82.jpg\"\n\t\t\t\ttitle=\"\"\n\t\t\t\tdata-src=\"https:\/\/www.comitenervo.fr\/wp-content\/gallery\/20121216_marche-de-noel-a-reims\/20121216_marche_noel_reims_82.jpg\"\n\t\t\t\tdata-thumbnail=\"https:\/\/www.comitenervo.fr\/wp-content\/gallery\/20121216_marche-de-noel-a-reims\/thumbs\/thumbs_20121216_marche_noel_reims_82.jpg\"\n\t\t\t\tdata-image-id=\"1211\"\n\t\t\t\tdata-title=\"20121216_marche_noel_reims_82\"\n\t\t\t\tdata-description=\"\"\n\t\t\t\tdata-image-slug=\"20121216_marche_noel_reims_82\"\n\t\t\t\tclass=\"ngg-fancybox\" rel=\"12e84fef577ee6bb8e268150d37d4a86\">\n\t\t\t\t<img\n\t\t\t\t\ttitle=\"20121216_marche_noel_reims_82\"\n\t\t\t\t\talt=\"20121216_marche_noel_reims_82\"\n\t\t\t\t\tsrc=\"https:\/\/www.comitenervo.fr\/wp-content\/gallery\/20121216_marche-de-noel-a-reims\/thumbs\/thumbs_20121216_marche_noel_reims_82.jpg\"\n\t\t\t\t\twidth=\"100\"\n\t\t\t\t\theight=\"75\"\n\t\t\t\t\tstyle=\"max-width:100%;\"\n\t\t\t\t\/>\n\t\t\t<\/a>\n\t\t<\/div>\n\t\t\t\t\t\t\t<\/div> \n\t\t\t\n\t\t\t\t<div id=\"ngg-image-82\" class=\"ngg-gallery-thumbnail-box \n\t\t\t\t\t\t\t\t\t\t\t\" \n\t\t\t>\n\t\t\t\t\t\t<div class=\"ngg-gallery-thumbnail\">\n\t\t\t<a href=\"https:\/\/www.comitenervo.fr\/wp-content\/gallery\/20121216_marche-de-noel-a-reims\/20121216_marche_noel_reims_83.jpg\"\n\t\t\t\ttitle=\"\"\n\t\t\t\tdata-src=\"https:\/\/www.comitenervo.fr\/wp-content\/gallery\/20121216_marche-de-noel-a-reims\/20121216_marche_noel_reims_83.jpg\"\n\t\t\t\tdata-thumbnail=\"https:\/\/www.comitenervo.fr\/wp-content\/gallery\/20121216_marche-de-noel-a-reims\/thumbs\/thumbs_20121216_marche_noel_reims_83.jpg\"\n\t\t\t\tdata-image-id=\"1212\"\n\t\t\t\tdata-title=\"20121216_marche_noel_reims_83\"\n\t\t\t\tdata-description=\"\"\n\t\t\t\tdata-image-slug=\"20121216_marche_noel_reims_83\"\n\t\t\t\tclass=\"ngg-fancybox\" rel=\"12e84fef577ee6bb8e268150d37d4a86\">\n\t\t\t\t<img\n\t\t\t\t\ttitle=\"20121216_marche_noel_reims_83\"\n\t\t\t\t\talt=\"20121216_marche_noel_reims_83\"\n\t\t\t\t\tsrc=\"https:\/\/www.comitenervo.fr\/wp-content\/gallery\/20121216_marche-de-noel-a-reims\/thumbs\/thumbs_20121216_marche_noel_reims_83.jpg\"\n\t\t\t\t\twidth=\"100\"\n\t\t\t\t\theight=\"75\"\n\t\t\t\t\tstyle=\"max-width:100%;\"\n\t\t\t\t\/>\n\t\t\t<\/a>\n\t\t<\/div>\n\t\t\t\t\t\t\t<\/div> \n\t\t\t\n\t\t\t\t<div id=\"ngg-image-83\" class=\"ngg-gallery-thumbnail-box \n\t\t\t\t\t\t\t\t\t\t\t\" \n\t\t\t>\n\t\t\t\t\t\t<div class=\"ngg-gallery-thumbnail\">\n\t\t\t<a href=\"https:\/\/www.comitenervo.fr\/wp-content\/gallery\/20121216_marche-de-noel-a-reims\/20121216_marche_noel_reims_84.jpg\"\n\t\t\t\ttitle=\"\"\n\t\t\t\tdata-src=\"https:\/\/www.comitenervo.fr\/wp-content\/gallery\/20121216_marche-de-noel-a-reims\/20121216_marche_noel_reims_84.jpg\"\n\t\t\t\tdata-thumbnail=\"https:\/\/www.comitenervo.fr\/wp-content\/gallery\/20121216_marche-de-noel-a-reims\/thumbs\/thumbs_20121216_marche_noel_reims_84.jpg\"\n\t\t\t\tdata-image-id=\"1213\"\n\t\t\t\tdata-title=\"20121216_marche_noel_reims_84\"\n\t\t\t\tdata-description=\"\"\n\t\t\t\tdata-image-slug=\"20121216_marche_noel_reims_84\"\n\t\t\t\tclass=\"ngg-fancybox\" rel=\"12e84fef577ee6bb8e268150d37d4a86\">\n\t\t\t\t<img\n\t\t\t\t\ttitle=\"20121216_marche_noel_reims_84\"\n\t\t\t\t\talt=\"20121216_marche_noel_reims_84\"\n\t\t\t\t\tsrc=\"https:\/\/www.comitenervo.fr\/wp-content\/gallery\/20121216_marche-de-noel-a-reims\/thumbs\/thumbs_20121216_marche_noel_reims_84.jpg\"\n\t\t\t\t\twidth=\"100\"\n\t\t\t\t\theight=\"75\"\n\t\t\t\t\tstyle=\"max-width:100%;\"\n\t\t\t\t\/>\n\t\t\t<\/a>\n\t\t<\/div>\n\t\t\t\t\t\t\t<\/div> \n\t\t\t\n\t\t\t\t<div id=\"ngg-image-84\" class=\"ngg-gallery-thumbnail-box \n\t\t\t\t\t\t\t\t\t\t\t\" \n\t\t\t>\n\t\t\t\t\t\t<div class=\"ngg-gallery-thumbnail\">\n\t\t\t<a href=\"https:\/\/www.comitenervo.fr\/wp-content\/gallery\/20121216_marche-de-noel-a-reims\/20121216_marche_noel_reims_85.jpg\"\n\t\t\t\ttitle=\"\"\n\t\t\t\tdata-src=\"https:\/\/www.comitenervo.fr\/wp-content\/gallery\/20121216_marche-de-noel-a-reims\/20121216_marche_noel_reims_85.jpg\"\n\t\t\t\tdata-thumbnail=\"https:\/\/www.comitenervo.fr\/wp-content\/gallery\/20121216_marche-de-noel-a-reims\/thumbs\/thumbs_20121216_marche_noel_reims_85.jpg\"\n\t\t\t\tdata-image-id=\"1214\"\n\t\t\t\tdata-title=\"20121216_marche_noel_reims_85\"\n\t\t\t\tdata-description=\"\"\n\t\t\t\tdata-image-slug=\"20121216_marche_noel_reims_85\"\n\t\t\t\tclass=\"ngg-fancybox\" rel=\"12e84fef577ee6bb8e268150d37d4a86\">\n\t\t\t\t<img\n\t\t\t\t\ttitle=\"20121216_marche_noel_reims_85\"\n\t\t\t\t\talt=\"20121216_marche_noel_reims_85\"\n\t\t\t\t\tsrc=\"https:\/\/www.comitenervo.fr\/wp-content\/gallery\/20121216_marche-de-noel-a-reims\/thumbs\/thumbs_20121216_marche_noel_reims_85.jpg\"\n\t\t\t\t\twidth=\"100\"\n\t\t\t\t\theight=\"75\"\n\t\t\t\t\tstyle=\"max-width:100%;\"\n\t\t\t\t\/>\n\t\t\t<\/a>\n\t\t<\/div>\n\t\t\t\t\t\t\t<\/div> \n\t\t\t\n\t\t\t\t<div id=\"ngg-image-85\" class=\"ngg-gallery-thumbnail-box \n\t\t\t\t\t\t\t\t\t\t\t\" \n\t\t\t>\n\t\t\t\t\t\t<div class=\"ngg-gallery-thumbnail\">\n\t\t\t<a href=\"https:\/\/www.comitenervo.fr\/wp-content\/gallery\/20121216_marche-de-noel-a-reims\/20121216_marche_noel_reims_86.jpg\"\n\t\t\t\ttitle=\"\"\n\t\t\t\tdata-src=\"https:\/\/www.comitenervo.fr\/wp-content\/gallery\/20121216_marche-de-noel-a-reims\/20121216_marche_noel_reims_86.jpg\"\n\t\t\t\tdata-thumbnail=\"https:\/\/www.comitenervo.fr\/wp-content\/gallery\/20121216_marche-de-noel-a-reims\/thumbs\/thumbs_20121216_marche_noel_reims_86.jpg\"\n\t\t\t\tdata-image-id=\"1215\"\n\t\t\t\tdata-title=\"20121216_marche_noel_reims_86\"\n\t\t\t\tdata-description=\"\"\n\t\t\t\tdata-image-slug=\"20121216_marche_noel_reims_86\"\n\t\t\t\tclass=\"ngg-fancybox\" rel=\"12e84fef577ee6bb8e268150d37d4a86\">\n\t\t\t\t<img\n\t\t\t\t\ttitle=\"20121216_marche_noel_reims_86\"\n\t\t\t\t\talt=\"20121216_marche_noel_reims_86\"\n\t\t\t\t\tsrc=\"https:\/\/www.comitenervo.fr\/wp-content\/gallery\/20121216_marche-de-noel-a-reims\/thumbs\/thumbs_20121216_marche_noel_reims_86.jpg\"\n\t\t\t\t\twidth=\"100\"\n\t\t\t\t\theight=\"75\"\n\t\t\t\t\tstyle=\"max-width:100%;\"\n\t\t\t\t\/>\n\t\t\t<\/a>\n\t\t<\/div>\n\t\t\t\t\t\t\t<\/div> \n\t\t\t\n\t\t\t\t<div id=\"ngg-image-86\" class=\"ngg-gallery-thumbnail-box \n\t\t\t\t\t\t\t\t\t\t\t\" \n\t\t\t>\n\t\t\t\t\t\t<div class=\"ngg-gallery-thumbnail\">\n\t\t\t<a href=\"https:\/\/www.comitenervo.fr\/wp-content\/gallery\/20121216_marche-de-noel-a-reims\/20121216_marche_noel_reims_87.jpg\"\n\t\t\t\ttitle=\"\"\n\t\t\t\tdata-src=\"https:\/\/www.comitenervo.fr\/wp-content\/gallery\/20121216_marche-de-noel-a-reims\/20121216_marche_noel_reims_87.jpg\"\n\t\t\t\tdata-thumbnail=\"https:\/\/www.comitenervo.fr\/wp-content\/gallery\/20121216_marche-de-noel-a-reims\/thumbs\/thumbs_20121216_marche_noel_reims_87.jpg\"\n\t\t\t\tdata-image-id=\"1216\"\n\t\t\t\tdata-title=\"20121216_marche_noel_reims_87\"\n\t\t\t\tdata-description=\"\"\n\t\t\t\tdata-image-slug=\"20121216_marche_noel_reims_87\"\n\t\t\t\tclass=\"ngg-fancybox\" rel=\"12e84fef577ee6bb8e268150d37d4a86\">\n\t\t\t\t<img\n\t\t\t\t\ttitle=\"20121216_marche_noel_reims_87\"\n\t\t\t\t\talt=\"20121216_marche_noel_reims_87\"\n\t\t\t\t\tsrc=\"https:\/\/www.comitenervo.fr\/wp-content\/gallery\/20121216_marche-de-noel-a-reims\/thumbs\/thumbs_20121216_marche_noel_reims_87.jpg\"\n\t\t\t\t\twidth=\"100\"\n\t\t\t\t\theight=\"75\"\n\t\t\t\t\tstyle=\"max-width:100%;\"\n\t\t\t\t\/>\n\t\t\t<\/a>\n\t\t<\/div>\n\t\t\t\t\t\t\t<\/div> \n\t\t\t\n\t\t\t\t<div id=\"ngg-image-87\" class=\"ngg-gallery-thumbnail-box \n\t\t\t\t\t\t\t\t\t\t\t\" \n\t\t\t>\n\t\t\t\t\t\t<div class=\"ngg-gallery-thumbnail\">\n\t\t\t<a href=\"https:\/\/www.comitenervo.fr\/wp-content\/gallery\/20121216_marche-de-noel-a-reims\/20121216_marche_noel_reims_88.jpg\"\n\t\t\t\ttitle=\"\"\n\t\t\t\tdata-src=\"https:\/\/www.comitenervo.fr\/wp-content\/gallery\/20121216_marche-de-noel-a-reims\/20121216_marche_noel_reims_88.jpg\"\n\t\t\t\tdata-thumbnail=\"https:\/\/www.comitenervo.fr\/wp-content\/gallery\/20121216_marche-de-noel-a-reims\/thumbs\/thumbs_20121216_marche_noel_reims_88.jpg\"\n\t\t\t\tdata-image-id=\"1217\"\n\t\t\t\tdata-title=\"20121216_marche_noel_reims_88\"\n\t\t\t\tdata-description=\"\"\n\t\t\t\tdata-image-slug=\"20121216_marche_noel_reims_88\"\n\t\t\t\tclass=\"ngg-fancybox\" rel=\"12e84fef577ee6bb8e268150d37d4a86\">\n\t\t\t\t<img\n\t\t\t\t\ttitle=\"20121216_marche_noel_reims_88\"\n\t\t\t\t\talt=\"20121216_marche_noel_reims_88\"\n\t\t\t\t\tsrc=\"https:\/\/www.comitenervo.fr\/wp-content\/gallery\/20121216_marche-de-noel-a-reims\/thumbs\/thumbs_20121216_marche_noel_reims_88.jpg\"\n\t\t\t\t\twidth=\"100\"\n\t\t\t\t\theight=\"75\"\n\t\t\t\t\tstyle=\"max-width:100%;\"\n\t\t\t\t\/>\n\t\t\t<\/a>\n\t\t<\/div>\n\t\t\t\t\t\t\t<\/div> \n\t\t\t\n\t\t\t\t<div id=\"ngg-image-88\" class=\"ngg-gallery-thumbnail-box \n\t\t\t\t\t\t\t\t\t\t\t\" \n\t\t\t>\n\t\t\t\t\t\t<div class=\"ngg-gallery-thumbnail\">\n\t\t\t<a href=\"https:\/\/www.comitenervo.fr\/wp-content\/gallery\/20121216_marche-de-noel-a-reims\/20121216_marche_noel_reims_89.jpg\"\n\t\t\t\ttitle=\"\"\n\t\t\t\tdata-src=\"https:\/\/www.comitenervo.fr\/wp-content\/gallery\/20121216_marche-de-noel-a-reims\/20121216_marche_noel_reims_89.jpg\"\n\t\t\t\tdata-thumbnail=\"https:\/\/www.comitenervo.fr\/wp-content\/gallery\/20121216_marche-de-noel-a-reims\/thumbs\/thumbs_20121216_marche_noel_reims_89.jpg\"\n\t\t\t\tdata-image-id=\"1218\"\n\t\t\t\tdata-title=\"20121216_marche_noel_reims_89\"\n\t\t\t\tdata-description=\"\"\n\t\t\t\tdata-image-slug=\"20121216_marche_noel_reims_89\"\n\t\t\t\tclass=\"ngg-fancybox\" rel=\"12e84fef577ee6bb8e268150d37d4a86\">\n\t\t\t\t<img\n\t\t\t\t\ttitle=\"20121216_marche_noel_reims_89\"\n\t\t\t\t\talt=\"20121216_marche_noel_reims_89\"\n\t\t\t\t\tsrc=\"https:\/\/www.comitenervo.fr\/wp-content\/gallery\/20121216_marche-de-noel-a-reims\/thumbs\/thumbs_20121216_marche_noel_reims_89.jpg\"\n\t\t\t\t\twidth=\"100\"\n\t\t\t\t\theight=\"75\"\n\t\t\t\t\tstyle=\"max-width:100%;\"\n\t\t\t\t\/>\n\t\t\t<\/a>\n\t\t<\/div>\n\t\t\t\t\t\t\t<\/div> \n\t\t\t\n\t\t\t\t<div id=\"ngg-image-89\" class=\"ngg-gallery-thumbnail-box \n\t\t\t\t\t\t\t\t\t\t\t\" \n\t\t\t>\n\t\t\t\t\t\t<div class=\"ngg-gallery-thumbnail\">\n\t\t\t<a href=\"https:\/\/www.comitenervo.fr\/wp-content\/gallery\/20121216_marche-de-noel-a-reims\/20121216_marche_noel_reims_90.jpg\"\n\t\t\t\ttitle=\"\"\n\t\t\t\tdata-src=\"https:\/\/www.comitenervo.fr\/wp-content\/gallery\/20121216_marche-de-noel-a-reims\/20121216_marche_noel_reims_90.jpg\"\n\t\t\t\tdata-thumbnail=\"https:\/\/www.comitenervo.fr\/wp-content\/gallery\/20121216_marche-de-noel-a-reims\/thumbs\/thumbs_20121216_marche_noel_reims_90.jpg\"\n\t\t\t\tdata-image-id=\"1219\"\n\t\t\t\tdata-title=\"20121216_marche_noel_reims_90\"\n\t\t\t\tdata-description=\"\"\n\t\t\t\tdata-image-slug=\"20121216_marche_noel_reims_90\"\n\t\t\t\tclass=\"ngg-fancybox\" rel=\"12e84fef577ee6bb8e268150d37d4a86\">\n\t\t\t\t<img\n\t\t\t\t\ttitle=\"20121216_marche_noel_reims_90\"\n\t\t\t\t\talt=\"20121216_marche_noel_reims_90\"\n\t\t\t\t\tsrc=\"https:\/\/www.comitenervo.fr\/wp-content\/gallery\/20121216_marche-de-noel-a-reims\/thumbs\/thumbs_20121216_marche_noel_reims_90.jpg\"\n\t\t\t\t\twidth=\"100\"\n\t\t\t\t\theight=\"75\"\n\t\t\t\t\tstyle=\"max-width:100%;\"\n\t\t\t\t\/>\n\t\t\t<\/a>\n\t\t<\/div>\n\t\t\t\t\t\t\t<\/div> \n\t\t\t\n\t\n\t<br style=\"clear: both\" \/>\n\n\t\n\t\t<div class=\"ngg-clear\"><\/div>\n\t<\/div>\n\n","protected":false},"excerpt":{"rendered":"<p>&nbsp;<\/p>\n","protected":false},"author":1,"featured_media":0,"parent":559,"menu_order":8,"comment_status":"open","ping_status":"open","template":"","meta":{"_monsterinsights_skip_tracking":false,"_monsterinsights_sitenote_active":false,"_monsterinsights_sitenote_note":"","_monsterinsights_sitenote_category":0,"ngg_post_thumbnail":0,"footnotes":""},"class_list":["post-1080","page","type-page","status-publish","hentry"],"_links":{"self":[{"href":"https:\/\/www.comitenervo.fr\/index.php?rest_route=\/wp\/v2\/pages\/1080","targetHints":{"allow":["GET"]}}],"collection":[{"href":"https:\/\/www.comitenervo.fr\/index.php?rest_route=\/wp\/v2\/pages"}],"about":[{"href":"https:\/\/www.comitenervo.fr\/index.php?rest_route=\/wp\/v2\/types\/page"}],"author":[{"embeddable":true,"href":"https:\/\/www.comitenervo.fr\/index.php?rest_route=\/wp\/v2\/users\/1"}],"replies":[{"embeddable":true,"href":"https:\/\/www.comitenervo.fr\/index.php?rest_route=%2Fwp%2Fv2%2Fcomments&post=1080"}],"version-history":[{"count":3,"href":"https:\/\/www.comitenervo.fr\/index.php?rest_route=\/wp\/v2\/pages\/1080\/revisions"}],"predecessor-version":[{"id":1116,"href":"https:\/\/www.comitenervo.fr\/index.php?rest_route=\/wp\/v2\/pages\/1080\/revisions\/1116"}],"up":[{"embeddable":true,"href":"https:\/\/www.comitenervo.fr\/index.php?rest_route=\/wp\/v2\/pages\/559"}],"wp:attachment":[{"href":"https:\/\/www.comitenervo.fr\/index.php?rest_route=%2Fwp%2Fv2%2Fmedia&parent=1080"}],"curies":[{"name":"wp","href":"https:\/\/api.w.org\/{rel}","templated":true}]}}